{"id":2326,"date":"2019-01-01T13:49:26","date_gmt":"2019-01-01T11:49:26","guid":{"rendered":"https:\/\/bekkalokket.no\/?page_id=2326"},"modified":"2026-01-25T14:35:32","modified_gmt":"2026-01-25T12:35:32","slug":"hederstegn-i-bekkalokket-fotoklubb","status":"publish","type":"page","link":"https:\/\/bekkalokket.no\/index.php\/om-klubben\/hederstegn\/hederstegn-i-bekkalokket-fotoklubb\/","title":{"rendered":"Hederstegn og utmerkelser i Bekkalokket Fotoklubb"},"content":{"rendered":"\n<p>Hederstegn og utmerkelser i Bekkalokket Fotoklubb gis til klubbmedlemmer for fotografisk virksomhet og\/eller administrativt arbeid. <\/p>\n\n\n\n<p>Hederstegn og utmerkelser blir tildelt \u00e5rlig.<\/p>\n\n\n\n<p><em>Oppdatert 23.01.2026<\/em><\/p>\n\n\n\n<p>&nbsp;<\/p>\n\n\n\n<figure class=\"wp-block-table aligncenter is-style-regular\"><table><tbody><tr><td>\n<h2 style=\"text-align: left;\">\u00c6resmedlemer<\/h2>\n<\/td><td><img loading=\"lazy\" decoding=\"async\" class=\"size-full wp-image-2352 alignleft\" src=\"https:\/\/bekkalokket.no\/wp-content\/uploads\/2019\/01\/13827ebc.png\" alt=\"\" width=\"100\" height=\"197\"><img loading=\"lazy\" decoding=\"async\" class=\"wp-image-2332 size-full alignleft\" src=\"https:\/\/bekkalokket.no\/wp-content\/uploads\/2019\/01\/aeresmedlem_bfk.gif\" alt=\"\u00c6resmedlem Bekkalokket Fotoklubb\" width=\"80\" height=\"80\"><\/td><\/tr><tr><td>2002<\/td><td>Roald Synnev\u00e5g<\/td><\/tr><tr><td>2002<\/td><td>Tor Henning Olsen<\/td><\/tr><tr><td>2007<\/td><td>Jan Standal<\/td><\/tr><tr><td>2012<\/td><td>Terje Bergesen<\/td><\/tr><tr><td>2017<\/td><td>Terje \u00d8en<\/td><\/tr><tr><td>2017<\/td><td>Tom Jarane<\/td><\/tr><tr><td>2022<\/td><td>Annie Elisabeth Bj\u00f8rklund<\/td><\/tr><tr><td>2022<\/td><td>Kari Mikalsen<\/td><\/tr><\/tbody><\/table><\/figure>\n\n\n\n<h2 class=\"wp-block-heading has-text-align-center\">Administrative hederstegn<\/h2>\n\n\n\n<figure class=\"wp-block-table\"><table class=\"has-fixed-layout\"><tbody><tr><td><\/td><td><img loading=\"lazy\" decoding=\"async\" width=\"80\" height=\"80\" class=\"aligncenter size-full wp-image-2329\" src=\"https:\/\/bekkalokket.no\/wp-content\/uploads\/2019\/01\/adm_bronse.gif\" alt=\"\"><br>Bronse 50 poeng<\/td><td><img loading=\"lazy\" decoding=\"async\" width=\"80\" height=\"80\" class=\"size-full wp-image-2331 alignnone\" src=\"https:\/\/bekkalokket.no\/wp-content\/uploads\/2019\/01\/adm_solv.gif\" alt=\"\"><br>S\u00f8lv 100 poeng<\/td><td><img loading=\"lazy\" decoding=\"async\" width=\"80\" height=\"80\" class=\"size-full wp-image-2330 alignnone\" src=\"https:\/\/bekkalokket.no\/wp-content\/uploads\/2019\/01\/adm_gull.gif\" alt=\"\"><br>Gull 200 poeng<\/td><td><img loading=\"lazy\" decoding=\"async\" width=\"80\" height=\"80\" class=\"wp-image-2332 size-full alignnone\" src=\"https:\/\/bekkalokket.no\/wp-content\/uploads\/2019\/01\/aeresmedlem_bfk.gif\" alt=\"\u00c6resmedlem Bekkalokket Fotoklubb\"><br>\u00c6resmedlem<\/td><\/tr><tr><td>Roald Synnev\u00e5g<\/td><td>2006<\/td><td>2006<\/td><td>2006<\/td><td>2002<\/td><\/tr><tr><td>Tor Henning Olsen<\/td><td>2006<\/td><td>2006<\/td><td>2006<\/td><td>2002<\/td><\/tr><tr><td>Jan Standal<\/td><td>2006<\/td><td>2006<\/td><td>2006<\/td><td>2007<\/td><\/tr><tr><td>Terje Bergesen<\/td><td>2006<\/td><td>2006<\/td><td>2006<\/td><td>2012<\/td><\/tr><tr><td>Terje \u00d8en<\/td><td>2006<\/td><td>2006<\/td><td>2011<\/td><td>2017<\/td><\/tr><tr><td>Tom Jarane<\/td><td>2007<\/td><td>2008<\/td><td>2011<\/td><td>2017<\/td><\/tr><tr><td>Kari Mikalsen<\/td><td>2006<\/td><td>2006<\/td><td>2006<\/td><td>2022<\/td><\/tr><tr><td>Annie Elisabeth Bj\u00f8rklund<\/td><td>2006<\/td><td>2006<\/td><td>2019<\/td><td>2022<\/td><\/tr><tr><td>Rolf Morten Olsen<\/td><td>2006<\/td><td>2006<\/td><td>2013<\/td><td><\/td><\/tr><tr><td>Unni Brekke<\/td><td>2006<\/td><td>2007<\/td><td>2014<\/td><td><\/td><\/tr><tr><td>Halvor Larsen<\/td><td>2009<\/td><td>2010<\/td><td>2014<\/td><td><\/td><\/tr><tr><td>Marit Oset Fagerheim<\/td><td>2015<\/td><td>2018<\/td><td>2022<\/td><td><\/td><\/tr><tr><td>Arne Bergo<\/td><td>2006<\/td><td>2019<\/td><td>2024<\/td><td><\/td><\/tr><tr><td>Oddhild Lien<\/td><td>2006<\/td><td>2019<\/td><td>2025<\/td><td><\/td><\/tr><tr><td>Endre M. Lidal<\/td><td>2020<\/td><td>2022<\/td><td>2025<\/td><td><\/td><\/tr><tr><td>Knut Dalen<\/td><td>2006<\/td><td>2006<\/td><td><\/td><td><\/td><\/tr><tr><td>Paul Lossius<\/td><td>2006<\/td><td>2006<\/td><td><\/td><td><\/td><\/tr><tr><td>Rune Fj\u00e6reide<\/td><td>2006<\/td><td>2006<\/td><td><\/td><td><\/td><\/tr><tr><td>Torbj\u00f8rn Helgesen<\/td><td>2006<\/td><td>2009<\/td><td><\/td><td><\/td><\/tr><tr><td>Kari Bernardini<\/td><td>2011<\/td><td>2012<\/td><td><\/td><td><\/td><\/tr><tr><td>Torstein Kleivdal<\/td><td>2010<\/td><td>2013<\/td><td><\/td><td><\/td><\/tr><tr><td>Kenneth Rivenes<\/td><td>2013<\/td><td>2016<\/td><td><\/td><td><\/td><\/tr><tr><td>Bente Nedreb\u00f8<\/td><td>2014<\/td><td>2018<\/td><td><\/td><td><\/td><\/tr><tr><td>Janne Lie<\/td><td>2014<\/td><td>2020<\/td><td><\/td><td><\/td><\/tr><tr><td>Jim Hansen<\/td><td>2016<\/td><td>2020<\/td><td><\/td><td><\/td><\/tr><tr><td>John Vint<\/td><td>2019<\/td><td>2022<\/td><td><\/td><td><\/td><\/tr><tr><td>Inge Solfjell<\/td><td>2020<\/td><td>2022<\/td><td><\/td><td><\/td><\/tr><tr><td>Audun Nygaard<\/td><td>2016<\/td><td>2023<\/td><td><\/td><td><\/td><\/tr><tr><td>Eva Virkesdal Eidsheim<\/td><td>2021<\/td><td>2024<\/td><td><\/td><td><\/td><\/tr><tr><td>Espen Lossius<\/td><td>2020<\/td><td>2025<\/td><td><\/td><td><\/td><\/tr><tr><td>Jonny Jacobsen<\/td><td>2006<\/td><td><\/td><td><\/td><td><\/td><\/tr><tr><td>Lars Kalternborn<\/td><td>2006<\/td><td><\/td><td><\/td><td><\/td><\/tr><tr><td>Rolf Rose Jensen<\/td><td>2006<\/td><td><\/td><td><\/td><td><\/td><\/tr><tr><td>Anita Holmedal<\/td><td>2008<\/td><td><\/td><td><\/td><td><\/td><\/tr><tr><td>Marianne Fageraas<\/td><td>2011<\/td><td><\/td><td><\/td><td><\/td><\/tr><tr><td>Jannice B\u00e5rtvedt<\/td><td>2012<\/td><td><\/td><td><\/td><td><\/td><\/tr><tr><td>Magne Haveraaen<\/td><td>2012<\/td><td><\/td><td><\/td><td><\/td><\/tr><tr><td>Ove Kalgraff<\/td><td>2012<\/td><td><\/td><td><\/td><td><\/td><\/tr><tr><td>Svein Skj\u00f8tskift<\/td><td>2013<\/td><td><\/td><td><\/td><td><\/td><\/tr><tr><td>Fr\u00e9d\u00e9ric Verhelst<\/td><td>2015<\/td><td><\/td><td><\/td><td><\/td><\/tr><tr><td>Rune Eide<\/td><td>2018<\/td><td><\/td><td><\/td><td><\/td><\/tr><tr><td>Astrid Bergo<\/td><td>2019<\/td><td><\/td><td><\/td><td><\/td><\/tr><tr><td>Eli S\u00f8rensen<\/td><td>2020<\/td><td><\/td><td><\/td><td><\/td><\/tr><tr><td>Torunn Bj\u00f8reid<\/td><td>2020<\/td><td><\/td><td><\/td><td><\/td><\/tr><tr><td>Kirsten Boye S\u00e6tre<\/td><td>2021<\/td><td><\/td><td><\/td><td><\/td><\/tr><tr><td>Anders Fotland<\/td><td>2022<\/td><td><\/td><td><\/td><td><\/td><\/tr><tr><td>Tommy Rong<\/td><td>2022<\/td><td><\/td><td><\/td><td><\/td><\/tr><tr><td>Arne Skinlo<\/td><td>2023<\/td><td><\/td><td><\/td><td><\/td><\/tr><tr><td>Honoria Bjerknes Hamre<\/td><td>2023<\/td><td><\/td><td><\/td><td><\/td><\/tr><tr><td>P\u00e5l Fagerheim<\/td><td>2024<\/td><td><\/td><td><\/td><td><\/td><\/tr><tr><td>Dag Magne Ulvang<\/td><td>2025<\/td><td><\/td><td><\/td><td><\/td><\/tr><tr><td>Lars Sveen<\/td><td>2025<\/td><td><\/td><td><\/td><td><\/td><\/tr><tr><td>Morten Tellefsen<\/td><td>2025<\/td><td><\/td><td><\/td><td><\/td><\/tr><\/tbody><\/table><\/figure>\n\n\n\n<h2 class=\"wp-block-heading has-text-align-center\" id=\"plaketter\"><strong>Plaketter<\/strong><\/h2>\n\n\n\n<p class=\"has-text-align-center\">Plakettene f\u00e5r man for oppn\u00e5dde poeng etter f\u00f8lgende regler, <a href=\"https:\/\/bekkalokket.no\/index.php\/om-klubben\/hederstegn\/hederstegn-i-bekkalokket-fotoklubb\/\">SE HER<\/a><\/p>\n\n\n\n<figure class=\"wp-block-table aligncenter is-style-regular\"><table><tbody><tr><td>&nbsp;<\/td><td><img loading=\"lazy\" decoding=\"async\" class=\"wp-image-2349 size-medium alignnone\" src=\"https:\/\/bekkalokket.no\/wp-content\/uploads\/2019\/01\/m19865d9d-190x300.jpg\" alt=\"\" width=\"190\" height=\"300\" srcset=\"https:\/\/bekkalokket.no\/wp-content\/uploads\/2019\/01\/m19865d9d-190x300.jpg 190w, https:\/\/bekkalokket.no\/wp-content\/uploads\/2019\/01\/m19865d9d.jpg 253w\" sizes=\"auto, (max-width: 190px) 100vw, 190px\" \/><\/td><td><img loading=\"lazy\" decoding=\"async\" class=\"size-medium wp-image-2344 alignnone\" src=\"https:\/\/bekkalokket.no\/wp-content\/uploads\/2019\/01\/m4cd1077c-189x300.jpg\" alt=\"\" width=\"189\" height=\"300\" srcset=\"https:\/\/bekkalokket.no\/wp-content\/uploads\/2019\/01\/m4cd1077c-189x300.jpg 189w, https:\/\/bekkalokket.no\/wp-content\/uploads\/2019\/01\/m4cd1077c.jpg 252w\" sizes=\"auto, (max-width: 189px) 100vw, 189px\" \/><\/td><td><img loading=\"lazy\" decoding=\"async\" class=\"size-medium wp-image-2351 alignnone\" src=\"https:\/\/bekkalokket.no\/wp-content\/uploads\/2019\/01\/mb05d8f2-191x300.jpg\" alt=\"\" width=\"191\" height=\"300\" srcset=\"https:\/\/bekkalokket.no\/wp-content\/uploads\/2019\/01\/mb05d8f2-191x300.jpg 191w, https:\/\/bekkalokket.no\/wp-content\/uploads\/2019\/01\/mb05d8f2.jpg 255w\" sizes=\"auto, (max-width: 191px) 100vw, 191px\" \/><\/td><td><img loading=\"lazy\" decoding=\"async\" class=\"size-medium wp-image-2345 alignnone\" src=\"https:\/\/bekkalokket.no\/wp-content\/uploads\/2019\/01\/m6f8282ea-189x300.jpg\" alt=\"\" width=\"189\" height=\"300\" srcset=\"https:\/\/bekkalokket.no\/wp-content\/uploads\/2019\/01\/m6f8282ea-189x300.jpg 189w, https:\/\/bekkalokket.no\/wp-content\/uploads\/2019\/01\/m6f8282ea.jpg 190w\" sizes=\"auto, (max-width: 189px) 100vw, 189px\" \/><\/td><td><img loading=\"lazy\" decoding=\"async\" class=\"aligncenter size-medium wp-image-2334\" src=\"https:\/\/bekkalokket.no\/wp-content\/uploads\/2019\/01\/4dad4e44-189x300.jpg\" alt=\"\" width=\"189\" height=\"300\" srcset=\"https:\/\/bekkalokket.no\/wp-content\/uploads\/2019\/01\/4dad4e44-189x300.jpg 189w, https:\/\/bekkalokket.no\/wp-content\/uploads\/2019\/01\/4dad4e44.jpg 190w\" sizes=\"auto, (max-width: 189px) 100vw, 189px\" \/><\/td><td><img loading=\"lazy\" decoding=\"async\" class=\"aligncenter size-medium wp-image-2343\" src=\"https:\/\/bekkalokket.no\/wp-content\/uploads\/2019\/01\/gullmedeik-189x300.jpg\" alt=\"\" width=\"189\" height=\"300\" srcset=\"https:\/\/bekkalokket.no\/wp-content\/uploads\/2019\/01\/gullmedeik-189x300.jpg 189w, https:\/\/bekkalokket.no\/wp-content\/uploads\/2019\/01\/gullmedeik.jpg 190w\" sizes=\"auto, (max-width: 189px) 100vw, 189px\" \/><\/td><\/tr><tr><td><strong>Navn<\/strong><\/td><td><strong>Bronse<\/strong><br><strong>50 poeng<\/strong><\/td><td><strong>S\u00f8lv<\/strong><br><strong>100 poeng<\/strong><\/td><td><strong>Gull<\/strong><br><strong>200 Poeng<\/strong><\/td><td><strong>Bronse m\/eikel\u00f8v<\/strong><br><strong>400 poeng<\/strong><\/td><td><strong>S\u00f8lv m\/eikel\u00f8v<\/strong><br><strong>700 poeng<\/strong><\/td><td><strong>Gull m\/eikel\u00f8v<\/strong><br><strong>1000 poeng<\/strong><\/td><\/tr><tr><td>Roald Synnev\u00e5g<\/td><td>2005<\/td><td>2005<\/td><td>2005<\/td><td>2005<\/td><td>2005<\/td><td>2011<\/td><\/tr><tr><td>Audun Nygaard<\/td><td>2010<\/td><td>2011<\/td><td>2012<\/td><td>2015<\/td><td>2019<\/td><td>2025<\/td><\/tr><tr><td>Tor Henning Olsen<\/td><td>2005<\/td><td>2005<\/td><td>2005<\/td><td>2005<\/td><td>2011<\/td><td>&nbsp;<\/td><\/tr><tr><td>Kari Mikalsen<\/td><td>2005<\/td><td>2005<\/td><td>2005<\/td><td>2005<\/td><td>2023<\/td><td>&nbsp;<\/td><\/tr><tr><td>Rune Fj\u00e6reide<\/td><td>2005<\/td><td>2005<\/td><td>2005<\/td><td>2005<\/td><td>&nbsp;<\/td><td>&nbsp;<\/td><\/tr><tr><td>Jan Standal<\/td><td>2005<\/td><td>2005<\/td><td>2007<\/td><td>2012<\/td><td>&nbsp;<\/td><td>&nbsp;<\/td><\/tr><tr><td>Unni Brekke<\/td><td>2005<\/td><td>2005<\/td><td>2011<\/td><td>2015<\/td><td>&nbsp;<\/td><td>&nbsp;<\/td><\/tr><tr><td>Arne Bergo<\/td><td>2012<\/td><td>2013<\/td><td>2016<\/td><td>2020<\/td><td><\/td><td><\/td><\/tr><tr><td>Kristin Risa<\/td><td>2016<\/td><td>2017<\/td><td>2019<\/td><td>2021<\/td><td><\/td><td><\/td><\/tr><tr><td>Morten Tellefsen<\/td><td>2018<\/td><td>2019<\/td><td>2021<\/td><td>2024<\/td><td><\/td><td><\/td><\/tr><tr><td>Tom Jarane<\/td><td>2010<\/td><td>2011<\/td><td>2014<\/td><td>&nbsp;<\/td><td>&nbsp;<\/td><td>&nbsp;<\/td><\/tr><tr><td>Fr\u00e9d\u00e9ric Verhelst<\/td><td>2012<\/td><td>2012<\/td><td>2014<\/td><td>&nbsp;<\/td><td>&nbsp;<\/td><td>&nbsp;<\/td><\/tr><tr><td>Irene Osberg<\/td><td>2012<\/td><td>2013<\/td><td>2014<\/td><td>&nbsp;<\/td><td>&nbsp;<\/td><td>&nbsp;<\/td><\/tr><tr><td>Jim Hansen<\/td><td>2011<\/td><td>2014<\/td><td>2015<\/td><td>&nbsp;<\/td><td>&nbsp;<\/td><td>&nbsp;<\/td><\/tr><tr><td>Bente Nedreb\u00f8<\/td><td>2014<\/td><td>2017<\/td><td>2020<\/td><td><\/td><td><\/td><td><\/td><\/tr><tr><td>John Vint<\/td><td>2013<\/td><td>2016<\/td><td>2022<\/td><td><\/td><td><\/td><td><\/td><\/tr><tr><td>Eli S\u00f8rensen<\/td><td>2014<\/td><td>2016<\/td><td>2022<\/td><td><\/td><td><\/td><td><\/td><\/tr><tr><td>Gunnar Bye<\/td><td>2019<\/td><td>2019<\/td><td>2022<\/td><td><\/td><td><\/td><td><\/td><\/tr><tr><td>Espen Lossius<\/td><td>2018<\/td><td>2020<\/td><td>2022<\/td><td><\/td><td><\/td><td><\/td><\/tr><tr><td>Bj\u00f8rn Reidar Olsson<\/td><td>2018<\/td><td>2020<\/td><td>2023<\/td><td><\/td><td><\/td><td><\/td><\/tr><tr><td>Asbj\u00f8rn M. Olsen<\/td><td>2020<\/td><td>2021<\/td><td>2023<\/td><td><\/td><td><\/td><td><\/td><\/tr><tr><td>Astrid Bergo<\/td><td>2017<\/td><td>2020<\/td><td>2025<\/td><td><\/td><td><\/td><td><\/td><\/tr><tr><td>Kjell Eirik Irgens Henanger<\/td><td>2021<\/td><td>2024<\/td><td>2025<\/td><td><\/td><td><\/td><td><\/td><\/tr><tr><td>Jonny Jacobsen<\/td><td>2005<\/td><td>2005<\/td><td>&nbsp;<\/td><td>&nbsp;<\/td><td>&nbsp;<\/td><td>&nbsp;<\/td><\/tr><tr><td>Magne Haveraaen<\/td><td>2005<\/td><td>2005<\/td><td>&nbsp;<\/td><td>&nbsp;<\/td><td>&nbsp;<\/td><td>&nbsp;<\/td><\/tr><tr><td>Rolf Rose Jensen<\/td><td>2005<\/td><td>2005<\/td><td>&nbsp;<\/td><td>&nbsp;<\/td><td>&nbsp;<\/td><td>&nbsp;<\/td><\/tr><tr><td>Tine-Irlin Christensen<\/td><td>2005<\/td><td>2006<\/td><td>&nbsp;<\/td><td>&nbsp;<\/td><td>&nbsp;<\/td><td>&nbsp;<\/td><\/tr><tr><td>Roy Birger Nilsen<\/td><td>2006<\/td><td>2006<\/td><td>&nbsp;<\/td><td>&nbsp;<\/td><td>&nbsp;<\/td><td>&nbsp;<\/td><\/tr><tr><td>Torbj\u00f8rn Helgesen<\/td><td>2007<\/td><td>2008<\/td><td>&nbsp;<\/td><td>&nbsp;<\/td><td>&nbsp;<\/td><td>&nbsp;<\/td><\/tr><tr><td>Olav D\u00f8skeland<\/td><td>2008<\/td><td>2009<\/td><td>&nbsp;<\/td><td>&nbsp;<\/td><td>&nbsp;<\/td><td>&nbsp;<\/td><\/tr><tr><td>Kari Bernardini<\/td><td>2009<\/td><td>2010<\/td><td>&nbsp;<\/td><td>&nbsp;<\/td><td>&nbsp;<\/td><td>&nbsp;<\/td><\/tr><tr><td>Einar Helge Osland<\/td><td>2009<\/td><td>2012<\/td><td>&nbsp;<\/td><td>&nbsp;<\/td><td>&nbsp;<\/td><td>&nbsp;<\/td><\/tr><tr><td>Annie Elisabeth Bj\u00f8rklund<\/td><td>2007<\/td><td>2014<\/td><td>&nbsp;<\/td><td>&nbsp;<\/td><td>&nbsp;<\/td><td>&nbsp;<\/td><\/tr><tr><td>Kenneth Rivenes<\/td><td>2011<\/td><td>2015<\/td><td>&nbsp;<\/td><td>&nbsp;<\/td><td>&nbsp;<\/td><td>&nbsp;<\/td><\/tr><tr><td>Runar Brunslid<\/td><td>2016<\/td><td>2016<\/td><td>&nbsp;<\/td><td>&nbsp;<\/td><td>&nbsp;<\/td><td>&nbsp;<\/td><\/tr><tr><td>Vibeke Seldal<\/td><td>2016<\/td><td>2019<\/td><td>&nbsp;<\/td><td>&nbsp;<\/td><td>&nbsp;<\/td><td>&nbsp;<\/td><\/tr><tr><td>Simen Soltvedt<\/td><td>2018<\/td><td>2019<\/td><td>&nbsp;<\/td><td>&nbsp;<\/td><td>&nbsp;<\/td><td>&nbsp;<\/td><\/tr><tr><td>Oddhild Lien<\/td><td>2017<\/td><td>2021<\/td><td><\/td><td><\/td><td><\/td><td><\/td><\/tr><tr><td>Endre M. Lidal<\/td><td>2019<\/td><td>2023<\/td><td><\/td><td><\/td><td><\/td><td><\/td><\/tr><tr><td>Lars Sveen<\/td><td>2023<\/td><td>2025<\/td><td><\/td><td><\/td><td><\/td><td><\/td><\/tr><tr><td>Knut Henrik Andersen<\/td><td>2018<\/td><td>2022<\/td><td><\/td><td><\/td><td><\/td><td><\/td><\/tr><tr><td>Merja Olsson<\/td><td>2020<\/td><td>2022<\/td><td><\/td><td><\/td><td><\/td><td><\/td><\/tr><tr><td>Terje Bergesen<\/td><td>2005<\/td><td>&nbsp;<\/td><td>&nbsp;<\/td><td>&nbsp;<\/td><td>&nbsp;<\/td><td>&nbsp;<\/td><\/tr><tr><td>Jarle Westervik<\/td><td>2006<\/td><td>&nbsp;<\/td><td>&nbsp;<\/td><td>&nbsp;<\/td><td>&nbsp;<\/td><td>&nbsp;<\/td><\/tr><tr><td>Unni Brekke<\/td><td>2007<\/td><td>&nbsp;<\/td><td>&nbsp;<\/td><td>&nbsp;<\/td><td>&nbsp;<\/td><td>&nbsp;<\/td><\/tr><tr><td>Emil Weatherhead Breistein<\/td><td>2007<\/td><td>&nbsp;<\/td><td>&nbsp;<\/td><td>&nbsp;<\/td><td>&nbsp;<\/td><td>&nbsp;<\/td><\/tr><tr><td>Geir Brekke<\/td><td>2008<\/td><td>&nbsp;<\/td><td>&nbsp;<\/td><td>&nbsp;<\/td><td>&nbsp;<\/td><td>&nbsp;<\/td><\/tr><tr><td>Henning Rasmussen<\/td><td>2011<\/td><td>&nbsp;<\/td><td>&nbsp;<\/td><td>&nbsp;<\/td><td>&nbsp;<\/td><td>&nbsp;<\/td><\/tr><tr><td>Johan Odvar Odfjell<\/td><td>2011<\/td><td>&nbsp;<\/td><td>&nbsp;<\/td><td>&nbsp;<\/td><td>&nbsp;<\/td><td>&nbsp;<\/td><\/tr><tr><td>Janne Lie<\/td><td>2012<\/td><td>&nbsp;<\/td><td>&nbsp;<\/td><td>&nbsp;<\/td><td>&nbsp;<\/td><td>&nbsp;<\/td><\/tr><tr><td>Rune Eide<\/td><td>2014<\/td><td>&nbsp;<\/td><td>&nbsp;<\/td><td>&nbsp;<\/td><td>&nbsp;<\/td><td>&nbsp;<\/td><\/tr><tr><td>Bjarte L\u00f8vaas Haugland<\/td><td>2015<\/td><td>&nbsp;<\/td><td>&nbsp;<\/td><td>&nbsp;<\/td><td>&nbsp;<\/td><td>&nbsp;<\/td><\/tr><tr><td>Frid Ellingsen<\/td><td>2015<\/td><td>&nbsp;<\/td><td>&nbsp;<\/td><td>&nbsp;<\/td><td>&nbsp;<\/td><td>&nbsp;<\/td><\/tr><tr><td>Halvor Larsen<\/td><td>2015<\/td><td>&nbsp;<\/td><td>&nbsp;<\/td><td>&nbsp;<\/td><td>&nbsp;<\/td><td>&nbsp;<\/td><\/tr><tr><td>Jannice B\u00e5rtvedt<\/td><td>2017<\/td><td>&nbsp;<\/td><td>&nbsp;<\/td><td>&nbsp;<\/td><td>&nbsp;<\/td><td>&nbsp;<\/td><\/tr><tr><td>Siv-Anne Skogen<\/td><td>2017<\/td><td>&nbsp;<\/td><td>&nbsp;<\/td><td>&nbsp;<\/td><td>&nbsp;<\/td><td>&nbsp;<\/td><\/tr><tr><td>Janne Monsen<\/td><td>2019<\/td><td>&nbsp;<\/td><td>&nbsp;<\/td><td>&nbsp;<\/td><td>&nbsp;<\/td><td>&nbsp;<\/td><\/tr><tr><td>Arne Skinlo<\/td><td>2021<\/td><td><\/td><td><\/td><td><\/td><td><\/td><td><\/td><\/tr><tr><td>Elsiabeth Skogseth<\/td><td>2023<\/td><td><\/td><td><\/td><td><\/td><td><\/td><td><\/td><\/tr><tr><td>Eli Johanne Stene<\/td><td>2024<\/td><td><\/td><td><\/td><td><\/td><td><\/td><td><\/td><\/tr><\/tbody><\/table><\/figure>\n\n\n\n<p><\/p>\n\n\n\n<h2 class=\"wp-block-heading has-text-align-center\" id=\"ungdomspris\">Ungdomspris<\/h2>\n\n\n\n<figure class=\"wp-block-table aligncenter is-style-regular\"><table><tbody><tr><td class=\"has-text-align-left\" data-align=\"left\">2006 Emil Weatherhead Breistein<\/td><\/tr><tr><td class=\"has-text-align-left\" data-align=\"left\">2000 Tine-Irlin Christensen<\/td><\/tr><tr><td class=\"has-text-align-left\" data-align=\"left\">1999 Christian Kaldheim<\/td><\/tr><\/tbody><\/table><\/figure>\n\n\n\n<h2 class=\"wp-block-heading\" id=\"sta-pa-pris\"><strong>&#8220;St\u00e5-p\u00e5-pris&#8221;<\/strong><\/h2>\n\n\n\n<p><strong>2024 Inge Solfjell<\/strong><br>Inge f\u00e5r prisen for sin innsats og engasjement i forbindelse med oppsetjinga av musicalen Rent i regi av Bergen ungdomsteater april-mai \u201324.<br>Alle bilda som var brukt i forestillinga er tatt av medlemmene, til saman 67 bilder.<br>&#8211; Du har deltatt p\u00e5 mange \u00f8vingskvelder med Bergen musikkteater<br>&#8211; Du har inspirert og oppdatert oss medlemmer og sendt utallege mailar og meldingar<br>&#8211; Du har arrangerert foto-shoot med skodespelarane<br>&#8211; Du har brukt mange timar saman med Bergen musikkteater p\u00e5 \u00e5 velge ut aktuelle bilder<br>&#8211; Du har vore intervjua av \u00c5sane Tidende<br>&#8211; Til slutt fiksa du det slik at vi fekk alle bilda utstilt hos Foto.no<br><br>Det er mange medlemmer i Bekkalokket som var delaktige for \u00e5 f\u00e5 dette i havn, men det er du som har vore primus motor.<br>Difor vil vi hedre deg for dette arbeidet som g\u00e5r langt over det ein kan forvente.<\/p>\n\n\n\n<p><strong>2022 Roald Synnev\u00e5g og Bente Nedreb\u00f8<br><\/strong>Roald fikk prisen for det enorme arbeidet han legger ned for klubben og klubbens medlemmer, samt for \u00e5 fremme klubben i inn- og utland.<br>Bente fikk prisen for sin lange tjeneste som leder for konkurransekomit\u00e9en v\u00e5r.<\/p>\n\n\n\n<p><strong>2021 Gunnar Bye<\/strong><br>Gunnar f\u00e5r prisen for sitt brennende engasjement for printing av bilder og for \u00e5 ha bidratt s\u00e5 sterkt til at vi som klubb har kunnet levere s\u00e5 mange print til konkurranser i 2021.<br>I tillegg til r\u00e5d og tips, har Gunnar ogs\u00e5 utf\u00f8rt den faktiske printingen for medlemmer som trenger dette. Det har v\u00e6rt ekstra lett for medlemmer \u00e5 delta med print i konkurranser.<br>Gunnar s\u00f8rger ogs\u00e5 for at klubbens printer til enhver tid er operativ.<br>Vi \u00f8nsker derfor \u00e5 hedre Gunnar for alt dette arbeidet som g\u00e5r langt ut over det som kan forventes.<\/p>\n\n\n\n<p><strong>2020 Endre M. Lidal og Tom Jarane<\/strong><br>Covid-19 pandemien hindre klubben fra mars m\u00e5ned \u00e5 ha fysiske m\u00f8ter og klubben ble tvunget til \u00e5 starte med digitale m\u00f8ter. Alle planlagte ukentlige m\u00f8ter ble gjennomf\u00f8rt.<br>Tom og Endre f\u00e5r prisen for stor innsats i gjennomf\u00f8ringen av digitale m\u00f8ter gjennom nesten hele 2020. De har ogs\u00e5 v\u00e6rt innovative og l\u00f8sningsorienterte for \u00e5 f\u00e5 til eksemplarisk gjennomf\u00f8ring av digitale og hybride m\u00f8ter.<\/p>\n\n\n\n<p><strong>2019&nbsp;Tom Jarane<\/strong><br>Tom har v\u00e6rt teknisk ansvarlig for klubbens konkurranser og \u00e5rets bilde i mange \u00e5r. Han vist spennende offentliggj\u00f8ringer av resultater p\u00e5 sommer- og julefester.<\/p>\n\n\n\n<p>Han har ogs\u00e5 v\u00e6rt teknisk ansvarlig for klubbens del av Miroc circuit.<\/p>\n\n\n\n<p>I Fjord-Bergen har Tom hatt ansvar for utsending av 170000 eposter med invitasjoner, databasen som tar seg av innlevering av bilder, selve juryeringen, resultatlister som skal presenteres p\u00e5 nettsiden, og utsending til alle deltakere.<\/p>\n\n\n\n<p><strong>2018&nbsp; Roald Synnev\u00e5g<\/strong><br>Roald f\u00e5r prisen for sitt engasjement og drivkraft for \u00e5 f\u00e5 \u00abBoken om Bekkalokket\u2026s\u00e5 langt\u00bb ferdig. Han har gjort et formidabelt arbeid b\u00e5de med tekst og bilder.<\/p>\n\n\n\n<p>Roald har ogs\u00e5 v\u00e6rt meget aktiv i styret i NSFF \u2013 Norsk Selskap for Fotografi og NFFF \u2013 Nordisk Forbund for Fotografi, samt i FIAP \u2013 International Federation of Photographic Art og v\u00e6rt en god ambassad\u00f8r for Bekkalokket Fotoklubb i alle sammenhenger.<\/p>\n\n\n\n<p>Han har i tillegg ogs\u00e5 gjort mye arbeid i forbindelse med arrangering av konkurransene 1st Fjord-Bergen Exhibition of Photographic Art 2018 og 6th Miroc Digital Circuit 2018<\/p>\n\n\n\n<p><strong>2016&nbsp;<\/strong><strong style=\"text-indent: 0cm;\"><span lang=\"EN-US\">Janne Lie<\/span><\/strong><br><span lang=\"EN-US\">Janne f\u00e5r prisen for sin innsats for \u00e5 alene \u00e5 ha hatt ansvar for innhenting og utvelgelse av klubbmedlemmenes bilder til m\u00e5nedlige utstillinger i Japan Foto sine vinduer gjennom 3 \u00e5r.<\/span><\/p>\n\n\n\n<p class=\"MsoBodyText\"><span lang=\"EN-US\">En prosess som krever b\u00e5de p\u00e5gangsmot og evne til \u00e5 se det unike i b\u00e5de form, farge og innhold.<\/span><\/p>\n\n\n\n<p><strong>2015&nbsp;Jim Hansen<\/strong><br><span lang=\"nb-NO\">Jim er l\u00f8sningsorientert, flink til \u00e5 ta ledelse der det trengs og villig til \u00e5 gi av sin tid og sine kunnskaper innen foto, studiofotografering, kamerateknikk og absolutt alt vi m\u00e5tte finne p\u00e5 \u00e5 sp\u00f8rre ham om.<\/span><\/p>\n\n\n\n<p><span lang=\"nb-NO\">Han har gjennom flere \u00e5r v\u00e6rt sterkt engasjert i organisering av turer, sommerfester, julefester og andre sosiale happeninger. Han har ogs\u00e5 flere \u00e5rs iherdig innsats i mange komit\u00e9r der han har hatt h\u00f8y bidragsfaktor, og Jim er rett og slett en skikkelig St\u00e5-P\u00e5-Mann!<\/span><\/p>\n\n\n\n<p><strong>2014&nbsp;Terje Bergesen<\/strong><br>Du har gledet oss i alle \u00e5r med \u00ab\u00c5rets kunstfoto\u00bb der du har valgt ut og fremskaffet samtlige bilder siden 1993. I NSFF sine klubbprosjekter er du en p\u00e5driver, vi leverer inn bilder og autoMAGisk s\u00e5 blir det til en flott kolleksjon.<\/p>\n\n\n\n<p>Til slutt vil vi ber\u00f8mme deg for din utrettelige st\u00e5-p\u00e5-innsats med bildediskusjonene v\u00e5re.<\/p>\n\n\n\n<p><strong>2014&nbsp;Chalee Hansen<\/strong><br>Du deler din mattradisjon med oss, og p\u00e5 fest etter fest kan vi kose oss med dine nydelige retter. Dette setter vi um\u00e5telig pris p\u00e5, og v\u00e5rrullene dine kan vi aldri f\u00e5 nok av.<\/p>\n\n\n\n<p>P\u00e5 sist sommerfest sto du p\u00e5 hele kvelden, iherdig ordnet du opp slik at alt fungerte til punkt og prikke. Og som alltid; smilende og blid !<\/p>\n\n\n\n<p><strong>2012&nbsp;Bente Nedreb\u00f8<\/strong><br>For sin enorme tilstedev\u00e6relse, b\u00e5de i konkurranseutvalget og som kjellermester. Bente er en stor og viktig ressurs for Bekkalokket Fotoklubb.<\/p>\n\n\n\n<p><strong>2012&nbsp;Marianne Fager\u00e5s<\/strong><br>Marianne mottar prisen, sammen med Jannice, for sin fabelaktige innsats ved klubbens jubileumsfest. Med selvkomponert meny og hjemmelaget mat gjorde de middagen til et uforglemmelig h\u00f8ydepunkt for de 60 jubilantene. I tillegg f\u00f8rte Mariannes fabelaktige administrative og kreative evner til en godt organisert og s\u00e6rdeles vellykket fest p\u00e5 alle m\u00e5ter.<strong>&nbsp;<\/strong><\/p>\n\n\n\n<p><strong>2012 Kari Bernardini<\/strong><br>For h\u00e5ndteringen av Nasjonalt fototreff 2012, og for initiativet og gjennomf\u00f8ring av inspirasjonshelgen h\u00f8sten 2012.<strong>&nbsp;<\/strong><\/p>\n\n\n\n<p><strong>2012 Jannice B\u00e5rtvedt<\/strong><br>Jannice mottar prisen, sammen med Marianne, for sin fabelaktige innsats ved klubbens jubileumsfest. Med selvkomponert meny og hjemmelaget mat gjorde de middagen til et uforglemmelig h\u00f8ydepunkt for de 60 jubilantene. Hennes gode hum\u00f8r og st\u00e5 p\u00e5 evne gjorde festen til et h\u00f8ydepunkt for b\u00e5de komitemedlemmene og festdeltagerne.<strong>&nbsp;<\/strong><\/p>\n\n\n\n<p><strong>2012&nbsp;Tom Jarane<\/strong><br>Tom f\u00e5r prisen fordi han gjennom sine seks \u00e5r som leder har jobbet utrettelig for klubbens medlemmer, b\u00e5de ved \u00e5 fritt dele sin betydelige kunnskap til alle klokkeslett, ved \u00e5 utvikle og styrke Bekkalokkets organisatoriske plattorm, og ikke minst ved \u00e5 v\u00e6re en sosial inkluderende figur som har st\u00e5tt i spissen for \u00e5 skape det gode milj\u00f8et klubben har i dag. Han har v\u00e6rt en leder i ordets rette forstand.<\/p>\n\n\n\n<p><strong>2011&nbsp;Bente Nedreb\u00f8<\/strong><br>Bente f\u00e5r prisen for \u00e5 ta utfordringer p\u00e5 \u00abstrak arm\u00bb, og gjennomf\u00f8re oppgaver som p\u00e5legges henne p\u00e5 en utmerket m\u00e5te.B\u00e5de som del av kjellermester-teamet og som leder i konkurransekomit\u00e9nBente f\u00e5r prisen for \u00e5 ta utfordringer p\u00e5 \u00abstrak arm\u00bb, og gjennomf\u00f8re oppgaver som p\u00e5legges henne p\u00e5 en utmerket m\u00e5te.B\u00e5de som del av kjellermester-teamet og som leder i konkurransekomit\u00e9n<\/p>\n\n\n\n<p><strong>2009 Kari Bernardini<br><\/strong>Kari f\u00e5r prisen for sitt engasjement i utstillingskkomiteen og administrering av 3 utstillinger, hennes drivkraft i styret og hennes evne til omformulere et nei til et ja.<br><strong><br>2009 Marianne Fager\u00e5s<br><\/strong>Marianne f\u00e5r prisen for sitt verv i komite for kos, trivsel og velv\u00e6re. Marianne har gjennom hele 2009 gjennomf\u00f8rt gode og veldig godt planlagte arrangement.<\/p>\n\n\n\n<p><strong>2008<\/strong> <strong>Kjell Rasmussen<\/strong><br>For vervet som kjellermester og for \u00e5 ha brakt vinlotteriet til nye h\u00f8yder. Gir oss innsikt i vinens verden p\u00e5 en humoristisk m\u00e5te.<\/p>\n\n\n\n<p><strong>2008 Geir Brekke<\/strong><br>For aktivitet og positivitet p\u00e5 klubbkveldene, og for \u00e5 velvillig dele sin kompetanse med andre medlemmer.<\/p>\n\n\n\n<p><strong>2008 Honoria Bjerknes Hamre<\/strong><br>For vervet som kjellermester, og for \u00e5 ha innf\u00f8rt sunne alternativer p\u00e5 matfronten. Har stilt p\u00e5 s\u00e5 \u00e5 si alle m\u00f8ter i 2008.<\/p>\n\n\n\n<p><strong>2007 <\/strong><br><strong>Unni Brekke<\/strong><br>For sitt arbeid med utstillingen p\u00e5 Akvariet og jobben med \u00e5 drive, fornye og videreutvikle utstillingsvinduet i JapanFoto. Vervet i NSFF er med \u00e5 fremme Bekkalokket p\u00e5 en veldig positiv m\u00e5te.<\/p>\n\n\n\n<p><strong>Halvor Larsen<\/strong><br>For sitt arbeid med utstillingen p\u00e5 Akvariet og stort arbeid i Internettkomiteen.Vervet i NSFF er med \u00e5 fremme Bekkalokket p\u00e5 en veldig positiv m\u00e5te.<\/p>\n\n\n\n<p><strong>2006 Anita Holmedal<\/strong><br>For sitt engasjement i Komiteen for kos, trivsel og velv\u00e6re og som initiativtager for Prahatur v\u00e5ren 2006.<\/p>\n\n\n\n<p><strong>2006 Tommy Rong<\/strong><br>For sitt engasjement og arbeid i Komiteen for kos, trivsel og velv\u00e6re og sitt arbeid som kjellermester.<\/p>\n\n\n\n<p><strong>2006 Tom Jarane&nbsp;<\/strong><br>For sitt engasjement og arbeid med konkurranser og stor entusiasme og initiativ p\u00e5 klubbens oppl\u00e6ringsm\u00f8ter.<\/p>\n\n\n\n<p><strong>2004&nbsp;Jan Standal<\/strong><br>For arbeide med \u00e5 gj\u00f8re historisk materiell tilgjengelig p\u00e5 nettsidene og for effektiv og rask oppdatering, og for utrettelig arbeid med \u00e5 fremme klubbens interesser.<\/p>\n\n\n\n<p><strong>2003&nbsp;Unni Brekke og Einar Thorsen<\/strong><br>For sitt engasjement med \u00e5 lage nye hjemmesider p\u00e5 internett<\/p>\n\n\n\n<p><strong>2002&nbsp;Terje Bergesen<\/strong><br>For sitt engasjement og arbeid med jubileumsutstillingen i forbindelse med 25 \u00e5rs jubileet til Bekkalokket fotoklubb<\/p>\n\n\n\n<p><strong>2000 Rolf Morten Olsen<\/strong><br>For mange\u00e5rig kjellermester<\/p>\n\n\n\n<p><strong>2000 Roald Synnev\u00e5g<\/strong><br>For sitt engasjement og arbeid med konkurranser, historie og kvalitetssikring.<\/p>\n\n\n\n<p><strong>2000 Frode Alger\u00f8y<\/strong><br>For sitt arbeid med \u00e5 opprette klubbens egne hjemmesider.<\/p>\n\n\n\n<p><strong>1999 Jarle Westervik<\/strong><br>For stor entusiasme og godt initiativ p\u00e5 klubbkvelder.<\/p>\n\n\n\n<p><strong>1999 Roy Birger Nilsen<\/strong><br>For stor entusiasme og godt initiativ p\u00e5 klubbkvelder.<\/p>\n\n\n\n<p><strong>1999 Runar Brunsli<\/strong><br>For stor entusiasme og godt initiativ p\u00e5 klubbkvelder.<\/p>\n\n\n\n<p><strong><span style=\"font-size: 2em;\">&#8220;Tabbeprisen&#8221;<\/span><\/strong><\/p>\n\n\n\n<h2 class=\"wp-block-heading\" id=\"medaljens-bakside\">Medaljens bakside<\/h2>\n\n\n\n<p><strong>2025 Roald Synnev\u00e5g<\/strong><\/p>\n\n\n\n<p>Knuste et objektiv for han trodde at kamera hang i skulderstroppen, det gjorde jo selvsagt ikke, og da ble prisen overrakt p\u00e5 julebordet. At Roald klarte \u00e5 levere inn et for gammelt bilde til \u00e5rets bilde, er ogs\u00e5 med i regnestykket.<\/p>\n\n\n\n<p><strong>2018 Tom Jarane<\/strong><\/p>\n\n\n\n<p>Klarte det igjen og ble historisk, som eneste med to tabbepriser. Han glemte \u00e5 levere inn bildene til Fiap World Cup.<\/p>\n\n\n\n<p><strong>2017 Annie Elisabeth Bj\u00f8rklund<\/strong><\/p>\n\n\n\n<p>Leverte inn et bilde til \u00e5rets bilde, som ikke var tatt i rett tidspunkt. En feil det er lett \u00e5 gj\u00f8re, og som hun selv meldte fra om. Vi gratulerer<\/p>\n\n\n\n<p><strong>2016&nbsp;Elizabeth Lee&nbsp;Grongan<\/strong><\/p>\n\n\n\n<p>Hun hadde ikke glemt og lade batteriet. Men det batteriet hun hadde i kamera var helt tomt. Men inne p\u00e5 bussen hadde hun et full ladet batteri som hun glemte og ta med seg.<br>Bussen satt de av p\u00e5 dette stedet og kj\u00f8rte videre. S\u00e5 ble de hentet etter to timer n\u00e5r de skulle reise tilbake.<br>S\u00e5 der sto hun uten batteri som virket???? men mange flotte fotomotiv rundt seg<\/p>\n\n\n\n<p><strong>2015 Fr\u00e9d\u00e9ric Verhelst<\/strong><\/p>\n\n\n\n<p>P\u00e5 klubbturen til Amsterdam skulle det v\u00e6re omvisning p\u00e5 museum og han gjorde ved en tabbe bestillingen for l\u00f8rdagen, og vi var der om s\u00f8ndagen&#8230;<\/p>\n\n\n\n<p><strong>2014 Vibeke Seldal<\/strong><\/p>\n\n\n\n<p>For \u00e5 ha glemt batteri til kamera p\u00e5 den ene dagen p\u00e5 englandsferien som var satt av til fotografering. Bath, Stonge Henge og Winsor Castle for \u00e5 nevne noen motiver&#8230;.<\/p>\n\n\n\n<p><strong>2013 Audun Nygaard<\/strong><\/p>\n\n\n\n<p>For \u00e5 ha glemt \u00e5 ta med minnekort p\u00e5 tur til Golta<\/p>\n\n\n\n<p><strong>2011&nbsp;<\/strong><strong>Tom Jarane<\/strong><\/p>\n\n\n\n<p>For \u00e5 ha glemt finkl\u00e6rene hjemme n\u00e5r landsm\u00f8tet var i \u00c5lesund.<\/p>\n\n\n\n<p><strong>2009&nbsp;<\/strong><strong>Kenneth Rivenes<\/strong><\/p>\n\n\n\n<p>For \u00e5 ha &#8220;mistet&#8221; 99% av fotoutstyret under landsm\u00f8tet i T\u00f8nsberg.<\/p>\n\n\n\n<p><\/p>\n\n\n\n<p><\/p>\n","protected":false},"excerpt":{"rendered":"<p>Hederstegn og utmerkelser i Bekkalokket Fotoklubb gis til klubbmedlemmer for fotografisk virksomhet og\/eller administrativt arbeid. Hederstegn og utmerkelser blir tildelt \u00e5rlig. Oppdatert 23.01.2026 &nbsp; \u00c6resmedlemer 2002 Roald Synnev\u00e5g 2002 Tor Henning Olsen 2007 Jan&#46;&#46;&#46;<\/p>\n","protected":false},"author":2,"featured_media":2343,"parent":2383,"menu_order":0,"comment_status":"closed","ping_status":"closed","template":"","meta":{"footnotes":""},"class_list":["post-2326","page","type-page","status-publish","has-post-thumbnail","hentry"],"yoast_head":"<!-- This site is optimized with the Yoast SEO plugin v27.5 - https:\/\/yoast.com\/product\/yoast-seo-wordpress\/ -->\n<title>Hederstegn og utmerkelser i Bekkalokket Fotoklubb - Bekkalokket Fotoklubb<\/title>\n<meta name=\"description\" content=\"Hederstegn og utmerkelser i Bekkalokket Fotoklubb gis til klubbmedlemmer for fotografisk virksomhet og\/eller administrativt arbeid. Les mer!\" \/>\n<meta name=\"robots\" content=\"index, follow, max-snippet:-1, max-image-preview:large, max-video-preview:-1\" \/>\n<link rel=\"canonical\" href=\"https:\/\/bekkalokket.no\/index.php\/om-klubben\/hederstegn\/hederstegn-i-bekkalokket-fotoklubb\/\" \/>\n<meta property=\"og:locale\" content=\"nb_NO\" \/>\n<meta property=\"og:type\" content=\"article\" \/>\n<meta property=\"og:title\" content=\"Hederstegn og utmerkelser i Bekkalokket Fotoklubb - Bekkalokket Fotoklubb\" \/>\n<meta property=\"og:description\" content=\"Hederstegn og utmerkelser i Bekkalokket Fotoklubb gis til klubbmedlemmer for fotografisk virksomhet og\/eller administrativt arbeid. Les mer!\" \/>\n<meta property=\"og:url\" content=\"https:\/\/bekkalokket.no\/index.php\/om-klubben\/hederstegn\/hederstegn-i-bekkalokket-fotoklubb\/\" \/>\n<meta property=\"og:site_name\" content=\"Bekkalokket Fotoklubb\" \/>\n<meta property=\"article:modified_time\" content=\"2026-01-25T12:35:32+00:00\" \/>\n<meta property=\"og:image\" content=\"https:\/\/bekkalokket.no\/wp-content\/uploads\/2019\/01\/gullmedeik.jpg\" \/>\n\t<meta property=\"og:image:width\" content=\"190\" \/>\n\t<meta property=\"og:image:height\" content=\"302\" \/>\n\t<meta property=\"og:image:type\" content=\"image\/jpeg\" \/>\n<meta name=\"twitter:card\" content=\"summary_large_image\" \/>\n<meta name=\"twitter:label1\" content=\"Ansl. lesetid\" \/>\n\t<meta name=\"twitter:data1\" content=\"16 minutter\" \/>\n<script type=\"application\/ld+json\" class=\"yoast-schema-graph\">{\"@context\":\"https:\\\/\\\/schema.org\",\"@graph\":[{\"@type\":\"WebPage\",\"@id\":\"https:\\\/\\\/bekkalokket.no\\\/index.php\\\/om-klubben\\\/hederstegn\\\/hederstegn-i-bekkalokket-fotoklubb\\\/\",\"url\":\"https:\\\/\\\/bekkalokket.no\\\/index.php\\\/om-klubben\\\/hederstegn\\\/hederstegn-i-bekkalokket-fotoklubb\\\/\",\"name\":\"Hederstegn og utmerkelser i Bekkalokket Fotoklubb - Bekkalokket Fotoklubb\",\"isPartOf\":{\"@id\":\"https:\\\/\\\/bekkalokket.no\\\/#website\"},\"primaryImageOfPage\":{\"@id\":\"https:\\\/\\\/bekkalokket.no\\\/index.php\\\/om-klubben\\\/hederstegn\\\/hederstegn-i-bekkalokket-fotoklubb\\\/#primaryimage\"},\"image\":{\"@id\":\"https:\\\/\\\/bekkalokket.no\\\/index.php\\\/om-klubben\\\/hederstegn\\\/hederstegn-i-bekkalokket-fotoklubb\\\/#primaryimage\"},\"thumbnailUrl\":\"https:\\\/\\\/bekkalokket.no\\\/wp-content\\\/uploads\\\/2019\\\/01\\\/gullmedeik.jpg\",\"datePublished\":\"2019-01-01T11:49:26+00:00\",\"dateModified\":\"2026-01-25T12:35:32+00:00\",\"description\":\"Hederstegn og utmerkelser i Bekkalokket Fotoklubb gis til klubbmedlemmer for fotografisk virksomhet og\\\/eller administrativt arbeid. Les mer!\",\"breadcrumb\":{\"@id\":\"https:\\\/\\\/bekkalokket.no\\\/index.php\\\/om-klubben\\\/hederstegn\\\/hederstegn-i-bekkalokket-fotoklubb\\\/#breadcrumb\"},\"inLanguage\":\"nb-NO\",\"potentialAction\":[{\"@type\":\"ReadAction\",\"target\":[\"https:\\\/\\\/bekkalokket.no\\\/index.php\\\/om-klubben\\\/hederstegn\\\/hederstegn-i-bekkalokket-fotoklubb\\\/\"]}]},{\"@type\":\"ImageObject\",\"inLanguage\":\"nb-NO\",\"@id\":\"https:\\\/\\\/bekkalokket.no\\\/index.php\\\/om-klubben\\\/hederstegn\\\/hederstegn-i-bekkalokket-fotoklubb\\\/#primaryimage\",\"url\":\"https:\\\/\\\/bekkalokket.no\\\/wp-content\\\/uploads\\\/2019\\\/01\\\/gullmedeik.jpg\",\"contentUrl\":\"https:\\\/\\\/bekkalokket.no\\\/wp-content\\\/uploads\\\/2019\\\/01\\\/gullmedeik.jpg\",\"width\":190,\"height\":302,\"caption\":\"Hederstegn i Bekkalokket Fotoklubb.\"},{\"@type\":\"BreadcrumbList\",\"@id\":\"https:\\\/\\\/bekkalokket.no\\\/index.php\\\/om-klubben\\\/hederstegn\\\/hederstegn-i-bekkalokket-fotoklubb\\\/#breadcrumb\",\"itemListElement\":[{\"@type\":\"ListItem\",\"position\":1,\"name\":\"Home\",\"item\":\"https:\\\/\\\/bekkalokket.no\\\/\"},{\"@type\":\"ListItem\",\"position\":2,\"name\":\"Om klubben\",\"item\":\"https:\\\/\\\/bekkalokket.no\\\/index.php\\\/om-klubben\\\/\"},{\"@type\":\"ListItem\",\"position\":3,\"name\":\"Hederstegn\",\"item\":\"https:\\\/\\\/bekkalokket.no\\\/index.php\\\/om-klubben\\\/hederstegn\\\/\"},{\"@type\":\"ListItem\",\"position\":4,\"name\":\"Hederstegn og utmerkelser i Bekkalokket Fotoklubb\"}]},{\"@type\":\"WebSite\",\"@id\":\"https:\\\/\\\/bekkalokket.no\\\/#website\",\"url\":\"https:\\\/\\\/bekkalokket.no\\\/\",\"name\":\"Bekkalokket Fotoklubb\",\"description\":\"En sosial og aktiv fotoklubb i Bergen\",\"potentialAction\":[{\"@type\":\"SearchAction\",\"target\":{\"@type\":\"EntryPoint\",\"urlTemplate\":\"https:\\\/\\\/bekkalokket.no\\\/?s={search_term_string}\"},\"query-input\":{\"@type\":\"PropertyValueSpecification\",\"valueRequired\":true,\"valueName\":\"search_term_string\"}}],\"inLanguage\":\"nb-NO\"}]}<\/script>\n<!-- \/ Yoast SEO plugin. -->","yoast_head_json":{"title":"Hederstegn og utmerkelser i Bekkalokket Fotoklubb - Bekkalokket Fotoklubb","description":"Hederstegn og utmerkelser i Bekkalokket Fotoklubb gis til klubbmedlemmer for fotografisk virksomhet og\/eller administrativt arbeid. Les mer!","robots":{"index":"index","follow":"follow","max-snippet":"max-snippet:-1","max-image-preview":"max-image-preview:large","max-video-preview":"max-video-preview:-1"},"canonical":"https:\/\/bekkalokket.no\/index.php\/om-klubben\/hederstegn\/hederstegn-i-bekkalokket-fotoklubb\/","og_locale":"nb_NO","og_type":"article","og_title":"Hederstegn og utmerkelser i Bekkalokket Fotoklubb - Bekkalokket Fotoklubb","og_description":"Hederstegn og utmerkelser i Bekkalokket Fotoklubb gis til klubbmedlemmer for fotografisk virksomhet og\/eller administrativt arbeid. Les mer!","og_url":"https:\/\/bekkalokket.no\/index.php\/om-klubben\/hederstegn\/hederstegn-i-bekkalokket-fotoklubb\/","og_site_name":"Bekkalokket Fotoklubb","article_modified_time":"2026-01-25T12:35:32+00:00","og_image":[{"width":190,"height":302,"url":"https:\/\/bekkalokket.no\/wp-content\/uploads\/2019\/01\/gullmedeik.jpg","type":"image\/jpeg"}],"twitter_card":"summary_large_image","twitter_misc":{"Ansl. lesetid":"16 minutter"},"schema":{"@context":"https:\/\/schema.org","@graph":[{"@type":"WebPage","@id":"https:\/\/bekkalokket.no\/index.php\/om-klubben\/hederstegn\/hederstegn-i-bekkalokket-fotoklubb\/","url":"https:\/\/bekkalokket.no\/index.php\/om-klubben\/hederstegn\/hederstegn-i-bekkalokket-fotoklubb\/","name":"Hederstegn og utmerkelser i Bekkalokket Fotoklubb - Bekkalokket Fotoklubb","isPartOf":{"@id":"https:\/\/bekkalokket.no\/#website"},"primaryImageOfPage":{"@id":"https:\/\/bekkalokket.no\/index.php\/om-klubben\/hederstegn\/hederstegn-i-bekkalokket-fotoklubb\/#primaryimage"},"image":{"@id":"https:\/\/bekkalokket.no\/index.php\/om-klubben\/hederstegn\/hederstegn-i-bekkalokket-fotoklubb\/#primaryimage"},"thumbnailUrl":"https:\/\/bekkalokket.no\/wp-content\/uploads\/2019\/01\/gullmedeik.jpg","datePublished":"2019-01-01T11:49:26+00:00","dateModified":"2026-01-25T12:35:32+00:00","description":"Hederstegn og utmerkelser i Bekkalokket Fotoklubb gis til klubbmedlemmer for fotografisk virksomhet og\/eller administrativt arbeid. Les mer!","breadcrumb":{"@id":"https:\/\/bekkalokket.no\/index.php\/om-klubben\/hederstegn\/hederstegn-i-bekkalokket-fotoklubb\/#breadcrumb"},"inLanguage":"nb-NO","potentialAction":[{"@type":"ReadAction","target":["https:\/\/bekkalokket.no\/index.php\/om-klubben\/hederstegn\/hederstegn-i-bekkalokket-fotoklubb\/"]}]},{"@type":"ImageObject","inLanguage":"nb-NO","@id":"https:\/\/bekkalokket.no\/index.php\/om-klubben\/hederstegn\/hederstegn-i-bekkalokket-fotoklubb\/#primaryimage","url":"https:\/\/bekkalokket.no\/wp-content\/uploads\/2019\/01\/gullmedeik.jpg","contentUrl":"https:\/\/bekkalokket.no\/wp-content\/uploads\/2019\/01\/gullmedeik.jpg","width":190,"height":302,"caption":"Hederstegn i Bekkalokket Fotoklubb."},{"@type":"BreadcrumbList","@id":"https:\/\/bekkalokket.no\/index.php\/om-klubben\/hederstegn\/hederstegn-i-bekkalokket-fotoklubb\/#breadcrumb","itemListElement":[{"@type":"ListItem","position":1,"name":"Home","item":"https:\/\/bekkalokket.no\/"},{"@type":"ListItem","position":2,"name":"Om klubben","item":"https:\/\/bekkalokket.no\/index.php\/om-klubben\/"},{"@type":"ListItem","position":3,"name":"Hederstegn","item":"https:\/\/bekkalokket.no\/index.php\/om-klubben\/hederstegn\/"},{"@type":"ListItem","position":4,"name":"Hederstegn og utmerkelser i Bekkalokket Fotoklubb"}]},{"@type":"WebSite","@id":"https:\/\/bekkalokket.no\/#website","url":"https:\/\/bekkalokket.no\/","name":"Bekkalokket Fotoklubb","description":"En sosial og aktiv fotoklubb i Bergen","potentialAction":[{"@type":"SearchAction","target":{"@type":"EntryPoint","urlTemplate":"https:\/\/bekkalokket.no\/?s={search_term_string}"},"query-input":{"@type":"PropertyValueSpecification","valueRequired":true,"valueName":"search_term_string"}}],"inLanguage":"nb-NO"}]}},"_links":{"self":[{"href":"https:\/\/bekkalokket.no\/index.php\/wp-json\/wp\/v2\/pages\/2326","targetHints":{"allow":["GET"]}}],"collection":[{"href":"https:\/\/bekkalokket.no\/index.php\/wp-json\/wp\/v2\/pages"}],"about":[{"href":"https:\/\/bekkalokket.no\/index.php\/wp-json\/wp\/v2\/types\/page"}],"author":[{"embeddable":true,"href":"https:\/\/bekkalokket.no\/index.php\/wp-json\/wp\/v2\/users\/2"}],"replies":[{"embeddable":true,"href":"https:\/\/bekkalokket.no\/index.php\/wp-json\/wp\/v2\/comments?post=2326"}],"version-history":[{"count":63,"href":"https:\/\/bekkalokket.no\/index.php\/wp-json\/wp\/v2\/pages\/2326\/revisions"}],"predecessor-version":[{"id":11060,"href":"https:\/\/bekkalokket.no\/index.php\/wp-json\/wp\/v2\/pages\/2326\/revisions\/11060"}],"up":[{"embeddable":true,"href":"https:\/\/bekkalokket.no\/index.php\/wp-json\/wp\/v2\/pages\/2383"}],"wp:featuredmedia":[{"embeddable":true,"href":"https:\/\/bekkalokket.no\/index.php\/wp-json\/wp\/v2\/media\/2343"}],"wp:attachment":[{"href":"https:\/\/bekkalokket.no\/index.php\/wp-json\/wp\/v2\/media?parent=2326"}],"curies":[{"name":"wp","href":"https:\/\/api.w.org\/{rel}","templated":true}]}}