{"id":408,"date":"2018-06-10T22:13:29","date_gmt":"2018-06-10T20:13:29","guid":{"rendered":"http:\/\/wp.bekkalokket.com\/?page_id=408"},"modified":"2024-06-16T15:33:57","modified_gmt":"2024-06-16T13:33:57","slug":"kari-mikalsen","status":"publish","type":"page","link":"https:\/\/bekkalokket.no\/index.php\/seperatutstillinger-fra-medlemmer\/kari-mikalsen\/","title":{"rendered":"Kari Mikalsen"},"content":{"rendered":"<p>Kari Mikalsen. En amat\u00f8rfotograf og bekkalokker, som tar fantastiske bilder!<\/p>\n<p>Se 11 av dem her:<\/p>\n<div aria-live=\"polite\" id=\"soliloquy-container-409_1\" class=\"soliloquy-container soliloquy-transition-fade  soliloquy-theme-classic\" style=\"max-width:960px;max-height:960px;\"><ul id=\"soliloquy-409_1\" class=\"soliloquy-slider soliloquy-slides soliloquy-wrap soliloquy-clear\"><li aria-hidden=\"true\" class=\"soliloquy-item soliloquy-item-1 soliloquy-image-slide\" draggable=\"false\" style=\"list-style:none\"><img decoding=\"async\" id=\"soliloquy-image-410\" class=\"soliloquy-image soliloquy-image-1\" src=\"https:\/\/bekkalokket.no\/wp-content\/uploads\/2018\/06\/ArtRanger-1-of-1.jpg\" alt=\"ArtRanger (1 of 1)\" \/><\/li><li aria-hidden=\"true\" class=\"soliloquy-item soliloquy-item-2 soliloquy-image-slide\" draggable=\"false\" style=\"list-style:none\"><img decoding=\"async\" id=\"soliloquy-image-411\" class=\"soliloquy-image soliloquy-image-2\" src=\"https:\/\/bekkalokket.no\/wp-content\/uploads\/2018\/06\/den-gronnmalte-1-of-1.jpg\" alt=\"den gronnmalte (1 of 1)\" \/><\/li><li aria-hidden=\"true\" class=\"soliloquy-item soliloquy-item-3 soliloquy-image-slide\" draggable=\"false\" style=\"list-style:none\"><img decoding=\"async\" id=\"soliloquy-image-412\" class=\"soliloquy-image soliloquy-image-3\" src=\"https:\/\/bekkalokket.no\/wp-content\/uploads\/2018\/06\/DJ-1-of-1.jpg\" alt=\"DJ (1 of 1)\" \/><\/li><li aria-hidden=\"true\" class=\"soliloquy-item soliloquy-item-4 soliloquy-image-slide\" draggable=\"false\" style=\"list-style:none\"><img decoding=\"async\" id=\"soliloquy-image-413\" class=\"soliloquy-image soliloquy-image-4\" src=\"https:\/\/bekkalokket.no\/wp-content\/uploads\/2018\/06\/morgenstemning-1-of-1.jpg\" alt=\"morgenstemning (1 of 1)\" \/><\/li><li aria-hidden=\"true\" class=\"soliloquy-item soliloquy-item-5 soliloquy-image-slide\" draggable=\"false\" style=\"list-style:none\"><img decoding=\"async\" id=\"soliloquy-image-414\" class=\"soliloquy-image soliloquy-image-5\" src=\"https:\/\/bekkalokket.no\/wp-content\/uploads\/2018\/06\/morgentake-1-of-1-2.jpg\" alt=\"morgentake (1 of 1)-2\" \/><\/li><li aria-hidden=\"true\" class=\"soliloquy-item soliloquy-item-6 soliloquy-image-slide\" draggable=\"false\" style=\"list-style:none\"><img decoding=\"async\" id=\"soliloquy-image-415\" class=\"soliloquy-image soliloquy-image-6\" src=\"https:\/\/bekkalokket.no\/wp-content\/uploads\/2018\/06\/Rauki-pa-Faro-1-of-1.jpg\" alt=\"Rauki pa Faro (1 of 1)\" \/><\/li><li aria-hidden=\"true\" class=\"soliloquy-item soliloquy-item-7 soliloquy-image-slide\" draggable=\"false\" style=\"list-style:none\"><img decoding=\"async\" id=\"soliloquy-image-416\" class=\"soliloquy-image soliloquy-image-7\" src=\"https:\/\/bekkalokket.no\/wp-content\/uploads\/2018\/06\/Street-Art-in-Perpignan-1-of-1.jpg\" alt=\"Street Art in Perpignan (1 of 1)\" \/><\/li><li aria-hidden=\"true\" class=\"soliloquy-item soliloquy-item-8 soliloquy-image-slide\" draggable=\"false\" style=\"list-style:none\"><img decoding=\"async\" id=\"soliloquy-image-417\" class=\"soliloquy-image soliloquy-image-8\" src=\"https:\/\/bekkalokket.no\/wp-content\/uploads\/2018\/06\/svanens-dod-1-of-1.jpg\" alt=\"svanens dod (1 of 1)\" \/><\/li><li aria-hidden=\"true\" class=\"soliloquy-item soliloquy-item-9 soliloquy-image-slide\" draggable=\"false\" style=\"list-style:none\"><img decoding=\"async\" id=\"soliloquy-image-418\" class=\"soliloquy-image soliloquy-image-9\" src=\"https:\/\/bekkalokket.no\/wp-content\/uploads\/2018\/06\/vandreren-1-of-1.jpg\" alt=\"vandreren (1 of 1)\" \/><\/li><li aria-hidden=\"true\" class=\"soliloquy-item soliloquy-item-10 soliloquy-image-slide\" draggable=\"false\" style=\"list-style:none\"><img decoding=\"async\" id=\"soliloquy-image-419\" class=\"soliloquy-image soliloquy-image-10\" src=\"https:\/\/bekkalokket.no\/wp-content\/uploads\/2018\/06\/vindusvasker-1-of-1.jpg\" alt=\"vindusvasker (1 of 1)\" \/><\/li><li aria-hidden=\"true\" class=\"soliloquy-item soliloquy-item-11 soliloquy-image-slide\" draggable=\"false\" style=\"list-style:none\"><img decoding=\"async\" id=\"soliloquy-image-420\" class=\"soliloquy-image soliloquy-image-11\" src=\"https:\/\/bekkalokket.no\/wp-content\/uploads\/2018\/06\/vintertre-i-Collioure-1-of-1.jpg\" alt=\"vintertre i Collioure (1 of 1)\" \/><\/li><\/ul><\/div><noscript><style type=\"text\/css\">#soliloquy-container-409_1{opacity:1}<\/style><\/noscript>\n<p><em>(bildene kommer ca 5 sekunder hver, s\u00e5 g\u00e5r de automatisk videre til neste bilde)<\/em><\/p>\n<\/p>\n\n\n<h2 class=\"wp-block-heading\">Om fotografen Kari Mikalsen<\/h2>\n\n\n\n<p>Kari Mikalsen er f\u00f8dt i Sarpsborg. Etter \u00e5 ha bodd i Bergen i 38 \u00e5r flyttet hun tilbake til \u00d8stfold, og bosatte seg i Fredrikstad i 2015.<\/p>\n\n\n\n<p>I 2024 har Kari v\u00e6rt medlem av Bekkalokket Fotoklubben i hele 31 \u00e5r. I 6 av disse \u00e5rene har hun sittet i styret, hvorav 3 \u00e5r som leder (1999-2001). Kari har i tillegg gjennom 6 \u00e5r deltatt aktivt i mange \u00e5r i klubbens komiteer og arrangementer: <\/p>\n\n\n\n<ul class=\"wp-block-list\">\n<li> Fotomaraton 1997<\/li>\n\n\n\n<li>Natteravnkomiteen<\/li>\n\n\n\n<li>Internettkomiteen<\/li>\n\n\n\n<li>Utstillingskomiteen<\/li>\n<\/ul>\n\n\n\n<p>Kari har ogs\u00e5 sittet hele 7 \u00e5r i styret for <a href=\"https:\/\/nsff.no\/\" target=\"_blank\" rel=\"noreferrer noopener\">NSFF <\/a>(Norsk Selskap for Fotografi) , pluss 1 \u00e5r i valgkomitee, 2 \u00e5r i Ungdomsutvalget, 2 \u00e5r i programtenesten og 2 \u00e5r som NSFF regionskontakt.<\/p>\n\n\n\n<p>I tillegg til alt det administrative arbeidet har Kari i alle \u00e5r v\u00e6rt aktiv med \u00e5 vise bilder p\u00e5 klubbm\u00f8tene, og deltar i klubbens konkurranser og i NM. Hun har ogs\u00e5 v\u00e6rt en sv\u00e6rt god ambassad\u00f8r for klubben, da hun alltid har fremmet klubben p\u00e5 en god m\u00e5te i alle sammenhenger. <\/p>\n\n\n\n<p>Selv etter at hun har flyttet fra Bergen har hun fortsatt Bekkalokket som sin hovedklubb.<\/p>\n\n\n\n<p><\/p>\n\n\n\n<h2 class=\"wp-block-heading\">Kari Mikalsen med fotoutstilling i \u00d8stfold<\/h2>\n\n\n\n<p>I forbindelse med familiedag p\u00e5 Hvidsten g\u00e5rd og Roald Amundsens minne\u00a0(2016) ble Kari Mikalse invitert til \u00e5 ha fotoutstilling i Bryggerhuset p\u00e5 g\u00e5rden<\/p>\n\n\n\n<p>P\u00e5 nettsiden til NSFF sier Kari om seg selv: &#8220;\u00abJeg har i mange \u00e5r hatt fotografering som hobby og v\u00e6rt aktiv i amat\u00f8rfotomilj\u00f8et i Bergen. N\u00e5 har jeg flyttet tilbake til \u00d8stfold og bosatt meg i Fredrikstad. Dette blir f\u00f8rste gang jeg stiller ut bilder her hjemme.\u00bb<\/p>\n\n\n\n<h2 class=\"wp-block-heading\">\u00c6resmedlem i Bekkalokket Fotoklubb<\/h2>\n\n\n\n<p>Utnevnelsen som \u00e6resmedlem i Bekkalokket Fotoklubb begrunnes i en langvarig og betydelig innsats og engasjement for fotoklubben og dens medlemmer.<\/p>\n\n\n\n<p>Som \u00e6resmedlem i denne briljante fotoklubb f\u00f8lger det selvsagt forpliktelser. <\/p>\n\n\n\n<p>&#8220;Med ditt blide og omgjengelig vesen, kaste glans over Bekkalokket Fotoklubb i inn- og utland, ved \u00e5 b\u00e6re ditt hederstegn n\u00e5r og hvor du f\u00f8ler for det&#8221;.<\/p>\n\n\n\n<p><\/p>\n\n\n\n<p><a href=\"https:\/\/bekkalokket.no\/index.php\/2022\/05\/08\/kari-mikalsen-utnevnt-til-aeresmedlem\/\" target=\"_blank\" rel=\"noreferrer noopener\">Kari Mikalsen utnevnt&nbsp; til \u00e6resmedlem<\/a><\/p>\n\n\n\n<p><a href=\"https:\/\/nsff.no\/magasinet\/2021\/04\/30\/kari-mikalsen-med-separatutstilling-i-gamlebyen-fredrikstad\/\" target=\"_blank\" rel=\"noreferrer noopener\">Separatutstilling i gamlebyen Fredrikstad<\/a><\/p>\n\n\n\n<p><a href=\"https:\/\/forut.no\/karis-fotokunst\/\" target=\"_blank\" rel=\"noreferrer noopener\">FORUT har litt over 3000 faddere, og ei av dem heter Kari<\/a><\/p>\n","protected":false},"excerpt":{"rendered":"<p>Kari Mikalsen. En amat\u00f8rfotograf og bekkalokker, som tar fantastiske bilder! Se 11 av dem her: (bildene kommer ca 5 sekunder hver, s\u00e5 g\u00e5r de automatisk videre til neste bilde) Om fotografen Kari Mikalsen Kari&#46;&#46;&#46;<\/p>\n","protected":false},"author":1,"featured_media":8387,"parent":8950,"menu_order":0,"comment_status":"closed","ping_status":"closed","template":"","meta":{"footnotes":""},"class_list":["post-408","page","type-page","status-publish","has-post-thumbnail","hentry"],"yoast_head":"<!-- This site is optimized with the Yoast SEO plugin v27.5 - https:\/\/yoast.com\/product\/yoast-seo-wordpress\/ -->\n<title>Kari Mikalsen | Bekkalokket Fotoklubb<\/title>\n<meta name=\"description\" content=\"Bekkalokker og amat\u00f8rfotograf Kari Mikalsen tar fantastiske bilder. Klikk deg inn p\u00e5 v\u00e5r hjemmeside for \u00e5 se mer!\" \/>\n<meta name=\"robots\" content=\"index, follow, max-snippet:-1, max-image-preview:large, max-video-preview:-1\" \/>\n<link rel=\"canonical\" href=\"https:\/\/bekkalokket.no\/index.php\/seperatutstillinger-fra-medlemmer\/kari-mikalsen\/\" \/>\n<meta property=\"og:locale\" content=\"nb_NO\" \/>\n<meta property=\"og:type\" content=\"article\" \/>\n<meta property=\"og:title\" content=\"Kari Mikalsen | Bekkalokket Fotoklubb\" \/>\n<meta property=\"og:description\" content=\"Bekkalokker og amat\u00f8rfotograf Kari Mikalsen tar fantastiske bilder. Klikk deg inn p\u00e5 v\u00e5r hjemmeside for \u00e5 se mer!\" \/>\n<meta property=\"og:url\" content=\"https:\/\/bekkalokket.no\/index.php\/seperatutstillinger-fra-medlemmer\/kari-mikalsen\/\" \/>\n<meta property=\"og:site_name\" content=\"Bekkalokket Fotoklubb\" \/>\n<meta property=\"article:modified_time\" content=\"2024-06-16T13:33:57+00:00\" \/>\n<meta property=\"og:image\" content=\"https:\/\/bekkalokket.no\/wp-content\/uploads\/2024\/02\/PA151016-Kari-Mikalsen-\u2013-Kopi.jpg\" \/>\n\t<meta property=\"og:image:width\" content=\"2507\" \/>\n\t<meta property=\"og:image:height\" content=\"1672\" \/>\n\t<meta property=\"og:image:type\" content=\"image\/jpeg\" \/>\n<meta name=\"twitter:card\" content=\"summary_large_image\" \/>\n<meta name=\"twitter:label1\" content=\"Ansl. lesetid\" \/>\n\t<meta name=\"twitter:data1\" content=\"3 minutter\" \/>\n<script type=\"application\/ld+json\" class=\"yoast-schema-graph\">{\"@context\":\"https:\\\/\\\/schema.org\",\"@graph\":[{\"@type\":\"WebPage\",\"@id\":\"https:\\\/\\\/bekkalokket.no\\\/index.php\\\/seperatutstillinger-fra-medlemmer\\\/kari-mikalsen\\\/\",\"url\":\"https:\\\/\\\/bekkalokket.no\\\/index.php\\\/seperatutstillinger-fra-medlemmer\\\/kari-mikalsen\\\/\",\"name\":\"Kari Mikalsen | Bekkalokket Fotoklubb\",\"isPartOf\":{\"@id\":\"https:\\\/\\\/bekkalokket.no\\\/#website\"},\"primaryImageOfPage\":{\"@id\":\"https:\\\/\\\/bekkalokket.no\\\/index.php\\\/seperatutstillinger-fra-medlemmer\\\/kari-mikalsen\\\/#primaryimage\"},\"image\":{\"@id\":\"https:\\\/\\\/bekkalokket.no\\\/index.php\\\/seperatutstillinger-fra-medlemmer\\\/kari-mikalsen\\\/#primaryimage\"},\"thumbnailUrl\":\"https:\\\/\\\/bekkalokket.no\\\/wp-content\\\/uploads\\\/2024\\\/02\\\/PA151016-Kari-Mikalsen-\u2013-Kopi.jpg\",\"datePublished\":\"2018-06-10T20:13:29+00:00\",\"dateModified\":\"2024-06-16T13:33:57+00:00\",\"description\":\"Bekkalokker og amat\u00f8rfotograf Kari Mikalsen tar fantastiske bilder. Klikk deg inn p\u00e5 v\u00e5r hjemmeside for \u00e5 se mer!\",\"breadcrumb\":{\"@id\":\"https:\\\/\\\/bekkalokket.no\\\/index.php\\\/seperatutstillinger-fra-medlemmer\\\/kari-mikalsen\\\/#breadcrumb\"},\"inLanguage\":\"nb-NO\",\"potentialAction\":[{\"@type\":\"ReadAction\",\"target\":[\"https:\\\/\\\/bekkalokket.no\\\/index.php\\\/seperatutstillinger-fra-medlemmer\\\/kari-mikalsen\\\/\"]}]},{\"@type\":\"ImageObject\",\"inLanguage\":\"nb-NO\",\"@id\":\"https:\\\/\\\/bekkalokket.no\\\/index.php\\\/seperatutstillinger-fra-medlemmer\\\/kari-mikalsen\\\/#primaryimage\",\"url\":\"https:\\\/\\\/bekkalokket.no\\\/wp-content\\\/uploads\\\/2024\\\/02\\\/PA151016-Kari-Mikalsen-\u2013-Kopi.jpg\",\"contentUrl\":\"https:\\\/\\\/bekkalokket.no\\\/wp-content\\\/uploads\\\/2024\\\/02\\\/PA151016-Kari-Mikalsen-\u2013-Kopi.jpg\",\"width\":2507,\"height\":1672,\"caption\":\"Grasrotutstillingen 2023 - Bj\u00f8rgvin Fengsel. Fototgraf Kari Mikalsen\"},{\"@type\":\"BreadcrumbList\",\"@id\":\"https:\\\/\\\/bekkalokket.no\\\/index.php\\\/seperatutstillinger-fra-medlemmer\\\/kari-mikalsen\\\/#breadcrumb\",\"itemListElement\":[{\"@type\":\"ListItem\",\"position\":1,\"name\":\"Home\",\"item\":\"https:\\\/\\\/bekkalokket.no\\\/\"},{\"@type\":\"ListItem\",\"position\":2,\"name\":\"Seperatutstillinger fra medlemmer\",\"item\":\"https:\\\/\\\/bekkalokket.no\\\/index.php\\\/seperatutstillinger-fra-medlemmer\\\/\"},{\"@type\":\"ListItem\",\"position\":3,\"name\":\"Kari Mikalsen\"}]},{\"@type\":\"WebSite\",\"@id\":\"https:\\\/\\\/bekkalokket.no\\\/#website\",\"url\":\"https:\\\/\\\/bekkalokket.no\\\/\",\"name\":\"Bekkalokket Fotoklubb\",\"description\":\"En sosial og aktiv fotoklubb i Bergen\",\"potentialAction\":[{\"@type\":\"SearchAction\",\"target\":{\"@type\":\"EntryPoint\",\"urlTemplate\":\"https:\\\/\\\/bekkalokket.no\\\/?s={search_term_string}\"},\"query-input\":{\"@type\":\"PropertyValueSpecification\",\"valueRequired\":true,\"valueName\":\"search_term_string\"}}],\"inLanguage\":\"nb-NO\"}]}<\/script>\n<!-- \/ Yoast SEO plugin. -->","yoast_head_json":{"title":"Kari Mikalsen | Bekkalokket Fotoklubb","description":"Bekkalokker og amat\u00f8rfotograf Kari Mikalsen tar fantastiske bilder. Klikk deg inn p\u00e5 v\u00e5r hjemmeside for \u00e5 se mer!","robots":{"index":"index","follow":"follow","max-snippet":"max-snippet:-1","max-image-preview":"max-image-preview:large","max-video-preview":"max-video-preview:-1"},"canonical":"https:\/\/bekkalokket.no\/index.php\/seperatutstillinger-fra-medlemmer\/kari-mikalsen\/","og_locale":"nb_NO","og_type":"article","og_title":"Kari Mikalsen | Bekkalokket Fotoklubb","og_description":"Bekkalokker og amat\u00f8rfotograf Kari Mikalsen tar fantastiske bilder. Klikk deg inn p\u00e5 v\u00e5r hjemmeside for \u00e5 se mer!","og_url":"https:\/\/bekkalokket.no\/index.php\/seperatutstillinger-fra-medlemmer\/kari-mikalsen\/","og_site_name":"Bekkalokket Fotoklubb","article_modified_time":"2024-06-16T13:33:57+00:00","og_image":[{"width":2507,"height":1672,"url":"https:\/\/bekkalokket.no\/wp-content\/uploads\/2024\/02\/PA151016-Kari-Mikalsen-\u2013-Kopi.jpg","type":"image\/jpeg"}],"twitter_card":"summary_large_image","twitter_misc":{"Ansl. lesetid":"3 minutter"},"schema":{"@context":"https:\/\/schema.org","@graph":[{"@type":"WebPage","@id":"https:\/\/bekkalokket.no\/index.php\/seperatutstillinger-fra-medlemmer\/kari-mikalsen\/","url":"https:\/\/bekkalokket.no\/index.php\/seperatutstillinger-fra-medlemmer\/kari-mikalsen\/","name":"Kari Mikalsen | Bekkalokket Fotoklubb","isPartOf":{"@id":"https:\/\/bekkalokket.no\/#website"},"primaryImageOfPage":{"@id":"https:\/\/bekkalokket.no\/index.php\/seperatutstillinger-fra-medlemmer\/kari-mikalsen\/#primaryimage"},"image":{"@id":"https:\/\/bekkalokket.no\/index.php\/seperatutstillinger-fra-medlemmer\/kari-mikalsen\/#primaryimage"},"thumbnailUrl":"https:\/\/bekkalokket.no\/wp-content\/uploads\/2024\/02\/PA151016-Kari-Mikalsen-\u2013-Kopi.jpg","datePublished":"2018-06-10T20:13:29+00:00","dateModified":"2024-06-16T13:33:57+00:00","description":"Bekkalokker og amat\u00f8rfotograf Kari Mikalsen tar fantastiske bilder. Klikk deg inn p\u00e5 v\u00e5r hjemmeside for \u00e5 se mer!","breadcrumb":{"@id":"https:\/\/bekkalokket.no\/index.php\/seperatutstillinger-fra-medlemmer\/kari-mikalsen\/#breadcrumb"},"inLanguage":"nb-NO","potentialAction":[{"@type":"ReadAction","target":["https:\/\/bekkalokket.no\/index.php\/seperatutstillinger-fra-medlemmer\/kari-mikalsen\/"]}]},{"@type":"ImageObject","inLanguage":"nb-NO","@id":"https:\/\/bekkalokket.no\/index.php\/seperatutstillinger-fra-medlemmer\/kari-mikalsen\/#primaryimage","url":"https:\/\/bekkalokket.no\/wp-content\/uploads\/2024\/02\/PA151016-Kari-Mikalsen-\u2013-Kopi.jpg","contentUrl":"https:\/\/bekkalokket.no\/wp-content\/uploads\/2024\/02\/PA151016-Kari-Mikalsen-\u2013-Kopi.jpg","width":2507,"height":1672,"caption":"Grasrotutstillingen 2023 - Bj\u00f8rgvin Fengsel. Fototgraf Kari Mikalsen"},{"@type":"BreadcrumbList","@id":"https:\/\/bekkalokket.no\/index.php\/seperatutstillinger-fra-medlemmer\/kari-mikalsen\/#breadcrumb","itemListElement":[{"@type":"ListItem","position":1,"name":"Home","item":"https:\/\/bekkalokket.no\/"},{"@type":"ListItem","position":2,"name":"Seperatutstillinger fra medlemmer","item":"https:\/\/bekkalokket.no\/index.php\/seperatutstillinger-fra-medlemmer\/"},{"@type":"ListItem","position":3,"name":"Kari Mikalsen"}]},{"@type":"WebSite","@id":"https:\/\/bekkalokket.no\/#website","url":"https:\/\/bekkalokket.no\/","name":"Bekkalokket Fotoklubb","description":"En sosial og aktiv fotoklubb i Bergen","potentialAction":[{"@type":"SearchAction","target":{"@type":"EntryPoint","urlTemplate":"https:\/\/bekkalokket.no\/?s={search_term_string}"},"query-input":{"@type":"PropertyValueSpecification","valueRequired":true,"valueName":"search_term_string"}}],"inLanguage":"nb-NO"}]}},"_links":{"self":[{"href":"https:\/\/bekkalokket.no\/index.php\/wp-json\/wp\/v2\/pages\/408","targetHints":{"allow":["GET"]}}],"collection":[{"href":"https:\/\/bekkalokket.no\/index.php\/wp-json\/wp\/v2\/pages"}],"about":[{"href":"https:\/\/bekkalokket.no\/index.php\/wp-json\/wp\/v2\/types\/page"}],"author":[{"embeddable":true,"href":"https:\/\/bekkalokket.no\/index.php\/wp-json\/wp\/v2\/users\/1"}],"replies":[{"embeddable":true,"href":"https:\/\/bekkalokket.no\/index.php\/wp-json\/wp\/v2\/comments?post=408"}],"version-history":[{"count":7,"href":"https:\/\/bekkalokket.no\/index.php\/wp-json\/wp\/v2\/pages\/408\/revisions"}],"predecessor-version":[{"id":8949,"href":"https:\/\/bekkalokket.no\/index.php\/wp-json\/wp\/v2\/pages\/408\/revisions\/8949"}],"up":[{"embeddable":true,"href":"https:\/\/bekkalokket.no\/index.php\/wp-json\/wp\/v2\/pages\/8950"}],"wp:featuredmedia":[{"embeddable":true,"href":"https:\/\/bekkalokket.no\/index.php\/wp-json\/wp\/v2\/media\/8387"}],"wp:attachment":[{"href":"https:\/\/bekkalokket.no\/index.php\/wp-json\/wp\/v2\/media?parent=408"}],"curies":[{"name":"wp","href":"https:\/\/api.w.org\/{rel}","templated":true}]}}