{"id":6925,"date":"2023-08-24T00:40:02","date_gmt":"2023-08-23T22:40:02","guid":{"rendered":"https:\/\/bekkalokket.no\/?page_id=6925"},"modified":"2023-09-26T14:17:04","modified_gmt":"2023-09-26T12:17:04","slug":"libeller-og-oyenstikkere-med-eli-sorensen","status":"publish","type":"page","link":"https:\/\/bekkalokket.no\/index.php\/forside\/libeller-og-oyenstikkere-med-eli-sorensen\/","title":{"rendered":"Libeller og \u00f8yenstikkere med Eli S\u00f8rensen"},"content":{"rendered":"\n<p>Via bildevisninger, foredrag p\u00e5 klubbkvelder og premierte bilder i fotokonkurranser har vi f\u00e5tt sett v\u00e5r dyktige bekkalokker Eli S\u00f8rensen`s flott naturbilder tett p\u00e5 dyrelivet. Alt fra store pattedyr i kalde nord til sm\u00e5 innsekter som libeller, og \u00f8yenstikkere i fjellet rundt Bergen.<\/p>\n\n\n\n<p>Eli har mye naturkunnskaper i tillegg til fotografiske kunnskaper.<\/p>\n\n\n\n<p>Lidenskap for fotografering f\u00f8re til egne fotoprosjekter, og mange eventyrlige fototurer inn i dyreverden og natur.<\/p>\n\n\n\n<p>Eli er en dyktig fuglefotograf, og en engasjert st\u00f8ttespiller for \u00e5 verne fugler og deres leveomr\u00e5der.<\/p>\n\n\n\n<p>Fuglefotografering skiller seg fra mange andre typer fotografering. Motiver fanges ofte i bevegelse, og i tillegg foreg\u00e5r fotograferingen helt p\u00e5 fuglenes premisser.<\/p>\n\n\n\n<p>Eli nevner at det \u00e5 v\u00e6re en god fotograf inneber at du m\u00e5 kjenne godt til motivet som skal fotograferes. Det  handler like mye om \u00e5 ha kunnskap om hvordan dyrene oppf\u00f8rer seg, og samtidig \u00f8ve og praktisere for \u00e5 bli god.<\/p>\n\n\n\n<p>P\u00e5 f\u00f8rste klubbkvelden ved oppstart av h\u00f8stsesongen 2023 ble det vist bilder fra sommeren. Her var vi s\u00e5 heldige \u00e5 fikk se bilder Eli hadde tatt fra Svalbard av isbj\u00f8rn og hvalross.<\/p>\n\n\n\n<p>Historiene bak bildene blir fortalt, som d\u00e5 hun var p\u00e5 Svalbard. M\u00f8te med b\u00e5de store og sm\u00e5 hvalrosser. Klumpete, nesten h\u00e5rl\u00f8se hvalross kropper tett i tett med sine strie barter og karakteristiske, lange hj\u00f8rnetenner. M\u00f8te med isbj\u00f8rnen som fikk pulsen til \u00e5 stige litt for raskt n\u00e5r isbj\u00f8rnen n\u00e6rmet seg. <\/p>\n\n\n\n<h2 class=\"wp-block-heading\">Med interesse, engasjement og stor respekt for naturen formidler og deler Eli fra egne erfaringer til klubbens medlemmer<\/h2>\n\n\n\n<p>\u00d8yenstikkere er store, dag aktive insekter med ofte flotte farger. De er utfordrende \u00e5 fotografere, og vanskelig \u00e5 fange skarpe, gode bilder p\u00e5 minnebrikken. <\/p>\n\n\n\n<p>Eli er veldig god p\u00e5 dette, og i helgen tok hun med seg klubbmedlemmer p\u00e5 et av <a href=\"https:\/\/www.visitbergen.com\/\" target=\"_blank\" rel=\"noreferrer noopener\">Bergen<\/a> sine fjelltopper, <a href=\"https:\/\/www.floyen.no\/\">Fl\u00f8ye<\/a><a href=\"https:\/\/www.floyen.no\/\" target=\"_blank\" rel=\"noreferrer noopener\">n<\/a> og n\u00e6romr\u00e5det.<\/p>\n\n\n\n<p>\u00d8yenstikkere er innsekter som lett kan kjennes p\u00e5 sin lange, smale kropp med doble vingepar som har rikt \u00e5renett.<\/p>\n\n\n\n<p>Hos de store&nbsp;<em>libellene<\/em>, eller egentlige \u00f8yenstikkere (<em>Anisoptera<\/em>), sitter \u00f8ynene tett sammen, og bakvingene er bredere enn forvingene.<\/p>\n\n\n\n<p>Det vrimler av \u00f8yenstikkere i enkelte omr\u00e5der, og de sitter ikke stille. Eli l\u00e6rer villig vekk av sine kunnskaper. &#8220;Fotostacking&#8221; ble testet ut, og viste seg \u00e5 v\u00e6re sv\u00e6rt s\u00e5 effektivt med skarphet p\u00e5 hele \u00f8yenstikkeren og diffus bakgrunn.<\/p>\n\n\n\n<p>&#8220;Stacking&#8221; betyr stable med teknikk der man tar flere bilder av et motiv, og flytter fokus eller endrer avstand til motivet en anelse mellom hvert bilde. Deretter blir bildene satt sammen til ett bilde der dybdeskarpheten er mye st\u00f8rre.<\/p>\n\n\n\n<div class=\"wp-block-columns is-layout-flex wp-container-core-columns-is-layout-9d6595d7 wp-block-columns-is-layout-flex\">\n<div class=\"wp-block-column is-layout-flow wp-block-column-is-layout-flow\">\n<figure class=\"wp-block-image size-large\"><img loading=\"lazy\" decoding=\"async\" width=\"1024\" height=\"768\" src=\"https:\/\/bekkalokket.no\/wp-content\/uploads\/2023\/08\/Svarthostlibelle-Med-stacking-1-1024x768.jpg\" alt=\"Fotografering av libeller og \u00f8yenstikker med klubbmedlem Eli S\u00f8rensen.\" class=\"wp-image-6938\" srcset=\"https:\/\/bekkalokket.no\/wp-content\/uploads\/2023\/08\/Svarthostlibelle-Med-stacking-1-1024x768.jpg 1024w, https:\/\/bekkalokket.no\/wp-content\/uploads\/2023\/08\/Svarthostlibelle-Med-stacking-1-300x225.jpg 300w, https:\/\/bekkalokket.no\/wp-content\/uploads\/2023\/08\/Svarthostlibelle-Med-stacking-1-768x576.jpg 768w, https:\/\/bekkalokket.no\/wp-content\/uploads\/2023\/08\/Svarthostlibelle-Med-stacking-1.jpg 1440w\" sizes=\"auto, (max-width: 1024px) 100vw, 1024px\" \/><\/figure>\n\n\n\n<p>Svarteh\u00f8stlibelle<\/p>\n\n\n\n<p>Fotograf: Eli S\u00f8rensen<\/p>\n<\/div>\n\n\n\n<div class=\"wp-block-column is-layout-flow wp-block-column-is-layout-flow\">\n<figure class=\"wp-block-image size-large\"><img loading=\"lazy\" decoding=\"async\" width=\"1024\" height=\"768\" src=\"https:\/\/bekkalokket.no\/wp-content\/uploads\/2023\/08\/Starrlibelle_lordag-1024x768.jpg\" alt=\"\" class=\"wp-image-6940\" srcset=\"https:\/\/bekkalokket.no\/wp-content\/uploads\/2023\/08\/Starrlibelle_lordag-1024x768.jpg 1024w, https:\/\/bekkalokket.no\/wp-content\/uploads\/2023\/08\/Starrlibelle_lordag-300x225.jpg 300w, https:\/\/bekkalokket.no\/wp-content\/uploads\/2023\/08\/Starrlibelle_lordag-768x576.jpg 768w, https:\/\/bekkalokket.no\/wp-content\/uploads\/2023\/08\/Starrlibelle_lordag.jpg 1440w\" sizes=\"auto, (max-width: 1024px) 100vw, 1024px\" \/><\/figure>\n\n\n\n<p>Starrlibelle<\/p>\n\n\n\n<p>Fotograf: Eli S\u00f8rensen<\/p>\n\n\n\n<p><\/p>\n<\/div>\n<\/div>\n\n\n\n<div style=\"height:28px\" aria-hidden=\"true\" class=\"wp-block-spacer\"><\/div>\n\n\n\n<h3 class=\"wp-block-heading\">Bekkalokket Fotoklubb deler ut &#8220;\u00c5rets Kunstfoto 2019&#8221;<\/h3>\n\n\n\n<p>\u00c5rlig loddes det ut et &#8220;Kunstfotografi&#8221; for \u00e5 motivere klubbens medlemmer til deltagelse og aktivitet p\u00e5 klubbm\u00f8ter, og til deltagelse i ulike fotokonkurranser.<\/p>\n\n\n\n<p>Den heldige vinner av &#8220;\u00c5rets Kunstfoto 2019&#8221; ble Eli S\u00f8rensen.<\/p>\n\n\n\n<figure class=\"wp-block-image size-large\"><a href=\"https:\/\/bekkalokket.no\/index.php\/arets-kunstfoto-ny\/\"><img loading=\"lazy\" decoding=\"async\" width=\"1024\" height=\"1024\" src=\"https:\/\/bekkalokket.no\/wp-content\/uploads\/2019\/12\/arets_kunstfoto_2019-e1575918463251-1024x1024.jpg\" alt=\"\u00c5rets kunstfoto 2019 vunnet av Eli S\u00f8rensen\" class=\"wp-image-2880\" srcset=\"https:\/\/bekkalokket.no\/wp-content\/uploads\/2019\/12\/arets_kunstfoto_2019-e1575918463251-1024x1024.jpg 1024w, https:\/\/bekkalokket.no\/wp-content\/uploads\/2019\/12\/arets_kunstfoto_2019-e1575918463251-150x150.jpg 150w, https:\/\/bekkalokket.no\/wp-content\/uploads\/2019\/12\/arets_kunstfoto_2019-e1575918463251-300x300.jpg 300w, https:\/\/bekkalokket.no\/wp-content\/uploads\/2019\/12\/arets_kunstfoto_2019-e1575918463251-768x768.jpg 768w, https:\/\/bekkalokket.no\/wp-content\/uploads\/2019\/12\/arets_kunstfoto_2019-e1575918463251-160x160.jpg 160w, https:\/\/bekkalokket.no\/wp-content\/uploads\/2019\/12\/arets_kunstfoto_2019-e1575918463251-320x320.jpg 320w, https:\/\/bekkalokket.no\/wp-content\/uploads\/2019\/12\/arets_kunstfoto_2019-e1575918463251.jpg 1080w\" sizes=\"auto, (max-width: 1024px) 100vw, 1024px\" \/><\/a><figcaption class=\"wp-element-caption\"><strong>I 2019 ble Eli S\u00f8rensen vinner av &#8220;\u00c5rets Kunstfoto&#8221;<\/strong><\/figcaption><\/figure>\n\n\n\n<p>Bildet med tittelen &#8221; Pappa&#8221; er tatt av den anerkjente fotografen <strong>Ronny \u00d8stnes.<\/strong><\/p>\n\n\n\n<p>Prosjektet \u00abPappa\u00bb er egentlig en\u00a0sorgbearbeiding, og et minne etter hans far som d\u00f8de s\u00e5 altfor tidlig.\u00a0<\/p>\n\n\n\n<p>Bildet er et &#8220;utsnitt\u00bb av prosjektet \u00abPappa\u00bb. Det valgte bildet representerer p\u00e5 et vis\u00a0en hel historie.<\/p>\n\n\n\n<p><a href=\"https:\/\/bekkalokket.no\/index.php\/arets-kunstfoto-ny\/\">\u00c5rets Kunstfoto<\/a><\/p>\n\n\n\n<div style=\"height:11px\" aria-hidden=\"true\" class=\"wp-block-spacer\"><\/div>\n\n\n\n<h4 class=\"wp-block-heading\">Fotoutstillingen &#8211; Kvinner av byen &#8211; 100 Portretter <\/h4>\n\n\n\n<p>Ronny \u00d8stnes er utdannet fotograf, og arbeider kontinuerlig med prosjekter.<\/p>\n\n\n\n<p>Fotografen fra Str\u00f8mmen har utgitt flere b\u00f8ker, og hatt en rekke utstillinger b\u00e5de nasjonalt og internasjonalt. Han er ogs\u00e5 tildelt en rekke priser og stipend for sitt arbeid.<\/p>\n\n\n\n<p>I over 2 \u00e5r jobbet den prisbel\u00f8nte fotografen Ronny \u00d8stnes med \u00e5 portrettere engasjerte kvinner i Bergen by.<\/p>\n\n\n\n<p>Oldeforeldrene til Ronny er fra Bergen, og fotografen har f\u00e5tt god hjelp av mange bergensere til prosjektet sitt.<\/p>\n\n\n\n<p>100 portretter handler om noe mer enn 100 fotografier, sier \u00d8stnes. Det er m\u00f8ter og samtaler. Noen ganger fikk han kanskje bare fem minutter til \u00e5 l\u00f8se oppgaven, andre ganger ble det lange samtaler og berikende m\u00f8ter.\u00a0<\/p>\n\n\n\n<p>Det ble av kvinner som alle eier et stort engasjement for andre eller for noe annet rundt seg i samfunnet.<\/p>\n\n\n\n<p>Fotografen sier han har v\u00e6rt opptatt av at prosjektet skal speile\u00a0<em>hele<\/em>\u00a0det kvinnelige Bergen, ikke bare kjendisene.<\/p>\n\n\n\n<p>Kjente n\u00e6ringslivstopper, kulturprofiler, mediefjes og politikere er alle \u00e5 finne i fotoutstillingen.<\/p>\n\n\n\n<p>Utstillingen ble sponset av Grieg Foundation.<\/p>\n\n\n\n<p><a href=\"https:\/\/www.griegfoundation.com\/what-we-support\">Grieg Foundation fem prioriterte omr\u00e5der<\/a><\/p>\n\n\n\n<p><a href=\"https:\/\/www.ba.no\/fotografen-har-brukt-to-ar-pa-prosjektet-na-stilles-portretter-av-hundre-bergenskvinner-ut-i-grieghallen\/s\/5-8-1999221\">Les mer om ustillingen i artikkelen fra BA<\/a><\/p>\n\n\n\n<div style=\"height:39px\" aria-hidden=\"true\" class=\"wp-block-spacer\"><\/div>\n\n\n\n<h3 class=\"wp-block-heading\">Hvert \u00e5r i Bekkalokket Fotoklubb k\u00e5res ogs\u00e5 &#8220;\u00c5rets bilde&#8221;<\/h3>\n\n\n\n<p>\u00c5rets bilde for 2018 er <strong>&#8220;Blue Fairytale&#8221; av dyktige fotograf og bekkalokker Eli S\u00f8rensen<\/strong><\/p>\n\n\n\n<p><a href=\"https:\/\/bekkalokket.no\/index.php\/arets-kunstfoto-ny\/\">\u00c5rets bilder<\/a><\/p>\n\n\n<div class=\"wp-block-image\">\n<figure class=\"aligncenter size-large\"><a href=\"https:\/\/bekkalokket.no\/index.php\/2018\/12\/09\/arets-fotograf-og-arets-bilde-er-offentliggjort\/\" target=\"_blank\" rel=\"https:\/\/bekkalokket.no\/index.php\/2018\/12\/09\/arets-fotograf-og-arets-bilde-er-offentliggjort\/ noopener\"><img loading=\"lazy\" decoding=\"async\" width=\"1024\" height=\"683\" src=\"https:\/\/bekkalokket.no\/wp-content\/uploads\/2018\/12\/02_eli_sorensen_Blue-fairytale-1024x683.jpg\" alt=\"Bekkalokket Fotoklubb k\u00e5rer \u00e5rets bilde for 2018 - Blue Fairytale - Fotograf Eli S\u00f8rensen \" class=\"wp-image-2259\" srcset=\"https:\/\/bekkalokket.no\/wp-content\/uploads\/2018\/12\/02_eli_sorensen_Blue-fairytale-1024x683.jpg 1024w, https:\/\/bekkalokket.no\/wp-content\/uploads\/2018\/12\/02_eli_sorensen_Blue-fairytale-300x200.jpg 300w, https:\/\/bekkalokket.no\/wp-content\/uploads\/2018\/12\/02_eli_sorensen_Blue-fairytale-768x512.jpg 768w, https:\/\/bekkalokket.no\/wp-content\/uploads\/2018\/12\/02_eli_sorensen_Blue-fairytale.jpg 1620w\" sizes=\"auto, (max-width: 1024px) 100vw, 1024px\" \/><\/a><figcaption class=\"wp-element-caption\"><strong>Bekkalokket Fotoklubb k\u00e5rer \u00e5rets bilde for 2018 &#8211; Blue Fairytale &#8211; Fotograf Eli S\u00f8rensen <\/strong><\/figcaption><\/figure>\n<\/div>\n\n\n<p><a href=\"https:\/\/bekkalokket.no\/index.php\/2018\/12\/09\/arets-fotograf-og-arets-bilde-er-offentliggjort\/\">\u00c5rets fotograf og \u00c5rets bilde for 2018<\/a><\/p>\n","protected":false},"excerpt":{"rendered":"<p>Via bildevisninger, foredrag p\u00e5 klubbkvelder og premierte bilder i fotokonkurranser har vi f\u00e5tt sett v\u00e5r dyktige bekkalokker Eli S\u00f8rensen`s flott naturbilder tett p\u00e5 dyrelivet. Alt fra store pattedyr i kalde nord til sm\u00e5 innsekter&#46;&#46;&#46;<\/p>\n","protected":false},"author":8,"featured_media":0,"parent":30,"menu_order":0,"comment_status":"closed","ping_status":"closed","template":"","meta":{"footnotes":""},"class_list":["post-6925","page","type-page","status-publish","hentry"],"yoast_head":"<!-- This site is optimized with the Yoast SEO plugin v27.5 - https:\/\/yoast.com\/product\/yoast-seo-wordpress\/ -->\n<title>Libeller og \u00f8yenstikkere med Eli S\u00f8rensen | Bekkalokket Fotoklubb<\/title>\n<meta name=\"description\" content=\"Macro fotografering av libeller og \u00f8yenstikkere med dyktige klubbmedlem Eli S\u00f8rensen p\u00e5 Stoltzekleiven og n\u00e6romr\u00e5det. Les mer!\" \/>\n<meta name=\"robots\" content=\"index, follow, max-snippet:-1, max-image-preview:large, max-video-preview:-1\" \/>\n<link rel=\"canonical\" href=\"https:\/\/bekkalokket.no\/index.php\/forside\/libeller-og-oyenstikkere-med-eli-sorensen\/\" \/>\n<meta property=\"og:locale\" content=\"nb_NO\" \/>\n<meta property=\"og:type\" content=\"article\" \/>\n<meta property=\"og:title\" content=\"Libeller og \u00f8yenstikkere med Eli S\u00f8rensen | Bekkalokket Fotoklubb\" \/>\n<meta property=\"og:description\" content=\"Macro fotografering av libeller og \u00f8yenstikkere med dyktige klubbmedlem Eli S\u00f8rensen p\u00e5 Stoltzekleiven og n\u00e6romr\u00e5det. Les mer!\" \/>\n<meta property=\"og:url\" content=\"https:\/\/bekkalokket.no\/index.php\/forside\/libeller-og-oyenstikkere-med-eli-sorensen\/\" \/>\n<meta property=\"og:site_name\" content=\"Bekkalokket Fotoklubb\" \/>\n<meta property=\"article:modified_time\" content=\"2023-09-26T12:17:04+00:00\" \/>\n<meta property=\"og:image\" content=\"https:\/\/bekkalokket.no\/wp-content\/uploads\/2023\/08\/Svarthostlibelle-Med-stacking-1-1024x768.jpg\" \/>\n<meta name=\"twitter:card\" content=\"summary_large_image\" \/>\n<meta name=\"twitter:label1\" content=\"Ansl. lesetid\" \/>\n\t<meta name=\"twitter:data1\" content=\"5 minutter\" \/>\n<script type=\"application\/ld+json\" class=\"yoast-schema-graph\">{\"@context\":\"https:\\\/\\\/schema.org\",\"@graph\":[{\"@type\":\"WebPage\",\"@id\":\"https:\\\/\\\/bekkalokket.no\\\/index.php\\\/forside\\\/libeller-og-oyenstikkere-med-eli-sorensen\\\/\",\"url\":\"https:\\\/\\\/bekkalokket.no\\\/index.php\\\/forside\\\/libeller-og-oyenstikkere-med-eli-sorensen\\\/\",\"name\":\"Libeller og \u00f8yenstikkere med Eli S\u00f8rensen | Bekkalokket Fotoklubb\",\"isPartOf\":{\"@id\":\"https:\\\/\\\/bekkalokket.no\\\/#website\"},\"primaryImageOfPage\":{\"@id\":\"https:\\\/\\\/bekkalokket.no\\\/index.php\\\/forside\\\/libeller-og-oyenstikkere-med-eli-sorensen\\\/#primaryimage\"},\"image\":{\"@id\":\"https:\\\/\\\/bekkalokket.no\\\/index.php\\\/forside\\\/libeller-og-oyenstikkere-med-eli-sorensen\\\/#primaryimage\"},\"thumbnailUrl\":\"https:\\\/\\\/bekkalokket.no\\\/wp-content\\\/uploads\\\/2023\\\/08\\\/Svarthostlibelle-Med-stacking-1-1024x768.jpg\",\"datePublished\":\"2023-08-23T22:40:02+00:00\",\"dateModified\":\"2023-09-26T12:17:04+00:00\",\"description\":\"Macro fotografering av libeller og \u00f8yenstikkere med dyktige klubbmedlem Eli S\u00f8rensen p\u00e5 Stoltzekleiven og n\u00e6romr\u00e5det. Les mer!\",\"breadcrumb\":{\"@id\":\"https:\\\/\\\/bekkalokket.no\\\/index.php\\\/forside\\\/libeller-og-oyenstikkere-med-eli-sorensen\\\/#breadcrumb\"},\"inLanguage\":\"nb-NO\",\"potentialAction\":[{\"@type\":\"ReadAction\",\"target\":[\"https:\\\/\\\/bekkalokket.no\\\/index.php\\\/forside\\\/libeller-og-oyenstikkere-med-eli-sorensen\\\/\"]}]},{\"@type\":\"ImageObject\",\"inLanguage\":\"nb-NO\",\"@id\":\"https:\\\/\\\/bekkalokket.no\\\/index.php\\\/forside\\\/libeller-og-oyenstikkere-med-eli-sorensen\\\/#primaryimage\",\"url\":\"https:\\\/\\\/bekkalokket.no\\\/wp-content\\\/uploads\\\/2023\\\/08\\\/Svarthostlibelle-Med-stacking-1.jpg\",\"contentUrl\":\"https:\\\/\\\/bekkalokket.no\\\/wp-content\\\/uploads\\\/2023\\\/08\\\/Svarthostlibelle-Med-stacking-1.jpg\",\"width\":1440,\"height\":1080,\"caption\":\"Fotografering av libeller og \u00f8yenstikker med klubbmedlem Eli S\u00f8rensen.\"},{\"@type\":\"BreadcrumbList\",\"@id\":\"https:\\\/\\\/bekkalokket.no\\\/index.php\\\/forside\\\/libeller-og-oyenstikkere-med-eli-sorensen\\\/#breadcrumb\",\"itemListElement\":[{\"@type\":\"ListItem\",\"position\":1,\"name\":\"Home\",\"item\":\"https:\\\/\\\/bekkalokket.no\\\/\"},{\"@type\":\"ListItem\",\"position\":2,\"name\":\"Forside\",\"item\":\"https:\\\/\\\/bekkalokket.no\\\/index.php\\\/forside\\\/\"},{\"@type\":\"ListItem\",\"position\":3,\"name\":\"Libeller og \u00f8yenstikkere med Eli S\u00f8rensen\"}]},{\"@type\":\"WebSite\",\"@id\":\"https:\\\/\\\/bekkalokket.no\\\/#website\",\"url\":\"https:\\\/\\\/bekkalokket.no\\\/\",\"name\":\"Bekkalokket Fotoklubb\",\"description\":\"En sosial og aktiv fotoklubb i Bergen\",\"potentialAction\":[{\"@type\":\"SearchAction\",\"target\":{\"@type\":\"EntryPoint\",\"urlTemplate\":\"https:\\\/\\\/bekkalokket.no\\\/?s={search_term_string}\"},\"query-input\":{\"@type\":\"PropertyValueSpecification\",\"valueRequired\":true,\"valueName\":\"search_term_string\"}}],\"inLanguage\":\"nb-NO\"}]}<\/script>\n<!-- \/ Yoast SEO plugin. -->","yoast_head_json":{"title":"Libeller og \u00f8yenstikkere med Eli S\u00f8rensen | Bekkalokket Fotoklubb","description":"Macro fotografering av libeller og \u00f8yenstikkere med dyktige klubbmedlem Eli S\u00f8rensen p\u00e5 Stoltzekleiven og n\u00e6romr\u00e5det. Les mer!","robots":{"index":"index","follow":"follow","max-snippet":"max-snippet:-1","max-image-preview":"max-image-preview:large","max-video-preview":"max-video-preview:-1"},"canonical":"https:\/\/bekkalokket.no\/index.php\/forside\/libeller-og-oyenstikkere-med-eli-sorensen\/","og_locale":"nb_NO","og_type":"article","og_title":"Libeller og \u00f8yenstikkere med Eli S\u00f8rensen | Bekkalokket Fotoklubb","og_description":"Macro fotografering av libeller og \u00f8yenstikkere med dyktige klubbmedlem Eli S\u00f8rensen p\u00e5 Stoltzekleiven og n\u00e6romr\u00e5det. Les mer!","og_url":"https:\/\/bekkalokket.no\/index.php\/forside\/libeller-og-oyenstikkere-med-eli-sorensen\/","og_site_name":"Bekkalokket Fotoklubb","article_modified_time":"2023-09-26T12:17:04+00:00","og_image":[{"url":"https:\/\/bekkalokket.no\/wp-content\/uploads\/2023\/08\/Svarthostlibelle-Med-stacking-1-1024x768.jpg","type":"","width":"","height":""}],"twitter_card":"summary_large_image","twitter_misc":{"Ansl. lesetid":"5 minutter"},"schema":{"@context":"https:\/\/schema.org","@graph":[{"@type":"WebPage","@id":"https:\/\/bekkalokket.no\/index.php\/forside\/libeller-og-oyenstikkere-med-eli-sorensen\/","url":"https:\/\/bekkalokket.no\/index.php\/forside\/libeller-og-oyenstikkere-med-eli-sorensen\/","name":"Libeller og \u00f8yenstikkere med Eli S\u00f8rensen | Bekkalokket Fotoklubb","isPartOf":{"@id":"https:\/\/bekkalokket.no\/#website"},"primaryImageOfPage":{"@id":"https:\/\/bekkalokket.no\/index.php\/forside\/libeller-og-oyenstikkere-med-eli-sorensen\/#primaryimage"},"image":{"@id":"https:\/\/bekkalokket.no\/index.php\/forside\/libeller-og-oyenstikkere-med-eli-sorensen\/#primaryimage"},"thumbnailUrl":"https:\/\/bekkalokket.no\/wp-content\/uploads\/2023\/08\/Svarthostlibelle-Med-stacking-1-1024x768.jpg","datePublished":"2023-08-23T22:40:02+00:00","dateModified":"2023-09-26T12:17:04+00:00","description":"Macro fotografering av libeller og \u00f8yenstikkere med dyktige klubbmedlem Eli S\u00f8rensen p\u00e5 Stoltzekleiven og n\u00e6romr\u00e5det. Les mer!","breadcrumb":{"@id":"https:\/\/bekkalokket.no\/index.php\/forside\/libeller-og-oyenstikkere-med-eli-sorensen\/#breadcrumb"},"inLanguage":"nb-NO","potentialAction":[{"@type":"ReadAction","target":["https:\/\/bekkalokket.no\/index.php\/forside\/libeller-og-oyenstikkere-med-eli-sorensen\/"]}]},{"@type":"ImageObject","inLanguage":"nb-NO","@id":"https:\/\/bekkalokket.no\/index.php\/forside\/libeller-og-oyenstikkere-med-eli-sorensen\/#primaryimage","url":"https:\/\/bekkalokket.no\/wp-content\/uploads\/2023\/08\/Svarthostlibelle-Med-stacking-1.jpg","contentUrl":"https:\/\/bekkalokket.no\/wp-content\/uploads\/2023\/08\/Svarthostlibelle-Med-stacking-1.jpg","width":1440,"height":1080,"caption":"Fotografering av libeller og \u00f8yenstikker med klubbmedlem Eli S\u00f8rensen."},{"@type":"BreadcrumbList","@id":"https:\/\/bekkalokket.no\/index.php\/forside\/libeller-og-oyenstikkere-med-eli-sorensen\/#breadcrumb","itemListElement":[{"@type":"ListItem","position":1,"name":"Home","item":"https:\/\/bekkalokket.no\/"},{"@type":"ListItem","position":2,"name":"Forside","item":"https:\/\/bekkalokket.no\/index.php\/forside\/"},{"@type":"ListItem","position":3,"name":"Libeller og \u00f8yenstikkere med Eli S\u00f8rensen"}]},{"@type":"WebSite","@id":"https:\/\/bekkalokket.no\/#website","url":"https:\/\/bekkalokket.no\/","name":"Bekkalokket Fotoklubb","description":"En sosial og aktiv fotoklubb i Bergen","potentialAction":[{"@type":"SearchAction","target":{"@type":"EntryPoint","urlTemplate":"https:\/\/bekkalokket.no\/?s={search_term_string}"},"query-input":{"@type":"PropertyValueSpecification","valueRequired":true,"valueName":"search_term_string"}}],"inLanguage":"nb-NO"}]}},"_links":{"self":[{"href":"https:\/\/bekkalokket.no\/index.php\/wp-json\/wp\/v2\/pages\/6925","targetHints":{"allow":["GET"]}}],"collection":[{"href":"https:\/\/bekkalokket.no\/index.php\/wp-json\/wp\/v2\/pages"}],"about":[{"href":"https:\/\/bekkalokket.no\/index.php\/wp-json\/wp\/v2\/types\/page"}],"author":[{"embeddable":true,"href":"https:\/\/bekkalokket.no\/index.php\/wp-json\/wp\/v2\/users\/8"}],"replies":[{"embeddable":true,"href":"https:\/\/bekkalokket.no\/index.php\/wp-json\/wp\/v2\/comments?post=6925"}],"version-history":[{"count":57,"href":"https:\/\/bekkalokket.no\/index.php\/wp-json\/wp\/v2\/pages\/6925\/revisions"}],"predecessor-version":[{"id":7443,"href":"https:\/\/bekkalokket.no\/index.php\/wp-json\/wp\/v2\/pages\/6925\/revisions\/7443"}],"up":[{"embeddable":true,"href":"https:\/\/bekkalokket.no\/index.php\/wp-json\/wp\/v2\/pages\/30"}],"wp:attachment":[{"href":"https:\/\/bekkalokket.no\/index.php\/wp-json\/wp\/v2\/media?parent=6925"}],"curies":[{"name":"wp","href":"https:\/\/api.w.org\/{rel}","templated":true}]}}