{"id":7538,"date":"2023-10-23T19:15:20","date_gmt":"2023-10-23T17:15:20","guid":{"rendered":"https:\/\/bekkalokket.no\/?page_id=7538"},"modified":"2025-03-27T18:39:43","modified_gmt":"2025-03-27T16:39:43","slug":"kunstutstillingen-spor-av-glede","status":"publish","type":"page","link":"https:\/\/bekkalokket.no\/index.php\/utstillinger-og-prosjekter\/kunstutstillingen-spor-av-glede\/","title":{"rendered":"Kunstutstillingen Spor av glede"},"content":{"rendered":"\n<h2 class=\"wp-block-heading\">Sunnivas Minnefond inviterer til kunstutstillingen &#8220;Spor av glede&#8221;<\/h2>\n\n\n\n<p>Sunnivas minnefond har invitert ulike kunstnere med p\u00e5 kunstutstillingen &#8220;<strong>Spor av glede<\/strong>&#8221; i \u00c5sane Kultursenter  i desember for \u00e5 sette s\u00f8kelyset p\u00e5, og \u00e5 tematisere sorg, smerte, h\u00e5p og lengsel gjennom ulike kunstuttrykk.<\/p>\n\n\n\n<p>I \u00e5r som i fjord er Bekkalokket Fotoklubb invitert til \u00e5 delta med bilder.<\/p>\n\n\n\n<p>N\u00e5r livet er vanskelig kan kunst og kultur gi oss lindringer, og h\u00e5p for fremtiden.<\/p>\n\n\n\n<p>Det \u00e5 oppleve kunst i ulike former kan gj\u00f8re at vi ser oss selv, hverandre og omverdenen med nye \u00f8yne.<\/p>\n\n\n\n<p><strong>Utstillingen varer fra 08.12-13.12.2023<\/strong><\/p>\n\n\n\n<p><strong>\u00c5sane Kulturhus, \u00c5sane Senter 52, 5116 ULSET<\/strong><\/p>\n\n\n\n<p><strong>Pris :Gratis<\/strong><\/p>\n\n\n\n<p><\/p>\n\n\n\n<p><strong>\u00c5pningsarrangement med utdeling av Sunniva prisen blir 8. desember, kl. 18-19.30 i Fojaeen.<\/strong><\/p>\n\n\n\n<p>Utstillingen finner sted i Utstillingsrommet.<\/p>\n\n\n\n<h3 class=\"wp-block-heading\">Utstillere p\u00e5 kunstutstillingen Spor av glede<\/h3>\n\n\n\n<ul class=\"wp-block-list\">\n<li>Maria Haarr (maleri)<\/li>\n\n\n\n<li>Herman Flaatten (maleri)<\/li>\n\n\n\n<li>Bekkalokket Fotoklubb (fotografi)<\/li>\n\n\n\n<li>Anne-Marie Bernt (maleri)<\/li>\n\n\n\n<li>Ane Malene S\u00e6verot (keramikk)<\/li>\n\n\n\n<li>Tone S\u00e6vi (fotografier)<\/li>\n\n\n\n<li>Lisbeth Berge Holst (maleri)<\/li>\n\n\n\n<li>Herner S\u00e6verot (dikt)<\/li>\n<\/ul>\n\n\n\n<p><\/p>\n\n\n\n<h2 class=\"wp-block-heading\">Sunnivas Minnefond har som form\u00e5l \u00e5 hjelpe unge s\u00e5rbare mennesker<\/h2>\n\n\n\n<p>Sunniva viste gjennom livet sitt et sterkt engasjement for barn og unge som av ulike grunner, fysisk sykdom, psykisk lidelse, vanskelige oppvekstsvilk\u00e5r, eller andre grunner, hadde det vanskelig<\/p>\n\n\n\n<p>Familien \u00f8nsker \u00e5 videref\u00f8re verdier og holdninger som var viktige og tydelige i Sunnivas liv, og har derfor valgt \u00e5 opprette et minnefond.<\/p>\n\n\n\n<p>I \u00e5r er det 2 \u00e5r siden Sunniva ble bisatt i Eidsv\u00e5g Kirke. <\/p>\n\n\n\n<p>Form\u00e5let til Sunnivas Minnefond er \u00e5 hjelpe unge s\u00e5rbare mennesker ved gjennom:<\/p>\n\n\n\n<ul class=\"wp-block-list\">\n<li>St\u00f8tte<\/li>\n\n\n\n<li>Forebygg<\/li>\n\n\n\n<li>Spre informasjon og kunnskap<\/li>\n<\/ul>\n\n\n\n<p><\/p>\n\n\n\n<h3 class=\"wp-block-heading\">Sunnivas Minnefond deler ut kr 100.000 <\/h3>\n\n\n\n<p> Tildelingen i mai ble gjort etter s\u00f8knader fra enkeltpersoner, grupper og organisasjoner.<\/p>\n\n\n\n<p>Minnefondet \u00f8nsker at bidrag fra Sunnivas Minnefond skal f\u00f8re til at unge f\u00e5r positive opplevelser som mestring, glede, og st\u00f8tte til \u00e5 utvikle seg.<\/p>\n\n\n\n<p>De 4 utvalgte:<\/p>\n\n\n\n<ul class=\"wp-block-list\">\n<li><strong>Kine Solend<\/strong><\/li>\n<\/ul>\n\n\n\n<p>Til prosjekt som skal styrke barn og unges egne ressurser i m\u00f8te med livets opp og nedturer<\/p>\n\n\n\n<ul class=\"wp-block-list\">\n<li><strong>Dale Ungdomslag<\/strong><\/li>\n<\/ul>\n\n\n\n<p>Til arrangement som skal bidra til inkludering p\u00e5 merkedag for barn og unge<\/p>\n\n\n\n<ul class=\"wp-block-list\">\n<li><a href=\"https:\/\/www.idrettbergensor.no\/\" target=\"_blank\" rel=\"noreferrer noopener\"><strong>Idrett Bergen S\u00f8r<\/strong><\/a><\/li>\n<\/ul>\n\n\n\n<p>St\u00f8tten vil g\u00e5 til \u00e5 utvide Idrett Bergen S\u00f8r sitt eksisterende klatretilbud, kalt Utrustet, for unge<\/p>\n\n\n\n<ul class=\"wp-block-list\">\n<li><strong><a href=\"https:\/\/www.kirkens-sos.no\/\" target=\"_blank\" rel=\"noreferrer noopener\">Kirkens SOS<\/a><\/strong><\/li>\n<\/ul>\n\n\n\n<p>Organisasjon jobber daglig med arbeider gjennom telefonsamtaler, med unge mennesker som opplever \u00e5 ha det vanskelig. St\u00f8tten vil v\u00e6re et bidrag til oppgradering av Kirkens SOS sitt tekniske utstyr.<\/p>\n\n\n\n<h3 class=\"wp-block-heading\">Noen bilder fra tidligere kunstustilling &#8211; Sorg og Smerte &#8211; H\u00e5p og Lengsel<\/h3>\n\n\n\n<p>(Bilder  under er fra Bekkalokket Fotoklubb sin deltagelse i 2022)<\/p>\n\n\n\n<div class=\"wp-block-columns is-layout-flex wp-container-core-columns-is-layout-9d6595d7 wp-block-columns-is-layout-flex\">\n<div class=\"wp-block-column is-layout-flow wp-block-column-is-layout-flow\">\n<figure class=\"wp-block-image size-large\"><a href=\"https:\/\/bekkalokket.no\/index.php\/2022\/12\/04\/kunsutstilling-asane-kulturhus-06-11-desember\/\"><img loading=\"lazy\" decoding=\"async\" width=\"1024\" height=\"570\" src=\"https:\/\/bekkalokket.no\/wp-content\/uploads\/2023\/10\/20221206-20221206_192930-2-1-1024x570.jpg\" alt=\"\" class=\"wp-image-7541\" srcset=\"https:\/\/bekkalokket.no\/wp-content\/uploads\/2023\/10\/20221206-20221206_192930-2-1-1024x570.jpg 1024w, https:\/\/bekkalokket.no\/wp-content\/uploads\/2023\/10\/20221206-20221206_192930-2-1-300x167.jpg 300w, https:\/\/bekkalokket.no\/wp-content\/uploads\/2023\/10\/20221206-20221206_192930-2-1-768x427.jpg 768w, https:\/\/bekkalokket.no\/wp-content\/uploads\/2023\/10\/20221206-20221206_192930-2-1-1536x854.jpg 1536w, https:\/\/bekkalokket.no\/wp-content\/uploads\/2023\/10\/20221206-20221206_192930-2-1.jpg 1920w\" sizes=\"auto, (max-width: 1024px) 100vw, 1024px\" \/><\/a><\/figure>\n<\/div>\n\n\n\n<div class=\"wp-block-column is-layout-flow wp-block-column-is-layout-flow\">\n<figure class=\"wp-block-image size-large\"><a href=\"https:\/\/bekkalokket.no\/index.php\/2022\/12\/04\/kunsutstilling-asane-kulturhus-06-11-desember\/\"><img loading=\"lazy\" decoding=\"async\" width=\"1024\" height=\"696\" src=\"https:\/\/bekkalokket.no\/wp-content\/uploads\/2023\/10\/20221206-20221206_192943-2-1024x696.jpg\" alt=\"\" class=\"wp-image-7542\" srcset=\"https:\/\/bekkalokket.no\/wp-content\/uploads\/2023\/10\/20221206-20221206_192943-2-1024x696.jpg 1024w, https:\/\/bekkalokket.no\/wp-content\/uploads\/2023\/10\/20221206-20221206_192943-2-300x204.jpg 300w, https:\/\/bekkalokket.no\/wp-content\/uploads\/2023\/10\/20221206-20221206_192943-2-768x522.jpg 768w, https:\/\/bekkalokket.no\/wp-content\/uploads\/2023\/10\/20221206-20221206_192943-2-1536x1044.jpg 1536w, https:\/\/bekkalokket.no\/wp-content\/uploads\/2023\/10\/20221206-20221206_192943-2.jpg 1589w\" sizes=\"auto, (max-width: 1024px) 100vw, 1024px\" \/><\/a><\/figure>\n<\/div>\n\n\n\n<div class=\"wp-block-column is-layout-flow wp-block-column-is-layout-flow\">\n<figure class=\"wp-block-image size-large\"><a href=\"https:\/\/bekkalokket.no\/index.php\/2022\/12\/04\/kunsutstilling-asane-kulturhus-06-11-desember\/\"><img loading=\"lazy\" decoding=\"async\" width=\"1024\" height=\"583\" src=\"https:\/\/bekkalokket.no\/wp-content\/uploads\/2023\/10\/20221206-20221206_192819-2-1024x583.jpg\" alt=\"\" class=\"wp-image-7543\" srcset=\"https:\/\/bekkalokket.no\/wp-content\/uploads\/2023\/10\/20221206-20221206_192819-2-1024x583.jpg 1024w, https:\/\/bekkalokket.no\/wp-content\/uploads\/2023\/10\/20221206-20221206_192819-2-300x171.jpg 300w, https:\/\/bekkalokket.no\/wp-content\/uploads\/2023\/10\/20221206-20221206_192819-2-768x437.jpg 768w, https:\/\/bekkalokket.no\/wp-content\/uploads\/2023\/10\/20221206-20221206_192819-2-1536x874.jpg 1536w, https:\/\/bekkalokket.no\/wp-content\/uploads\/2023\/10\/20221206-20221206_192819-2.jpg 1898w\" sizes=\"auto, (max-width: 1024px) 100vw, 1024px\" \/><\/a><\/figure>\n<\/div>\n<\/div>\n\n\n\n<p><a href=\"https:\/\/bekkalokket.no\/index.php\/2022\/12\/04\/kunsutstilling-asane-kulturhus-06-11-desember\/\" target=\"_blank\" rel=\"noreferrer noopener\">Kunstutstillingen 2022 &#8211; Sorg og Smerte &#8211; H\u00e5p og Lengsel<\/a><\/p>\n\n\n\n<p><a href=\"https:\/\/sunnivasminnefond.no\/bakgrunn-for-fondet\/\" target=\"_blank\" rel=\"noreferrer noopener\">Om minnefondet<\/a><\/p>\n\n\n\n<p><a href=\"https:\/\/sunnivasminnefond.no\/nyheter\/\" target=\"_blank\" rel=\"noreferrer noopener\">Nyheter fra Sunnivas Minnefond<\/a><\/p>\n\n\n\n<p><a href=\"https:\/\/bekkalokket.no\/index.php\/grasrotutstilling-2021-bergen-rode-kors-sykehjem\/\" target=\"_blank\" rel=\"noreferrer noopener\">Grasrotutstillingen til Bergen R\u00f8de Kors Sykehjem<\/a><\/p>\n","protected":false},"excerpt":{"rendered":"<p>Sunnivas Minnefond inviterer til kunstutstillingen &#8220;Spor av glede&#8221; Sunnivas minnefond har invitert ulike kunstnere med p\u00e5 kunstutstillingen &#8220;Spor av glede&#8221; i \u00c5sane Kultursenter i desember for \u00e5 sette s\u00f8kelyset p\u00e5, og \u00e5 tematisere sorg,&#46;&#46;&#46;<\/p>\n","protected":false},"author":8,"featured_media":7539,"parent":7574,"menu_order":0,"comment_status":"closed","ping_status":"closed","template":"","meta":{"footnotes":""},"class_list":["post-7538","page","type-page","status-publish","has-post-thumbnail","hentry"],"yoast_head":"<!-- This site is optimized with the Yoast SEO plugin v27.5 - https:\/\/yoast.com\/product\/yoast-seo-wordpress\/ -->\n<title>Kunstutstillingen Spor av glede | Bekkalokket Fotoklubb<\/title>\n<meta name=\"description\" content=\"Sunniva Minnefond inviterer Bekkalokket Fotoklubb til \u00e5 v\u00e6re med p\u00e5 kunstutstillingen &quot;Spor av glede&quot; i \u00c5sane Kulturehus. Les mer!\" \/>\n<meta name=\"robots\" content=\"index, follow, max-snippet:-1, max-image-preview:large, max-video-preview:-1\" \/>\n<link rel=\"canonical\" href=\"https:\/\/bekkalokket.no\/index.php\/utstillinger-og-prosjekter\/kunstutstillingen-spor-av-glede\/\" \/>\n<meta property=\"og:locale\" content=\"nb_NO\" \/>\n<meta property=\"og:type\" content=\"article\" \/>\n<meta property=\"og:title\" content=\"Kunstutstillingen Spor av glede | Bekkalokket Fotoklubb\" \/>\n<meta property=\"og:description\" content=\"Sunniva Minnefond inviterer Bekkalokket Fotoklubb til \u00e5 v\u00e6re med p\u00e5 kunstutstillingen &quot;Spor av glede&quot; i \u00c5sane Kulturehus. Les mer!\" \/>\n<meta property=\"og:url\" content=\"https:\/\/bekkalokket.no\/index.php\/utstillinger-og-prosjekter\/kunstutstillingen-spor-av-glede\/\" \/>\n<meta property=\"og:site_name\" content=\"Bekkalokket Fotoklubb\" \/>\n<meta property=\"article:modified_time\" content=\"2025-03-27T16:39:43+00:00\" \/>\n<meta property=\"og:image\" content=\"https:\/\/bekkalokket.no\/wp-content\/uploads\/2023\/10\/20221206-20221206_192930-2.jpg\" \/>\n\t<meta property=\"og:image:width\" content=\"1920\" \/>\n\t<meta property=\"og:image:height\" content=\"1068\" \/>\n\t<meta property=\"og:image:type\" content=\"image\/jpeg\" \/>\n<meta name=\"twitter:card\" content=\"summary_large_image\" \/>\n<meta name=\"twitter:label1\" content=\"Ansl. lesetid\" \/>\n\t<meta name=\"twitter:data1\" content=\"4 minutter\" \/>\n<script type=\"application\/ld+json\" class=\"yoast-schema-graph\">{\"@context\":\"https:\\\/\\\/schema.org\",\"@graph\":[{\"@type\":\"WebPage\",\"@id\":\"https:\\\/\\\/bekkalokket.no\\\/index.php\\\/utstillinger-og-prosjekter\\\/kunstutstillingen-spor-av-glede\\\/\",\"url\":\"https:\\\/\\\/bekkalokket.no\\\/index.php\\\/utstillinger-og-prosjekter\\\/kunstutstillingen-spor-av-glede\\\/\",\"name\":\"Kunstutstillingen Spor av glede | Bekkalokket Fotoklubb\",\"isPartOf\":{\"@id\":\"https:\\\/\\\/bekkalokket.no\\\/#website\"},\"primaryImageOfPage\":{\"@id\":\"https:\\\/\\\/bekkalokket.no\\\/index.php\\\/utstillinger-og-prosjekter\\\/kunstutstillingen-spor-av-glede\\\/#primaryimage\"},\"image\":{\"@id\":\"https:\\\/\\\/bekkalokket.no\\\/index.php\\\/utstillinger-og-prosjekter\\\/kunstutstillingen-spor-av-glede\\\/#primaryimage\"},\"thumbnailUrl\":\"https:\\\/\\\/bekkalokket.no\\\/wp-content\\\/uploads\\\/2023\\\/10\\\/20221206-20221206_192930-2.jpg\",\"datePublished\":\"2023-10-23T17:15:20+00:00\",\"dateModified\":\"2025-03-27T16:39:43+00:00\",\"description\":\"Sunniva Minnefond inviterer Bekkalokket Fotoklubb til \u00e5 v\u00e6re med p\u00e5 kunstutstillingen \\\"Spor av glede\\\" i \u00c5sane Kulturehus. Les mer!\",\"breadcrumb\":{\"@id\":\"https:\\\/\\\/bekkalokket.no\\\/index.php\\\/utstillinger-og-prosjekter\\\/kunstutstillingen-spor-av-glede\\\/#breadcrumb\"},\"inLanguage\":\"nb-NO\",\"potentialAction\":[{\"@type\":\"ReadAction\",\"target\":[\"https:\\\/\\\/bekkalokket.no\\\/index.php\\\/utstillinger-og-prosjekter\\\/kunstutstillingen-spor-av-glede\\\/\"]}]},{\"@type\":\"ImageObject\",\"inLanguage\":\"nb-NO\",\"@id\":\"https:\\\/\\\/bekkalokket.no\\\/index.php\\\/utstillinger-og-prosjekter\\\/kunstutstillingen-spor-av-glede\\\/#primaryimage\",\"url\":\"https:\\\/\\\/bekkalokket.no\\\/wp-content\\\/uploads\\\/2023\\\/10\\\/20221206-20221206_192930-2.jpg\",\"contentUrl\":\"https:\\\/\\\/bekkalokket.no\\\/wp-content\\\/uploads\\\/2023\\\/10\\\/20221206-20221206_192930-2.jpg\",\"width\":1920,\"height\":1068},{\"@type\":\"BreadcrumbList\",\"@id\":\"https:\\\/\\\/bekkalokket.no\\\/index.php\\\/utstillinger-og-prosjekter\\\/kunstutstillingen-spor-av-glede\\\/#breadcrumb\",\"itemListElement\":[{\"@type\":\"ListItem\",\"position\":1,\"name\":\"Home\",\"item\":\"https:\\\/\\\/bekkalokket.no\\\/\"},{\"@type\":\"ListItem\",\"position\":2,\"name\":\"Utstillinger og Prosjekter\",\"item\":\"https:\\\/\\\/bekkalokket.no\\\/index.php\\\/utstillinger-og-prosjekter\\\/\"},{\"@type\":\"ListItem\",\"position\":3,\"name\":\"Kunstutstillingen Spor av glede\"}]},{\"@type\":\"WebSite\",\"@id\":\"https:\\\/\\\/bekkalokket.no\\\/#website\",\"url\":\"https:\\\/\\\/bekkalokket.no\\\/\",\"name\":\"Bekkalokket Fotoklubb\",\"description\":\"En sosial og aktiv fotoklubb i Bergen\",\"potentialAction\":[{\"@type\":\"SearchAction\",\"target\":{\"@type\":\"EntryPoint\",\"urlTemplate\":\"https:\\\/\\\/bekkalokket.no\\\/?s={search_term_string}\"},\"query-input\":{\"@type\":\"PropertyValueSpecification\",\"valueRequired\":true,\"valueName\":\"search_term_string\"}}],\"inLanguage\":\"nb-NO\"}]}<\/script>\n<!-- \/ Yoast SEO plugin. -->","yoast_head_json":{"title":"Kunstutstillingen Spor av glede | Bekkalokket Fotoklubb","description":"Sunniva Minnefond inviterer Bekkalokket Fotoklubb til \u00e5 v\u00e6re med p\u00e5 kunstutstillingen \"Spor av glede\" i \u00c5sane Kulturehus. Les mer!","robots":{"index":"index","follow":"follow","max-snippet":"max-snippet:-1","max-image-preview":"max-image-preview:large","max-video-preview":"max-video-preview:-1"},"canonical":"https:\/\/bekkalokket.no\/index.php\/utstillinger-og-prosjekter\/kunstutstillingen-spor-av-glede\/","og_locale":"nb_NO","og_type":"article","og_title":"Kunstutstillingen Spor av glede | Bekkalokket Fotoklubb","og_description":"Sunniva Minnefond inviterer Bekkalokket Fotoklubb til \u00e5 v\u00e6re med p\u00e5 kunstutstillingen \"Spor av glede\" i \u00c5sane Kulturehus. Les mer!","og_url":"https:\/\/bekkalokket.no\/index.php\/utstillinger-og-prosjekter\/kunstutstillingen-spor-av-glede\/","og_site_name":"Bekkalokket Fotoklubb","article_modified_time":"2025-03-27T16:39:43+00:00","og_image":[{"width":1920,"height":1068,"url":"https:\/\/bekkalokket.no\/wp-content\/uploads\/2023\/10\/20221206-20221206_192930-2.jpg","type":"image\/jpeg"}],"twitter_card":"summary_large_image","twitter_misc":{"Ansl. lesetid":"4 minutter"},"schema":{"@context":"https:\/\/schema.org","@graph":[{"@type":"WebPage","@id":"https:\/\/bekkalokket.no\/index.php\/utstillinger-og-prosjekter\/kunstutstillingen-spor-av-glede\/","url":"https:\/\/bekkalokket.no\/index.php\/utstillinger-og-prosjekter\/kunstutstillingen-spor-av-glede\/","name":"Kunstutstillingen Spor av glede | Bekkalokket Fotoklubb","isPartOf":{"@id":"https:\/\/bekkalokket.no\/#website"},"primaryImageOfPage":{"@id":"https:\/\/bekkalokket.no\/index.php\/utstillinger-og-prosjekter\/kunstutstillingen-spor-av-glede\/#primaryimage"},"image":{"@id":"https:\/\/bekkalokket.no\/index.php\/utstillinger-og-prosjekter\/kunstutstillingen-spor-av-glede\/#primaryimage"},"thumbnailUrl":"https:\/\/bekkalokket.no\/wp-content\/uploads\/2023\/10\/20221206-20221206_192930-2.jpg","datePublished":"2023-10-23T17:15:20+00:00","dateModified":"2025-03-27T16:39:43+00:00","description":"Sunniva Minnefond inviterer Bekkalokket Fotoklubb til \u00e5 v\u00e6re med p\u00e5 kunstutstillingen \"Spor av glede\" i \u00c5sane Kulturehus. Les mer!","breadcrumb":{"@id":"https:\/\/bekkalokket.no\/index.php\/utstillinger-og-prosjekter\/kunstutstillingen-spor-av-glede\/#breadcrumb"},"inLanguage":"nb-NO","potentialAction":[{"@type":"ReadAction","target":["https:\/\/bekkalokket.no\/index.php\/utstillinger-og-prosjekter\/kunstutstillingen-spor-av-glede\/"]}]},{"@type":"ImageObject","inLanguage":"nb-NO","@id":"https:\/\/bekkalokket.no\/index.php\/utstillinger-og-prosjekter\/kunstutstillingen-spor-av-glede\/#primaryimage","url":"https:\/\/bekkalokket.no\/wp-content\/uploads\/2023\/10\/20221206-20221206_192930-2.jpg","contentUrl":"https:\/\/bekkalokket.no\/wp-content\/uploads\/2023\/10\/20221206-20221206_192930-2.jpg","width":1920,"height":1068},{"@type":"BreadcrumbList","@id":"https:\/\/bekkalokket.no\/index.php\/utstillinger-og-prosjekter\/kunstutstillingen-spor-av-glede\/#breadcrumb","itemListElement":[{"@type":"ListItem","position":1,"name":"Home","item":"https:\/\/bekkalokket.no\/"},{"@type":"ListItem","position":2,"name":"Utstillinger og Prosjekter","item":"https:\/\/bekkalokket.no\/index.php\/utstillinger-og-prosjekter\/"},{"@type":"ListItem","position":3,"name":"Kunstutstillingen Spor av glede"}]},{"@type":"WebSite","@id":"https:\/\/bekkalokket.no\/#website","url":"https:\/\/bekkalokket.no\/","name":"Bekkalokket Fotoklubb","description":"En sosial og aktiv fotoklubb i Bergen","potentialAction":[{"@type":"SearchAction","target":{"@type":"EntryPoint","urlTemplate":"https:\/\/bekkalokket.no\/?s={search_term_string}"},"query-input":{"@type":"PropertyValueSpecification","valueRequired":true,"valueName":"search_term_string"}}],"inLanguage":"nb-NO"}]}},"_links":{"self":[{"href":"https:\/\/bekkalokket.no\/index.php\/wp-json\/wp\/v2\/pages\/7538","targetHints":{"allow":["GET"]}}],"collection":[{"href":"https:\/\/bekkalokket.no\/index.php\/wp-json\/wp\/v2\/pages"}],"about":[{"href":"https:\/\/bekkalokket.no\/index.php\/wp-json\/wp\/v2\/types\/page"}],"author":[{"embeddable":true,"href":"https:\/\/bekkalokket.no\/index.php\/wp-json\/wp\/v2\/users\/8"}],"replies":[{"embeddable":true,"href":"https:\/\/bekkalokket.no\/index.php\/wp-json\/wp\/v2\/comments?post=7538"}],"version-history":[{"count":19,"href":"https:\/\/bekkalokket.no\/index.php\/wp-json\/wp\/v2\/pages\/7538\/revisions"}],"predecessor-version":[{"id":10004,"href":"https:\/\/bekkalokket.no\/index.php\/wp-json\/wp\/v2\/pages\/7538\/revisions\/10004"}],"up":[{"embeddable":true,"href":"https:\/\/bekkalokket.no\/index.php\/wp-json\/wp\/v2\/pages\/7574"}],"wp:featuredmedia":[{"embeddable":true,"href":"https:\/\/bekkalokket.no\/index.php\/wp-json\/wp\/v2\/media\/7539"}],"wp:attachment":[{"href":"https:\/\/bekkalokket.no\/index.php\/wp-json\/wp\/v2\/media?parent=7538"}],"curies":[{"name":"wp","href":"https:\/\/api.w.org\/{rel}","templated":true}]}}