{"id":9284,"date":"2024-08-25T18:56:05","date_gmt":"2024-08-25T16:56:05","guid":{"rendered":"https:\/\/bekkalokket.no\/?page_id=9284"},"modified":"2024-09-01T20:33:37","modified_gmt":"2024-09-01T18:33:37","slug":"konsertgallerier","status":"publish","type":"page","link":"https:\/\/bekkalokket.no\/index.php\/konsertgallerier\/","title":{"rendered":"Konsertgallerier"},"content":{"rendered":"\n<p id=\"\u00d8ystese\"><a href=\"https:\/\/bekkalokket.no\/index.php\/konsertfoto-bjorgvin-bluesklubb\/\">G\u00e5 til oversikten<\/a><\/p>\n\n\n\n<p id=\"\u00d8ystese\"><div class=\"rl-gallery-container rl-loading\" id=\"rl-gallery-container-1\" data-gallery_id=\"9259\"> <h4 class=\"rl-gallery-title\">25. september 2021 &#8211; \u00d8ystese<\/h4><div class=\"rl-gallery-description\">Fotograf Inge Solfjell<\/div> <div class=\"rl-gallery rl-basicmasonry-gallery rl-hover-effect-1 rl-hover-icon-10\" id=\"rl-gallery-1\" data-gallery_no=\"1\"> <div class=\"rl-gutter-sizer\"><\/div><div class=\"rl-grid-sizer\"><\/div> <div class=\"rl-gallery-item rl-gallery-item-width-4\" > <div class=\"rl-gallery-item-content\"> <a href=\"https:\/\/bekkalokket.no\/wp-content\/uploads\/2024\/08\/2021-09-25_Oystese_Inge_Solfjell-P9240061.jpg\" title=\"\u00d8ystese at Bj\u00f8rgvin Bluesklubb 25.09.2021 &#8211; Inge Solfjell\" data-rl_title=\"\u00d8ystese at Bj\u00f8rgvin Bluesklubb 25.09.2021 &#8211; Inge Solfjell\" class=\"rl-gallery-link\" data-rl_caption=\"\u00d8ystese at Bj\u00f8rgvin Bluesklubb 25.09.2021 - Inge Solfjell\" data-rel=\"lightbox-gallery-1\"><img loading=\"lazy\" decoding=\"async\" src=\"https:\/\/bekkalokket.no\/wp-content\/uploads\/2024\/08\/2021-09-25_Oystese_Inge_Solfjell-P9240061-300x225.jpg\" width=\"300\" height=\"225\" alt=\"\" \/><span class=\"rl-gallery-caption\"><span class=\"rl-gallery-item-title\">\u00d8ystese at Bj\u00f8rgvin Bluesklubb 25.09.2021 - Inge Solfjell<\/span><\/span><\/a> <\/div> <\/div> <div class=\"rl-gallery-item\" > <div class=\"rl-gallery-item-content\"> <a href=\"https:\/\/bekkalokket.no\/wp-content\/uploads\/2024\/08\/2021-09-25_Oystese_Inge_Solfjell-P9240054.jpg\" title=\"\u00d8ystese at Bj\u00f8rgvin Bluesklubb 25.09.2021 &#8211; Inge Solfjell\" data-rl_title=\"\u00d8ystese at Bj\u00f8rgvin Bluesklubb 25.09.2021 &#8211; Inge Solfjell\" class=\"rl-gallery-link\" data-rl_caption=\"\u00d8ystese at Bj\u00f8rgvin Bluesklubb 25.09.2021 - Inge Solfjell\" data-rel=\"lightbox-gallery-1\"><img loading=\"lazy\" decoding=\"async\" src=\"https:\/\/bekkalokket.no\/wp-content\/uploads\/2024\/08\/2021-09-25_Oystese_Inge_Solfjell-P9240054-300x225.jpg\" width=\"300\" height=\"225\" alt=\"\" \/><span class=\"rl-gallery-caption\"><span class=\"rl-gallery-item-title\">\u00d8ystese at Bj\u00f8rgvin Bluesklubb 25.09.2021 - Inge Solfjell<\/span><\/span><\/a> <\/div> <\/div> <div class=\"rl-gallery-item\" > <div class=\"rl-gallery-item-content\"> <a href=\"https:\/\/bekkalokket.no\/wp-content\/uploads\/2024\/08\/2021-09-25_Oystese_Inge_Solfjell-P9240053.jpg\" title=\"\u00d8ystese at Bj\u00f8rgvin Bluesklubb 25.09.2021 &#8211; Inge Solfjell\" data-rl_title=\"\u00d8ystese at Bj\u00f8rgvin Bluesklubb 25.09.2021 &#8211; Inge Solfjell\" class=\"rl-gallery-link\" data-rl_caption=\"\u00d8ystese at Bj\u00f8rgvin Bluesklubb 25.09.2021 - Inge Solfjell\" data-rel=\"lightbox-gallery-1\"><img loading=\"lazy\" decoding=\"async\" src=\"https:\/\/bekkalokket.no\/wp-content\/uploads\/2024\/08\/2021-09-25_Oystese_Inge_Solfjell-P9240053-300x225.jpg\" width=\"300\" height=\"225\" alt=\"\" \/><span class=\"rl-gallery-caption\"><span class=\"rl-gallery-item-title\">\u00d8ystese at Bj\u00f8rgvin Bluesklubb 25.09.2021 - Inge Solfjell<\/span><\/span><\/a> <\/div> <\/div> <div class=\"rl-gallery-item\" > <div class=\"rl-gallery-item-content\"> <a href=\"https:\/\/bekkalokket.no\/wp-content\/uploads\/2024\/08\/2021-09-25_Oystese_Inge_Solfjell-P9240049.jpg\" title=\"\u00d8ystese at Bj\u00f8rgvin Bluesklubb 25.09.2021 &#8211; Inge Solfjell\" data-rl_title=\"\u00d8ystese at Bj\u00f8rgvin Bluesklubb 25.09.2021 &#8211; Inge Solfjell\" class=\"rl-gallery-link\" data-rl_caption=\"\u00d8ystese at Bj\u00f8rgvin Bluesklubb 25.09.2021 - Inge Solfjell\" data-rel=\"lightbox-gallery-1\"><img loading=\"lazy\" decoding=\"async\" src=\"https:\/\/bekkalokket.no\/wp-content\/uploads\/2024\/08\/2021-09-25_Oystese_Inge_Solfjell-P9240049-300x225.jpg\" width=\"300\" height=\"225\" alt=\"\" \/><span class=\"rl-gallery-caption\"><span class=\"rl-gallery-item-title\">\u00d8ystese at Bj\u00f8rgvin Bluesklubb 25.09.2021 - Inge Solfjell<\/span><\/span><\/a> <\/div> <\/div> <div class=\"rl-gallery-item\" > <div class=\"rl-gallery-item-content\"> <a href=\"https:\/\/bekkalokket.no\/wp-content\/uploads\/2024\/08\/2021-09-25_Oystese_Inge_Solfjell-P9240049-2.jpg\" title=\"\u00d8ystese at Bj\u00f8rgvin Bluesklubb 25.09.2021 &#8211; Inge Solfjell\" data-rl_title=\"\u00d8ystese at Bj\u00f8rgvin Bluesklubb 25.09.2021 &#8211; Inge Solfjell\" class=\"rl-gallery-link\" data-rl_caption=\"\u00d8ystese at Bj\u00f8rgvin Bluesklubb 25.09.2021 - Inge Solfjell\" data-rel=\"lightbox-gallery-1\"><img loading=\"lazy\" decoding=\"async\" src=\"https:\/\/bekkalokket.no\/wp-content\/uploads\/2024\/08\/2021-09-25_Oystese_Inge_Solfjell-P9240049-2-300x160.jpg\" width=\"300\" height=\"160\" alt=\"\" \/><span class=\"rl-gallery-caption\"><span class=\"rl-gallery-item-title\">\u00d8ystese at Bj\u00f8rgvin Bluesklubb 25.09.2021 - Inge Solfjell<\/span><\/span><\/a> <\/div> <\/div> <div class=\"rl-gallery-item\" > <div class=\"rl-gallery-item-content\"> <a href=\"https:\/\/bekkalokket.no\/wp-content\/uploads\/2024\/08\/2021-09-25_Oystese_Inge_Solfjell-P9240043.jpg\" title=\"\u00d8ystese at Bj\u00f8rgvin Bluesklubb 25.09.2021 &#8211; Inge Solfjell\" data-rl_title=\"\u00d8ystese at Bj\u00f8rgvin Bluesklubb 25.09.2021 &#8211; Inge Solfjell\" class=\"rl-gallery-link\" data-rl_caption=\"\u00d8ystese at Bj\u00f8rgvin Bluesklubb 25.09.2021 - Inge Solfjell\" data-rel=\"lightbox-gallery-1\"><img loading=\"lazy\" decoding=\"async\" src=\"https:\/\/bekkalokket.no\/wp-content\/uploads\/2024\/08\/2021-09-25_Oystese_Inge_Solfjell-P9240043-300x225.jpg\" width=\"300\" height=\"225\" alt=\"\" \/><span class=\"rl-gallery-caption\"><span class=\"rl-gallery-item-title\">\u00d8ystese at Bj\u00f8rgvin Bluesklubb 25.09.2021 - Inge Solfjell<\/span><\/span><\/a> <\/div> <\/div> <div class=\"rl-gallery-item\" > <div class=\"rl-gallery-item-content\"> <a href=\"https:\/\/bekkalokket.no\/wp-content\/uploads\/2024\/08\/2021-09-25_Oystese_Inge_Solfjell-P9240041.jpg\" title=\"The blues man\" data-rl_title=\"The blues man\" class=\"rl-gallery-link\" data-rl_caption=\"\u00d8ystese at Bj\u00f8rgvin Bluesklubb 25.09.2021 - Inge Solfjell\" data-rel=\"lightbox-gallery-1\"><img loading=\"lazy\" decoding=\"async\" src=\"https:\/\/bekkalokket.no\/wp-content\/uploads\/2024\/08\/2021-09-25_Oystese_Inge_Solfjell-P9240041-300x225.jpg\" width=\"300\" height=\"225\" alt=\"\" \/><span class=\"rl-gallery-caption\"><span class=\"rl-gallery-item-title\">\u00d8ystese at Bj\u00f8rgvin Bluesklubb 25.09.2021 - Inge Solfjell<\/span><\/span><\/a> <\/div> <\/div> <div class=\"rl-gallery-item\" > <div class=\"rl-gallery-item-content\"> <a href=\"https:\/\/bekkalokket.no\/wp-content\/uploads\/2024\/08\/2021-09-25_Oystese_Inge_Solfjell-P9240036.jpg\" title=\"Innlevelse\" data-rl_title=\"Innlevelse\" class=\"rl-gallery-link\" data-rl_caption=\"\u00d8ystese at Bj\u00f8rgvin Bluesklubb 25.09.2021 - Inge Solfjell\" data-rel=\"lightbox-gallery-1\"><img loading=\"lazy\" decoding=\"async\" src=\"https:\/\/bekkalokket.no\/wp-content\/uploads\/2024\/08\/2021-09-25_Oystese_Inge_Solfjell-P9240036-300x300.jpg\" width=\"300\" height=\"300\" alt=\"\" \/><span class=\"rl-gallery-caption\"><span class=\"rl-gallery-item-title\">\u00d8ystese at Bj\u00f8rgvin Bluesklubb 25.09.2021 - Inge Solfjell<\/span><\/span><\/a> <\/div> <\/div> <div class=\"rl-gallery-item\" > <div class=\"rl-gallery-item-content\"> <a href=\"https:\/\/bekkalokket.no\/wp-content\/uploads\/2024\/08\/2021-09-25_Oystese_Inge_Solfjell-P9240035.jpg\" title=\"\u00d8ystese at Bj\u00f8rgvin Bluesklubb 25.09.2021 &#8211; Inge Solfjell\" data-rl_title=\"\u00d8ystese at Bj\u00f8rgvin Bluesklubb 25.09.2021 &#8211; Inge Solfjell\" class=\"rl-gallery-link\" data-rl_caption=\"\u00d8ystese at Bj\u00f8rgvin Bluesklubb 25.09.2021 - Inge Solfjell\" data-rel=\"lightbox-gallery-1\"><img loading=\"lazy\" decoding=\"async\" src=\"https:\/\/bekkalokket.no\/wp-content\/uploads\/2024\/08\/2021-09-25_Oystese_Inge_Solfjell-P9240035-300x225.jpg\" width=\"300\" height=\"225\" alt=\"\" \/><span class=\"rl-gallery-caption\"><span class=\"rl-gallery-item-title\">\u00d8ystese at Bj\u00f8rgvin Bluesklubb 25.09.2021 - Inge Solfjell<\/span><\/span><\/a> <\/div> <\/div> <div class=\"rl-gallery-item\" > <div class=\"rl-gallery-item-content\"> <a href=\"https:\/\/bekkalokket.no\/wp-content\/uploads\/2024\/08\/2021-09-25_Oystese_Inge_Solfjell-P9240030.jpg\" title=\"\u00d8ystese at Bj\u00f8rgvin Bluesklubb 25.09.2021 &#8211; Inge Solfjell\" data-rl_title=\"\u00d8ystese at Bj\u00f8rgvin Bluesklubb 25.09.2021 &#8211; Inge Solfjell\" class=\"rl-gallery-link\" data-rl_caption=\"\u00d8ystese at Bj\u00f8rgvin Bluesklubb 25.09.2021 - Inge Solfjell\" data-rel=\"lightbox-gallery-1\"><img loading=\"lazy\" decoding=\"async\" src=\"https:\/\/bekkalokket.no\/wp-content\/uploads\/2024\/08\/2021-09-25_Oystese_Inge_Solfjell-P9240030-300x225.jpg\" width=\"300\" height=\"225\" alt=\"\" \/><span class=\"rl-gallery-caption\"><span class=\"rl-gallery-item-title\">\u00d8ystese at Bj\u00f8rgvin Bluesklubb 25.09.2021 - Inge Solfjell<\/span><\/span><\/a> <\/div> <\/div> <div class=\"rl-gallery-item\" > <div class=\"rl-gallery-item-content\"> <a href=\"https:\/\/bekkalokket.no\/wp-content\/uploads\/2024\/08\/2021-09-25_Oystese_Inge_Solfjell-P9240027.jpg\" title=\"\u00d8ystese at Bj\u00f8rgvin Bluesklubb 25.09.2021 &#8211; Inge Solfjell\" data-rl_title=\"\u00d8ystese at Bj\u00f8rgvin Bluesklubb 25.09.2021 &#8211; Inge Solfjell\" class=\"rl-gallery-link\" data-rl_caption=\"\u00d8ystese at Bj\u00f8rgvin Bluesklubb 25.09.2021 - Inge Solfjell\" data-rel=\"lightbox-gallery-1\"><img loading=\"lazy\" decoding=\"async\" src=\"https:\/\/bekkalokket.no\/wp-content\/uploads\/2024\/08\/2021-09-25_Oystese_Inge_Solfjell-P9240027-300x225.jpg\" width=\"300\" height=\"225\" alt=\"\" \/><span class=\"rl-gallery-caption\"><span class=\"rl-gallery-item-title\">\u00d8ystese at Bj\u00f8rgvin Bluesklubb 25.09.2021 - Inge Solfjell<\/span><\/span><\/a> <\/div> <\/div> <div class=\"rl-gallery-item\" > <div class=\"rl-gallery-item-content\"> <a href=\"https:\/\/bekkalokket.no\/wp-content\/uploads\/2024\/08\/2021-09-25_Oystese_Inge_Solfjell-P9240025.jpg\" title=\"\u00d8ystese at Bj\u00f8rgvin Bluesklubb 25.09.2021 &#8211; Inge Solfjell\" data-rl_title=\"\u00d8ystese at Bj\u00f8rgvin Bluesklubb 25.09.2021 &#8211; Inge Solfjell\" class=\"rl-gallery-link\" data-rl_caption=\"\u00d8ystese at Bj\u00f8rgvin Bluesklubb 25.09.2021 - Inge Solfjell\" data-rel=\"lightbox-gallery-1\"><img loading=\"lazy\" decoding=\"async\" src=\"https:\/\/bekkalokket.no\/wp-content\/uploads\/2024\/08\/2021-09-25_Oystese_Inge_Solfjell-P9240025-300x188.jpg\" width=\"300\" height=\"188\" alt=\"\" \/><span class=\"rl-gallery-caption\"><span class=\"rl-gallery-item-title\">\u00d8ystese at Bj\u00f8rgvin Bluesklubb 25.09.2021 - Inge Solfjell<\/span><\/span><\/a> <\/div> <\/div> <div class=\"rl-gallery-item\" > <div class=\"rl-gallery-item-content\"> <a href=\"https:\/\/bekkalokket.no\/wp-content\/uploads\/2024\/08\/2021-09-25_Oystese_Inge_Solfjell-P9240024.jpg\" title=\"\u00d8ystese at Bj\u00f8rgvin Bluesklubb 25.09.2021 &#8211; Inge Solfjell\" data-rl_title=\"\u00d8ystese at Bj\u00f8rgvin Bluesklubb 25.09.2021 &#8211; Inge Solfjell\" class=\"rl-gallery-link\" data-rl_caption=\"\u00d8ystese at Bj\u00f8rgvin Bluesklubb 25.09.2021 - Inge Solfjell\" data-rel=\"lightbox-gallery-1\"><img loading=\"lazy\" decoding=\"async\" src=\"https:\/\/bekkalokket.no\/wp-content\/uploads\/2024\/08\/2021-09-25_Oystese_Inge_Solfjell-P9240024-300x225.jpg\" width=\"300\" height=\"225\" alt=\"\" \/><span class=\"rl-gallery-caption\"><span class=\"rl-gallery-item-title\">\u00d8ystese at Bj\u00f8rgvin Bluesklubb 25.09.2021 - Inge Solfjell<\/span><\/span><\/a> <\/div> <\/div> <\/div> <\/div><\/p>\n\n\n\n<p id=\"Texmanians\"><a href=\"https:\/\/bekkalokket.no\/index.php\/konsertfoto-bjorgvin-bluesklubb\/\">G\u00e5 til oversikten<\/a><\/p>\n\n\n\n<div class=\"rl-gallery-container rl-loading\" id=\"rl-gallery-container-2\" data-gallery_id=\"9292\"> <h4 class=\"rl-gallery-title\">15. november 2023 Texmanians<\/h4><div class=\"rl-gallery-description\">Fotografer: Mona Sj\u00f8nhaug, Jan Standal og Kjell Eirik Irgens Henanger<\/div> <div class=\"rl-gallery rl-basicmasonry-gallery rl-hover-effect-1 rl-hover-icon-10\" id=\"rl-gallery-2\" data-gallery_no=\"2\"> <div class=\"rl-gutter-sizer\"><\/div><div class=\"rl-grid-sizer\"><\/div> <div class=\"rl-gallery-item rl-gallery-item-width-4\" > <div class=\"rl-gallery-item-content\"> <a href=\"https:\/\/bekkalokket.no\/wp-content\/uploads\/2024\/08\/2023-11-15-texmanians-foto-Mona-Skjonhaug__9942.jpg\" title=\"Texmanians at Bj\u00f8rgvin Bluesklubb 15.11.2023 &#8211; Mona Skj\u00f8nhaug\" data-rl_title=\"Texmanians at Bj\u00f8rgvin Bluesklubb 15.11.2023 &#8211; Mona Skj\u00f8nhaug\" class=\"rl-gallery-link\" data-rl_caption=\"Texmanians at Bj\u00f8rgvin Bluesklubb 15.11.2023 - Mona Skj\u00f8nhaug\" data-rel=\"lightbox-gallery-2\"><img loading=\"lazy\" decoding=\"async\" src=\"https:\/\/bekkalokket.no\/wp-content\/uploads\/2024\/08\/2023-11-15-texmanians-foto-Mona-Skjonhaug__9942-200x300.jpg\" width=\"200\" height=\"300\" alt=\"\" \/><span class=\"rl-gallery-caption\"><span class=\"rl-gallery-item-title\">Texmanians at Bj\u00f8rgvin Bluesklubb 15.11.2023 - Mona Skj\u00f8nhaug<\/span><\/span><\/a> <\/div> <\/div> <div class=\"rl-gallery-item\" > <div class=\"rl-gallery-item-content\"> <a href=\"https:\/\/bekkalokket.no\/wp-content\/uploads\/2024\/08\/2023-11-15-texmanians-foto-Mona-Skjonhaug__9933.jpg\" title=\"Texmanians at Bj\u00f8rgvin Bluesklubb 15.11.2023 &#8211; Mona Skj\u00f8nhaug\" data-rl_title=\"Texmanians at Bj\u00f8rgvin Bluesklubb 15.11.2023 &#8211; Mona Skj\u00f8nhaug\" class=\"rl-gallery-link\" data-rl_caption=\"Texmanians at Bj\u00f8rgvin Bluesklubb 15.11.2023 - Mona Skj\u00f8nhaug\" data-rel=\"lightbox-gallery-2\"><img loading=\"lazy\" decoding=\"async\" src=\"https:\/\/bekkalokket.no\/wp-content\/uploads\/2024\/08\/2023-11-15-texmanians-foto-Mona-Skjonhaug__9933-300x200.jpg\" width=\"300\" height=\"200\" alt=\"\" \/><span class=\"rl-gallery-caption\"><span class=\"rl-gallery-item-title\">Texmanians at Bj\u00f8rgvin Bluesklubb 15.11.2023 - Mona Skj\u00f8nhaug<\/span><\/span><\/a> <\/div> <\/div> <div class=\"rl-gallery-item\" > <div class=\"rl-gallery-item-content\"> <a href=\"https:\/\/bekkalokket.no\/wp-content\/uploads\/2024\/08\/2023-11-15-texmanians-foto-Mona-Skjonhaug__9932.jpg\" title=\"Texmanians at Bj\u00f8rgvin Bluesklubb 15.11.2023 &#8211; Mona Skj\u00f8nhaug\" data-rl_title=\"Texmanians at Bj\u00f8rgvin Bluesklubb 15.11.2023 &#8211; Mona Skj\u00f8nhaug\" class=\"rl-gallery-link\" data-rl_caption=\"Texmanians at Bj\u00f8rgvin Bluesklubb 15.11.2023 - Mona Skj\u00f8nhaug\" data-rel=\"lightbox-gallery-2\"><img loading=\"lazy\" decoding=\"async\" src=\"https:\/\/bekkalokket.no\/wp-content\/uploads\/2024\/08\/2023-11-15-texmanians-foto-Mona-Skjonhaug__9932-300x200.jpg\" width=\"300\" height=\"200\" alt=\"\" \/><span class=\"rl-gallery-caption\"><span class=\"rl-gallery-item-title\">Texmanians at Bj\u00f8rgvin Bluesklubb 15.11.2023 - Mona Skj\u00f8nhaug<\/span><\/span><\/a> <\/div> <\/div> <div class=\"rl-gallery-item\" > <div class=\"rl-gallery-item-content\"> <a href=\"https:\/\/bekkalokket.no\/wp-content\/uploads\/2024\/08\/2023-11-15-texmanians-foto-Mona-Skjonhaug__9918.jpg\" title=\"Texmanians at Bj\u00f8rgvin Bluesklubb 15.11.2023 &#8211; Mona Skj\u00f8nhaug\" data-rl_title=\"Texmanians at Bj\u00f8rgvin Bluesklubb 15.11.2023 &#8211; Mona Skj\u00f8nhaug\" class=\"rl-gallery-link\" data-rl_caption=\"Texmanians at Bj\u00f8rgvin Bluesklubb 15.11.2023 - Mona Skj\u00f8nhaug\" data-rel=\"lightbox-gallery-2\"><img loading=\"lazy\" decoding=\"async\" src=\"https:\/\/bekkalokket.no\/wp-content\/uploads\/2024\/08\/2023-11-15-texmanians-foto-Mona-Skjonhaug__9918-300x200.jpg\" width=\"300\" height=\"200\" alt=\"\" \/><span class=\"rl-gallery-caption\"><span class=\"rl-gallery-item-title\">Texmanians at Bj\u00f8rgvin Bluesklubb 15.11.2023 - Mona Skj\u00f8nhaug<\/span><\/span><\/a> <\/div> <\/div> <div class=\"rl-gallery-item\" > <div class=\"rl-gallery-item-content\"> <a href=\"https:\/\/bekkalokket.no\/wp-content\/uploads\/2024\/08\/2023-11-15-texmanians-foto-Mona-Skjonhaug__9908.jpg\" title=\"Texmanians at Bj\u00f8rgvin Bluesklubb 15.11.2023 &#8211; Mona Skj\u00f8nhaug\" data-rl_title=\"Texmanians at Bj\u00f8rgvin Bluesklubb 15.11.2023 &#8211; Mona Skj\u00f8nhaug\" class=\"rl-gallery-link\" data-rl_caption=\"Texmanians at Bj\u00f8rgvin Bluesklubb 15.11.2023 - Mona Skj\u00f8nhaug\" data-rel=\"lightbox-gallery-2\"><img loading=\"lazy\" decoding=\"async\" src=\"https:\/\/bekkalokket.no\/wp-content\/uploads\/2024\/08\/2023-11-15-texmanians-foto-Mona-Skjonhaug__9908-200x300.jpg\" width=\"200\" height=\"300\" alt=\"\" \/><span class=\"rl-gallery-caption\"><span class=\"rl-gallery-item-title\">Texmanians at Bj\u00f8rgvin Bluesklubb 15.11.2023 - Mona Skj\u00f8nhaug<\/span><\/span><\/a> <\/div> <\/div> <div class=\"rl-gallery-item\" > <div class=\"rl-gallery-item-content\"> <a href=\"https:\/\/bekkalokket.no\/wp-content\/uploads\/2024\/08\/2023-11-15-texmanians-foto-Mona-Skjonhaug__9898.jpg\" title=\"Texmanians at Bj\u00f8rgvin Bluesklubb 15.11.2023 &#8211; Mona Skj\u00f8nhaug\" data-rl_title=\"Texmanians at Bj\u00f8rgvin Bluesklubb 15.11.2023 &#8211; Mona Skj\u00f8nhaug\" class=\"rl-gallery-link\" data-rl_caption=\"Texmanians at Bj\u00f8rgvin Bluesklubb 15.11.2023 - Mona Skj\u00f8nhaug\" data-rel=\"lightbox-gallery-2\"><img loading=\"lazy\" decoding=\"async\" src=\"https:\/\/bekkalokket.no\/wp-content\/uploads\/2024\/08\/2023-11-15-texmanians-foto-Mona-Skjonhaug__9898-300x200.jpg\" width=\"300\" height=\"200\" alt=\"\" \/><span class=\"rl-gallery-caption\"><span class=\"rl-gallery-item-title\">Texmanians at Bj\u00f8rgvin Bluesklubb 15.11.2023 - Mona Skj\u00f8nhaug<\/span><\/span><\/a> <\/div> <\/div> <div class=\"rl-gallery-item\" > <div class=\"rl-gallery-item-content\"> <a href=\"https:\/\/bekkalokket.no\/wp-content\/uploads\/2024\/08\/2023-11-15-texmanians-foto-Mona-Skjonhaug__9895.jpg\" title=\"Texmanians at Bj\u00f8rgvin Bluesklubb 15.11.2023 &#8211; Mona Skj\u00f8nhaug\" data-rl_title=\"Texmanians at Bj\u00f8rgvin Bluesklubb 15.11.2023 &#8211; Mona Skj\u00f8nhaug\" class=\"rl-gallery-link\" data-rl_caption=\"Texmanians at Bj\u00f8rgvin Bluesklubb 15.11.2023 - Mona Skj\u00f8nhaug\" data-rel=\"lightbox-gallery-2\"><img loading=\"lazy\" decoding=\"async\" src=\"https:\/\/bekkalokket.no\/wp-content\/uploads\/2024\/08\/2023-11-15-texmanians-foto-Mona-Skjonhaug__9895-300x200.jpg\" width=\"300\" height=\"200\" alt=\"\" \/><span class=\"rl-gallery-caption\"><span class=\"rl-gallery-item-title\">Texmanians at Bj\u00f8rgvin Bluesklubb 15.11.2023 - Mona Skj\u00f8nhaug<\/span><\/span><\/a> <\/div> <\/div> <div class=\"rl-gallery-item\" > <div class=\"rl-gallery-item-content\"> <a href=\"https:\/\/bekkalokket.no\/wp-content\/uploads\/2024\/08\/2023-11-15-texmanians-foto-Mona-Skjonhaug__9880.jpg\" title=\"Texmanians at Bj\u00f8rgvin Bluesklubb 15.11.2023 &#8211; Mona Skj\u00f8nhaug\" data-rl_title=\"Texmanians at Bj\u00f8rgvin Bluesklubb 15.11.2023 &#8211; Mona Skj\u00f8nhaug\" class=\"rl-gallery-link\" data-rl_caption=\"Texmanians at Bj\u00f8rgvin Bluesklubb 15.11.2023 - Mona Skj\u00f8nhaug\" data-rel=\"lightbox-gallery-2\"><img loading=\"lazy\" decoding=\"async\" src=\"https:\/\/bekkalokket.no\/wp-content\/uploads\/2024\/08\/2023-11-15-texmanians-foto-Mona-Skjonhaug__9880-200x300.jpg\" width=\"200\" height=\"300\" alt=\"\" \/><span class=\"rl-gallery-caption\"><span class=\"rl-gallery-item-title\">Texmanians at Bj\u00f8rgvin Bluesklubb 15.11.2023 - Mona Skj\u00f8nhaug<\/span><\/span><\/a> <\/div> <\/div> <div class=\"rl-gallery-item\" > <div class=\"rl-gallery-item-content\"> <a href=\"https:\/\/bekkalokket.no\/wp-content\/uploads\/2024\/08\/2023-11-15-texmanians-foto-Mona-Skjonhaug__9878.jpg\" title=\"Texmanians at Bj\u00f8rgvin Bluesklubb 15.11.2023 &#8211; Mona Skj\u00f8nhaug\" data-rl_title=\"Texmanians at Bj\u00f8rgvin Bluesklubb 15.11.2023 &#8211; Mona Skj\u00f8nhaug\" class=\"rl-gallery-link\" data-rl_caption=\"Texmanians at Bj\u00f8rgvin Bluesklubb 15.11.2023 - Mona Skj\u00f8nhaug\" data-rel=\"lightbox-gallery-2\"><img loading=\"lazy\" decoding=\"async\" src=\"https:\/\/bekkalokket.no\/wp-content\/uploads\/2024\/08\/2023-11-15-texmanians-foto-Mona-Skjonhaug__9878-200x300.jpg\" width=\"200\" height=\"300\" alt=\"\" \/><span class=\"rl-gallery-caption\"><span class=\"rl-gallery-item-title\">Texmanians at Bj\u00f8rgvin Bluesklubb 15.11.2023 - Mona Skj\u00f8nhaug<\/span><\/span><\/a> <\/div> <\/div> <div class=\"rl-gallery-item\" > <div class=\"rl-gallery-item-content\"> <a href=\"https:\/\/bekkalokket.no\/wp-content\/uploads\/2024\/08\/2023-11-15-texmanians-foto-Mona-Skjonhaug__9877.jpg\" title=\"Texmanians at Bj\u00f8rgvin Bluesklubb 15.11.2023 &#8211; Mona Skj\u00f8nhaug\" data-rl_title=\"Texmanians at Bj\u00f8rgvin Bluesklubb 15.11.2023 &#8211; Mona Skj\u00f8nhaug\" class=\"rl-gallery-link\" data-rl_caption=\"Texmanians at Bj\u00f8rgvin Bluesklubb 15.11.2023 - Mona Skj\u00f8nhaug\" data-rel=\"lightbox-gallery-2\"><img loading=\"lazy\" decoding=\"async\" src=\"https:\/\/bekkalokket.no\/wp-content\/uploads\/2024\/08\/2023-11-15-texmanians-foto-Mona-Skjonhaug__9877-200x300.jpg\" width=\"200\" height=\"300\" alt=\"\" \/><span class=\"rl-gallery-caption\"><span class=\"rl-gallery-item-title\">Texmanians at Bj\u00f8rgvin Bluesklubb 15.11.2023 - Mona Skj\u00f8nhaug<\/span><\/span><\/a> <\/div> <\/div> <div class=\"rl-gallery-item\" > <div class=\"rl-gallery-item-content\"> <a href=\"https:\/\/bekkalokket.no\/wp-content\/uploads\/2024\/08\/2023-11-15-texmanians-foto-kjell-eirik-irgens-henanger-18_53336954685_o.jpg\" title=\"Texmanians at Bj\u00f8rgvin Bluesklubb 15.11.2023 &#8211; Kjell Eirik Irgens Henanger\" data-rl_title=\"Texmanians at Bj\u00f8rgvin Bluesklubb 15.11.2023 &#8211; Kjell Eirik Irgens Henanger\" class=\"rl-gallery-link\" data-rl_caption=\"Texmanians at Bj\u00f8rgvin Bluesklubb 15.11.2023 - Kjell Eirik Irgens Henanger\" data-rel=\"lightbox-gallery-2\"><img loading=\"lazy\" decoding=\"async\" src=\"https:\/\/bekkalokket.no\/wp-content\/uploads\/2024\/08\/2023-11-15-texmanians-foto-kjell-eirik-irgens-henanger-18_53336954685_o-300x208.jpg\" width=\"300\" height=\"208\" alt=\"\" \/><span class=\"rl-gallery-caption\"><span class=\"rl-gallery-item-title\">Texmanians at Bj\u00f8rgvin Bluesklubb 15.11.2023 - Kjell Eirik Irgens Henanger<\/span><\/span><\/a> <\/div> <\/div> <div class=\"rl-gallery-item\" > <div class=\"rl-gallery-item-content\"> <a href=\"https:\/\/bekkalokket.no\/wp-content\/uploads\/2024\/08\/2023-11-15-texmanians-foto-kjell-eirik-irgens-henanger-17_53336832389_o.jpg\" title=\"Texmanians at Bj\u00f8rgvin Bluesklubb 15.11.2023 &#8211; Kjell Eirik Irgens Henanger\" data-rl_title=\"Texmanians at Bj\u00f8rgvin Bluesklubb 15.11.2023 &#8211; Kjell Eirik Irgens Henanger\" class=\"rl-gallery-link\" data-rl_caption=\"Texmanians at Bj\u00f8rgvin Bluesklubb 15.11.2023 - Kjell Eirik Irgens Henanger\" data-rel=\"lightbox-gallery-2\"><img loading=\"lazy\" decoding=\"async\" src=\"https:\/\/bekkalokket.no\/wp-content\/uploads\/2024\/08\/2023-11-15-texmanians-foto-kjell-eirik-irgens-henanger-17_53336832389_o-300x200.jpg\" width=\"300\" height=\"200\" alt=\"\" \/><span class=\"rl-gallery-caption\"><span class=\"rl-gallery-item-title\">Texmanians at Bj\u00f8rgvin Bluesklubb 15.11.2023 - Kjell Eirik Irgens Henanger<\/span><\/span><\/a> <\/div> <\/div> <div class=\"rl-gallery-item\" > <div class=\"rl-gallery-item-content\"> <a href=\"https:\/\/bekkalokket.no\/wp-content\/uploads\/2024\/08\/2023-11-15-texmanians-foto-kjell-eirik-irgens-henanger-16_53336724113_o.jpg\" title=\"Texmanians at Bj\u00f8rgvin Bluesklubb 15.11.2023 &#8211; Kjell Eirik Irgens Henanger\" data-rl_title=\"Texmanians at Bj\u00f8rgvin Bluesklubb 15.11.2023 &#8211; Kjell Eirik Irgens Henanger\" class=\"rl-gallery-link\" data-rl_caption=\"Texmanians at Bj\u00f8rgvin Bluesklubb 15.11.2023 - Kjell Eirik Irgens Henanger\" data-rel=\"lightbox-gallery-2\"><img loading=\"lazy\" decoding=\"async\" src=\"https:\/\/bekkalokket.no\/wp-content\/uploads\/2024\/08\/2023-11-15-texmanians-foto-kjell-eirik-irgens-henanger-16_53336724113_o-300x215.jpg\" width=\"300\" height=\"215\" alt=\"\" \/><span class=\"rl-gallery-caption\"><span class=\"rl-gallery-item-title\">Texmanians at Bj\u00f8rgvin Bluesklubb 15.11.2023 - Kjell Eirik Irgens Henanger<\/span><\/span><\/a> <\/div> <\/div> <div class=\"rl-gallery-item\" > <div class=\"rl-gallery-item-content\"> <a href=\"https:\/\/bekkalokket.no\/wp-content\/uploads\/2024\/08\/2023-11-15-texmanians-foto-kjell-eirik-irgens-henanger-15_53336954680_o.jpg\" title=\"Texmanians at Bj\u00f8rgvin Bluesklubb 15.11.2023 &#8211; Kjell Eirik Irgens Henanger\" data-rl_title=\"Texmanians at Bj\u00f8rgvin Bluesklubb 15.11.2023 &#8211; Kjell Eirik Irgens Henanger\" class=\"rl-gallery-link\" data-rl_caption=\"Texmanians at Bj\u00f8rgvin Bluesklubb 15.11.2023 - Kjell Eirik Irgens Henanger\" data-rel=\"lightbox-gallery-2\"><img loading=\"lazy\" decoding=\"async\" src=\"https:\/\/bekkalokket.no\/wp-content\/uploads\/2024\/08\/2023-11-15-texmanians-foto-kjell-eirik-irgens-henanger-15_53336954680_o-300x167.jpg\" width=\"300\" height=\"167\" alt=\"\" \/><span class=\"rl-gallery-caption\"><span class=\"rl-gallery-item-title\">Texmanians at Bj\u00f8rgvin Bluesklubb 15.11.2023 - Kjell Eirik Irgens Henanger<\/span><\/span><\/a> <\/div> <\/div> <div class=\"rl-gallery-item\" > <div class=\"rl-gallery-item-content\"> <a href=\"https:\/\/bekkalokket.no\/wp-content\/uploads\/2024\/08\/2023-11-15-texmanians-foto-kjell-eirik-irgens-henanger-14_53336490161_o.jpg\" title=\"Texmanians at Bj\u00f8rgvin Bluesklubb 15.11.2023 &#8211; Kjell Eirik Irgens Henanger\" data-rl_title=\"Texmanians at Bj\u00f8rgvin Bluesklubb 15.11.2023 &#8211; Kjell Eirik Irgens Henanger\" class=\"rl-gallery-link\" data-rl_caption=\"Texmanians at Bj\u00f8rgvin Bluesklubb 15.11.2023 - Kjell Eirik Irgens Henanger\" data-rel=\"lightbox-gallery-2\"><img loading=\"lazy\" decoding=\"async\" src=\"https:\/\/bekkalokket.no\/wp-content\/uploads\/2024\/08\/2023-11-15-texmanians-foto-kjell-eirik-irgens-henanger-14_53336490161_o-200x300.jpg\" width=\"200\" height=\"300\" alt=\"\" \/><span class=\"rl-gallery-caption\"><span class=\"rl-gallery-item-title\">Texmanians at Bj\u00f8rgvin Bluesklubb 15.11.2023 - Kjell Eirik Irgens Henanger<\/span><\/span><\/a> <\/div> <\/div> <div class=\"rl-gallery-item\" > <div class=\"rl-gallery-item-content\"> <a href=\"https:\/\/bekkalokket.no\/wp-content\/uploads\/2024\/08\/2023-11-15-texmanians-foto-kjell-eirik-irgens-henanger-13_53336954700_o.jpg\" title=\"Texmanians at Bj\u00f8rgvin Bluesklubb 15.11.2023 &#8211; Kjell Eirik Irgens Henanger\" data-rl_title=\"Texmanians at Bj\u00f8rgvin Bluesklubb 15.11.2023 &#8211; Kjell Eirik Irgens Henanger\" class=\"rl-gallery-link\" data-rl_caption=\"Texmanians at Bj\u00f8rgvin Bluesklubb 15.11.2023 - Kjell Eirik Irgens Henanger\" data-rel=\"lightbox-gallery-2\"><img loading=\"lazy\" decoding=\"async\" src=\"https:\/\/bekkalokket.no\/wp-content\/uploads\/2024\/08\/2023-11-15-texmanians-foto-kjell-eirik-irgens-henanger-13_53336954700_o-300x200.jpg\" width=\"300\" height=\"200\" alt=\"\" \/><span class=\"rl-gallery-caption\"><span class=\"rl-gallery-item-title\">Texmanians at Bj\u00f8rgvin Bluesklubb 15.11.2023 - Kjell Eirik Irgens Henanger<\/span><\/span><\/a> <\/div> <\/div> <div class=\"rl-gallery-item\" > <div class=\"rl-gallery-item-content\"> <a href=\"https:\/\/bekkalokket.no\/wp-content\/uploads\/2024\/08\/2023-11-15-texmanians-foto-kjell-eirik-irgens-henanger-12_53336490181_o.jpg\" title=\"Texmanians at Bj\u00f8rgvin Bluesklubb 15.11.2023 &#8211; Kjell Eirik Irgens Henanger\" data-rl_title=\"Texmanians at Bj\u00f8rgvin Bluesklubb 15.11.2023 &#8211; Kjell Eirik Irgens Henanger\" class=\"rl-gallery-link\" data-rl_caption=\"Texmanians at Bj\u00f8rgvin Bluesklubb 15.11.2023 - Kjell Eirik Irgens Henanger\" data-rel=\"lightbox-gallery-2\"><img loading=\"lazy\" decoding=\"async\" src=\"https:\/\/bekkalokket.no\/wp-content\/uploads\/2024\/08\/2023-11-15-texmanians-foto-kjell-eirik-irgens-henanger-12_53336490181_o-300x197.jpg\" width=\"300\" height=\"197\" alt=\"\" \/><span class=\"rl-gallery-caption\"><span class=\"rl-gallery-item-title\">Texmanians at Bj\u00f8rgvin Bluesklubb 15.11.2023 - Kjell Eirik Irgens Henanger<\/span><\/span><\/a> <\/div> <\/div> <div class=\"rl-gallery-item\" > <div class=\"rl-gallery-item-content\"> <a href=\"https:\/\/bekkalokket.no\/wp-content\/uploads\/2024\/08\/2023-11-15-texmanians-foto-kjell-eirik-irgens-henanger-11_53336490236_o.jpg\" title=\"Texmanians at Bj\u00f8rgvin Bluesklubb 15.11.2023 &#8211; Kjell Eirik Irgens Henanger\" data-rl_title=\"Texmanians at Bj\u00f8rgvin Bluesklubb 15.11.2023 &#8211; Kjell Eirik Irgens Henanger\" class=\"rl-gallery-link\" data-rl_caption=\"Texmanians at Bj\u00f8rgvin Bluesklubb 15.11.2023 - Kjell Eirik Irgens Henanger\" data-rel=\"lightbox-gallery-2\"><img loading=\"lazy\" decoding=\"async\" src=\"https:\/\/bekkalokket.no\/wp-content\/uploads\/2024\/08\/2023-11-15-texmanians-foto-kjell-eirik-irgens-henanger-11_53336490236_o-300x202.jpg\" width=\"300\" height=\"202\" alt=\"\" \/><span class=\"rl-gallery-caption\"><span class=\"rl-gallery-item-title\">Texmanians at Bj\u00f8rgvin Bluesklubb 15.11.2023 - Kjell Eirik Irgens Henanger<\/span><\/span><\/a> <\/div> <\/div> <div class=\"rl-gallery-item\" > <div class=\"rl-gallery-item-content\"> <a href=\"https:\/\/bekkalokket.no\/wp-content\/uploads\/2024\/08\/2023-11-15-texmanians-foto-kjell-eirik-irgens-henanger-10_53336724238_o.jpg\" title=\"Texmanians at Bj\u00f8rgvin Bluesklubb 15.11.2023 &#8211; Kjell Eirik Irgens Henanger\" data-rl_title=\"Texmanians at Bj\u00f8rgvin Bluesklubb 15.11.2023 &#8211; Kjell Eirik Irgens Henanger\" class=\"rl-gallery-link\" data-rl_caption=\"Texmanians at Bj\u00f8rgvin Bluesklubb 15.11.2023 - Kjell Eirik Irgens Henanger\" data-rel=\"lightbox-gallery-2\"><img loading=\"lazy\" decoding=\"async\" src=\"https:\/\/bekkalokket.no\/wp-content\/uploads\/2024\/08\/2023-11-15-texmanians-foto-kjell-eirik-irgens-henanger-10_53336724238_o-198x300.jpg\" width=\"198\" height=\"300\" alt=\"\" \/><span class=\"rl-gallery-caption\"><span class=\"rl-gallery-item-title\">Texmanians at Bj\u00f8rgvin Bluesklubb 15.11.2023 - Kjell Eirik Irgens Henanger<\/span><\/span><\/a> <\/div> <\/div> <div class=\"rl-gallery-item\" > <div class=\"rl-gallery-item-content\"> <a href=\"https:\/\/bekkalokket.no\/wp-content\/uploads\/2024\/08\/2023-11-15-texmanians-foto-kjell-eirik-irgens-henanger-9_53336832519_o.jpg\" title=\"Texmanians at Bj\u00f8rgvin Bluesklubb 15.11.2023 &#8211; Kjell Eirik Irgens Henanger\" data-rl_title=\"Texmanians at Bj\u00f8rgvin Bluesklubb 15.11.2023 &#8211; Kjell Eirik Irgens Henanger\" class=\"rl-gallery-link\" data-rl_caption=\"Texmanians at Bj\u00f8rgvin Bluesklubb 15.11.2023 - Kjell Eirik Irgens Henanger\" data-rel=\"lightbox-gallery-2\"><img loading=\"lazy\" decoding=\"async\" src=\"https:\/\/bekkalokket.no\/wp-content\/uploads\/2024\/08\/2023-11-15-texmanians-foto-kjell-eirik-irgens-henanger-9_53336832519_o-300x200.jpg\" width=\"300\" height=\"200\" alt=\"\" \/><span class=\"rl-gallery-caption\"><span class=\"rl-gallery-item-title\">Texmanians at Bj\u00f8rgvin Bluesklubb 15.11.2023 - Kjell Eirik Irgens Henanger<\/span><\/span><\/a> <\/div> <\/div> <div class=\"rl-gallery-item\" > <div class=\"rl-gallery-item-content\"> <a href=\"https:\/\/bekkalokket.no\/wp-content\/uploads\/2024\/08\/2023-11-15-texmanians-foto-kjell-eirik-irgens-henanger-8_53336490286_o.jpg\" title=\"Texmanians at Bj\u00f8rgvin Bluesklubb 15.11.2023 &#8211; Kjell Eirik Irgens Henanger\" data-rl_title=\"Texmanians at Bj\u00f8rgvin Bluesklubb 15.11.2023 &#8211; Kjell Eirik Irgens Henanger\" class=\"rl-gallery-link\" data-rl_caption=\"Texmanians at Bj\u00f8rgvin Bluesklubb 15.11.2023 - Kjell Eirik Irgens Henanger\" data-rel=\"lightbox-gallery-2\"><img loading=\"lazy\" decoding=\"async\" src=\"https:\/\/bekkalokket.no\/wp-content\/uploads\/2024\/08\/2023-11-15-texmanians-foto-kjell-eirik-irgens-henanger-8_53336490286_o-300x208.jpg\" width=\"300\" height=\"208\" alt=\"\" \/><span class=\"rl-gallery-caption\"><span class=\"rl-gallery-item-title\">Texmanians at Bj\u00f8rgvin Bluesklubb 15.11.2023 - Kjell Eirik Irgens Henanger<\/span><\/span><\/a> <\/div> <\/div> <div class=\"rl-gallery-item\" > <div class=\"rl-gallery-item-content\"> <a href=\"https:\/\/bekkalokket.no\/wp-content\/uploads\/2024\/08\/2023-11-15-texmanians-foto-kjell-eirik-irgens-henanger-7_53335617007_o.jpg\" title=\"Texmanians at Bj\u00f8rgvin Bluesklubb 15.11.2023 &#8211; Kjell Eirik Irgens Henanger\" data-rl_title=\"Texmanians at Bj\u00f8rgvin Bluesklubb 15.11.2023 &#8211; Kjell Eirik Irgens Henanger\" class=\"rl-gallery-link\" data-rl_caption=\"Texmanians at Bj\u00f8rgvin Bluesklubb 15.11.2023 - Kjell Eirik Irgens Henanger\" data-rel=\"lightbox-gallery-2\"><img loading=\"lazy\" decoding=\"async\" src=\"https:\/\/bekkalokket.no\/wp-content\/uploads\/2024\/08\/2023-11-15-texmanians-foto-kjell-eirik-irgens-henanger-7_53335617007_o-300x296.jpg\" width=\"300\" height=\"296\" alt=\"\" \/><span class=\"rl-gallery-caption\"><span class=\"rl-gallery-item-title\">Texmanians at Bj\u00f8rgvin Bluesklubb 15.11.2023 - Kjell Eirik Irgens Henanger<\/span><\/span><\/a> <\/div> <\/div> <div class=\"rl-gallery-item\" > <div class=\"rl-gallery-item-content\"> <a href=\"https:\/\/bekkalokket.no\/wp-content\/uploads\/2024\/08\/2023-11-15-texmanians-foto-kjell-eirik-irgens-henanger-6_53336954840_o.jpg\" title=\"Texmanians at Bj\u00f8rgvin Bluesklubb 15.11.2023 &#8211; Kjell Eirik Irgens Henanger\" data-rl_title=\"Texmanians at Bj\u00f8rgvin Bluesklubb 15.11.2023 &#8211; Kjell Eirik Irgens Henanger\" class=\"rl-gallery-link\" data-rl_caption=\"Texmanians at Bj\u00f8rgvin Bluesklubb 15.11.2023 - Kjell Eirik Irgens Henanger\" data-rel=\"lightbox-gallery-2\"><img loading=\"lazy\" decoding=\"async\" src=\"https:\/\/bekkalokket.no\/wp-content\/uploads\/2024\/08\/2023-11-15-texmanians-foto-kjell-eirik-irgens-henanger-6_53336954840_o-300x220.jpg\" width=\"300\" height=\"220\" alt=\"\" \/><span class=\"rl-gallery-caption\"><span class=\"rl-gallery-item-title\">Texmanians at Bj\u00f8rgvin Bluesklubb 15.11.2023 - Kjell Eirik Irgens Henanger<\/span><\/span><\/a> <\/div> <\/div> <div class=\"rl-gallery-item\" > <div class=\"rl-gallery-item-content\"> <a href=\"https:\/\/bekkalokket.no\/wp-content\/uploads\/2024\/08\/2023-11-15-texmanians-foto-kjell-eirik-irgens-henanger-5_53336490301_o.jpg\" title=\"Texmanians at Bj\u00f8rgvin Bluesklubb 15.11.2023 &#8211; Kjell Eirik Irgens Henanger\" data-rl_title=\"Texmanians at Bj\u00f8rgvin Bluesklubb 15.11.2023 &#8211; Kjell Eirik Irgens Henanger\" class=\"rl-gallery-link\" data-rl_caption=\"Texmanians at Bj\u00f8rgvin Bluesklubb 15.11.2023 - Kjell Eirik Irgens Henanger\" data-rel=\"lightbox-gallery-2\"><img loading=\"lazy\" decoding=\"async\" src=\"https:\/\/bekkalokket.no\/wp-content\/uploads\/2024\/08\/2023-11-15-texmanians-foto-kjell-eirik-irgens-henanger-5_53336490301_o-300x216.jpg\" width=\"300\" height=\"216\" alt=\"\" \/><span class=\"rl-gallery-caption\"><span class=\"rl-gallery-item-title\">Texmanians at Bj\u00f8rgvin Bluesklubb 15.11.2023 - Kjell Eirik Irgens Henanger<\/span><\/span><\/a> <\/div> <\/div> <div class=\"rl-gallery-item\" > <div class=\"rl-gallery-item-content\"> <a href=\"https:\/\/bekkalokket.no\/wp-content\/uploads\/2024\/08\/2023-11-15-texmanians-foto-kjell-eirik-irgens-henanger-4_53336724308_o.jpg\" title=\"Texmanians at Bj\u00f8rgvin Bluesklubb 15.11.2023 &#8211; Kjell Eirik Irgens Henanger\" data-rl_title=\"Texmanians at Bj\u00f8rgvin Bluesklubb 15.11.2023 &#8211; Kjell Eirik Irgens Henanger\" class=\"rl-gallery-link\" data-rl_caption=\"Texmanians at Bj\u00f8rgvin Bluesklubb 15.11.2023 - Kjell Eirik Irgens Henanger\" data-rel=\"lightbox-gallery-2\"><img loading=\"lazy\" decoding=\"async\" src=\"https:\/\/bekkalokket.no\/wp-content\/uploads\/2024\/08\/2023-11-15-texmanians-foto-kjell-eirik-irgens-henanger-4_53336724308_o-300x200.jpg\" width=\"300\" height=\"200\" alt=\"\" \/><span class=\"rl-gallery-caption\"><span class=\"rl-gallery-item-title\">Texmanians at Bj\u00f8rgvin Bluesklubb 15.11.2023 - Kjell Eirik Irgens Henanger<\/span><\/span><\/a> <\/div> <\/div> <div class=\"rl-gallery-item\" > <div class=\"rl-gallery-item-content\"> <a href=\"https:\/\/bekkalokket.no\/wp-content\/uploads\/2024\/08\/2023-11-15-texmanians-foto-kjell-eirik-irgens-henanger-3_53336490326_o.jpg\" title=\"Texmanians at Bj\u00f8rgvin Bluesklubb 15.11.2023 &#8211; Kjell Eirik Irgens Henanger\" data-rl_title=\"Texmanians at Bj\u00f8rgvin Bluesklubb 15.11.2023 &#8211; Kjell Eirik Irgens Henanger\" class=\"rl-gallery-link\" data-rl_caption=\"Texmanians at Bj\u00f8rgvin Bluesklubb 15.11.2023 - Kjell Eirik Irgens Henanger\" data-rel=\"lightbox-gallery-2\"><img loading=\"lazy\" decoding=\"async\" src=\"https:\/\/bekkalokket.no\/wp-content\/uploads\/2024\/08\/2023-11-15-texmanians-foto-kjell-eirik-irgens-henanger-3_53336490326_o-300x211.jpg\" width=\"300\" height=\"211\" alt=\"\" \/><span class=\"rl-gallery-caption\"><span class=\"rl-gallery-item-title\">Texmanians at Bj\u00f8rgvin Bluesklubb 15.11.2023 - Kjell Eirik Irgens Henanger<\/span><\/span><\/a> <\/div> <\/div> <div class=\"rl-gallery-item\" > <div class=\"rl-gallery-item-content\"> <a href=\"https:\/\/bekkalokket.no\/wp-content\/uploads\/2024\/08\/2023-11-15-texmanians-foto-kjell-eirik-irgens-henanger-2_53336724338_o.jpg\" title=\"Texmanians at Bj\u00f8rgvin Bluesklubb 15.11.2023 &#8211; Kjell Eirik Irgens Henanger\" data-rl_title=\"Texmanians at Bj\u00f8rgvin Bluesklubb 15.11.2023 &#8211; Kjell Eirik Irgens Henanger\" class=\"rl-gallery-link\" data-rl_caption=\"Texmanians at Bj\u00f8rgvin Bluesklubb 15.11.2023 - Kjell Eirik Irgens Henanger\" data-rel=\"lightbox-gallery-2\"><img loading=\"lazy\" decoding=\"async\" src=\"https:\/\/bekkalokket.no\/wp-content\/uploads\/2024\/08\/2023-11-15-texmanians-foto-kjell-eirik-irgens-henanger-2_53336724338_o-300x222.jpg\" width=\"300\" height=\"222\" alt=\"\" \/><span class=\"rl-gallery-caption\"><span class=\"rl-gallery-item-title\">Texmanians at Bj\u00f8rgvin Bluesklubb 15.11.2023 - Kjell Eirik Irgens Henanger<\/span><\/span><\/a> <\/div> <\/div> <div class=\"rl-gallery-item\" > <div class=\"rl-gallery-item-content\"> <a href=\"https:\/\/bekkalokket.no\/wp-content\/uploads\/2024\/08\/2023-11-15-texmanians-foto-kjell-eirik-irgens-henanger-1_53336832589_o.jpg\" title=\"Texmanians at Bj\u00f8rgvin Bluesklubb 15.11.2023 &#8211; Kjell Eirik Irgens Henanger\" data-rl_title=\"Texmanians at Bj\u00f8rgvin Bluesklubb 15.11.2023 &#8211; Kjell Eirik Irgens Henanger\" class=\"rl-gallery-link\" data-rl_caption=\"Texmanians at Bj\u00f8rgvin Bluesklubb 15.11.2023 - Kjell Eirik Irgens Henanger\" data-rel=\"lightbox-gallery-2\"><img loading=\"lazy\" decoding=\"async\" src=\"https:\/\/bekkalokket.no\/wp-content\/uploads\/2024\/08\/2023-11-15-texmanians-foto-kjell-eirik-irgens-henanger-1_53336832589_o-300x179.jpg\" width=\"300\" height=\"179\" alt=\"\" \/><span class=\"rl-gallery-caption\"><span class=\"rl-gallery-item-title\">Texmanians at Bj\u00f8rgvin Bluesklubb 15.11.2023 - Kjell Eirik Irgens Henanger<\/span><\/span><\/a> <\/div> <\/div> <div class=\"rl-gallery-item\" > <div class=\"rl-gallery-item-content\"> <a href=\"https:\/\/bekkalokket.no\/wp-content\/uploads\/2024\/08\/2023-11-15-Texmanians_Jan-Standal-150283.jpg\" title=\"Texmanians at Bj\u00f8rgvin Bluesklubb 15.11.2023 &#8211; Jan Standal\" data-rl_title=\"Texmanians at Bj\u00f8rgvin Bluesklubb 15.11.2023 &#8211; Jan Standal\" class=\"rl-gallery-link\" data-rl_caption=\"Texmanians at Bj\u00f8rgvin Bluesklubb 15.11.2023 - Jan Standal\" data-rel=\"lightbox-gallery-2\"><img loading=\"lazy\" decoding=\"async\" src=\"https:\/\/bekkalokket.no\/wp-content\/uploads\/2024\/08\/2023-11-15-Texmanians_Jan-Standal-150283-300x227.jpg\" width=\"300\" height=\"227\" alt=\"\" \/><span class=\"rl-gallery-caption\"><span class=\"rl-gallery-item-title\">Texmanians at Bj\u00f8rgvin Bluesklubb 15.11.2023 - Jan Standal<\/span><\/span><\/a> <\/div> <\/div> <div class=\"rl-gallery-item\" > <div class=\"rl-gallery-item-content\"> <a href=\"https:\/\/bekkalokket.no\/wp-content\/uploads\/2024\/08\/2023-11-15-Texmanians_Jan-Standal-150235.jpg\" title=\"Texmanians at Bj\u00f8rgvin Bluesklubb 15.11.2023 &#8211; Jan Standal\" data-rl_title=\"Texmanians at Bj\u00f8rgvin Bluesklubb 15.11.2023 &#8211; Jan Standal\" class=\"rl-gallery-link\" data-rl_caption=\"Texmanians at Bj\u00f8rgvin Bluesklubb 15.11.2023 - Jan Standal\" data-rel=\"lightbox-gallery-2\"><img loading=\"lazy\" decoding=\"async\" src=\"https:\/\/bekkalokket.no\/wp-content\/uploads\/2024\/08\/2023-11-15-Texmanians_Jan-Standal-150235-252x300.jpg\" width=\"252\" height=\"300\" alt=\"\" \/><span class=\"rl-gallery-caption\"><span class=\"rl-gallery-item-title\">Texmanians at Bj\u00f8rgvin Bluesklubb 15.11.2023 - Jan Standal<\/span><\/span><\/a> <\/div> <\/div> <div class=\"rl-gallery-item\" > <div class=\"rl-gallery-item-content\"> <a href=\"https:\/\/bekkalokket.no\/wp-content\/uploads\/2024\/08\/2023-11-15-Texmanians_Jan-Standal-150206.jpg\" title=\"Texmanians at Bj\u00f8rgvin Bluesklubb 15.11.2023 &#8211; Jan Standal\" data-rl_title=\"Texmanians at Bj\u00f8rgvin Bluesklubb 15.11.2023 &#8211; Jan Standal\" class=\"rl-gallery-link\" data-rl_caption=\"Texmanians at Bj\u00f8rgvin Bluesklubb 15.11.2023 - Jan Standal\" data-rel=\"lightbox-gallery-2\"><img loading=\"lazy\" decoding=\"async\" src=\"https:\/\/bekkalokket.no\/wp-content\/uploads\/2024\/08\/2023-11-15-Texmanians_Jan-Standal-150206-225x300.jpg\" width=\"225\" height=\"300\" alt=\"\" \/><span class=\"rl-gallery-caption\"><span class=\"rl-gallery-item-title\">Texmanians at Bj\u00f8rgvin Bluesklubb 15.11.2023 - Jan Standal<\/span><\/span><\/a> <\/div> <\/div> <div class=\"rl-gallery-item\" > <div class=\"rl-gallery-item-content\"> <a href=\"https:\/\/bekkalokket.no\/wp-content\/uploads\/2024\/08\/2023-11-15-Texmanians_Jan-Standal-150192.jpg\" title=\"Texmanians at Bj\u00f8rgvin Bluesklubb 15.11.2023 &#8211; Jan Standal\" data-rl_title=\"Texmanians at Bj\u00f8rgvin Bluesklubb 15.11.2023 &#8211; Jan Standal\" class=\"rl-gallery-link\" data-rl_caption=\"Texmanians at Bj\u00f8rgvin Bluesklubb 15.11.2023 - Jan Standal\" data-rel=\"lightbox-gallery-2\"><img loading=\"lazy\" decoding=\"async\" src=\"https:\/\/bekkalokket.no\/wp-content\/uploads\/2024\/08\/2023-11-15-Texmanians_Jan-Standal-150192-225x300.jpg\" width=\"225\" height=\"300\" alt=\"\" \/><span class=\"rl-gallery-caption\"><span class=\"rl-gallery-item-title\">Texmanians at Bj\u00f8rgvin Bluesklubb 15.11.2023 - Jan Standal<\/span><\/span><\/a> <\/div> <\/div> <div class=\"rl-gallery-item\" > <div class=\"rl-gallery-item-content\"> <a href=\"https:\/\/bekkalokket.no\/wp-content\/uploads\/2024\/08\/2023-11-15-Texmanians_Jan-Standal-150144.jpg\" title=\"Texmanians at Bj\u00f8rgvin Bluesklubb 15.11.2023 &#8211; Jan Standal\" data-rl_title=\"Texmanians at Bj\u00f8rgvin Bluesklubb 15.11.2023 &#8211; Jan Standal\" class=\"rl-gallery-link\" data-rl_caption=\"Texmanians at Bj\u00f8rgvin Bluesklubb 15.11.2023 - Jan Standal\" data-rel=\"lightbox-gallery-2\"><img loading=\"lazy\" decoding=\"async\" src=\"https:\/\/bekkalokket.no\/wp-content\/uploads\/2024\/08\/2023-11-15-Texmanians_Jan-Standal-150144-300x190.jpg\" width=\"300\" height=\"190\" alt=\"\" \/><span class=\"rl-gallery-caption\"><span class=\"rl-gallery-item-title\">Texmanians at Bj\u00f8rgvin Bluesklubb 15.11.2023 - Jan Standal<\/span><\/span><\/a> <\/div> <\/div> <div class=\"rl-gallery-item\" > <div class=\"rl-gallery-item-content\"> <a href=\"https:\/\/bekkalokket.no\/wp-content\/uploads\/2024\/08\/2023-11-15-Texmanians_Jan-Standal-150119.jpg\" title=\"Texmanians at Bj\u00f8rgvin Bluesklubb 15.11.2023 &#8211; Jan Standal\" data-rl_title=\"Texmanians at Bj\u00f8rgvin Bluesklubb 15.11.2023 &#8211; Jan Standal\" class=\"rl-gallery-link\" data-rl_caption=\"Texmanians at Bj\u00f8rgvin Bluesklubb 15.11.2023 - Jan Standal\" data-rel=\"lightbox-gallery-2\"><img loading=\"lazy\" decoding=\"async\" src=\"https:\/\/bekkalokket.no\/wp-content\/uploads\/2024\/08\/2023-11-15-Texmanians_Jan-Standal-150119-300x225.jpg\" width=\"300\" height=\"225\" alt=\"\" \/><span class=\"rl-gallery-caption\"><span class=\"rl-gallery-item-title\">Texmanians at Bj\u00f8rgvin Bluesklubb 15.11.2023 - Jan Standal<\/span><\/span><\/a> <\/div> <\/div> <div class=\"rl-gallery-item\" > <div class=\"rl-gallery-item-content\"> <a href=\"https:\/\/bekkalokket.no\/wp-content\/uploads\/2024\/08\/2023-11-15-Texmanians_Jan-Standal-150111.jpg\" title=\"Texmanians at Bj\u00f8rgvin Bluesklubb 15.11.2023 &#8211; Jan Standal\" data-rl_title=\"Texmanians at Bj\u00f8rgvin Bluesklubb 15.11.2023 &#8211; Jan Standal\" class=\"rl-gallery-link\" data-rl_caption=\"Texmanians at Bj\u00f8rgvin Bluesklubb 15.11.2023 - Jan Standal\" data-rel=\"lightbox-gallery-2\"><img loading=\"lazy\" decoding=\"async\" src=\"https:\/\/bekkalokket.no\/wp-content\/uploads\/2024\/08\/2023-11-15-Texmanians_Jan-Standal-150111-300x204.jpg\" width=\"300\" height=\"204\" alt=\"\" \/><span class=\"rl-gallery-caption\"><span class=\"rl-gallery-item-title\">Texmanians at Bj\u00f8rgvin Bluesklubb 15.11.2023 - Jan Standal<\/span><\/span><\/a> <\/div> <\/div> <div class=\"rl-gallery-item\" > <div class=\"rl-gallery-item-content\"> <a href=\"https:\/\/bekkalokket.no\/wp-content\/uploads\/2024\/08\/2023-11-15-Texmanians_Jan-Standal-150078.jpg\" title=\"Texmanians at Bj\u00f8rgvin Bluesklubb 15.11.2023 &#8211; Jan Standal\" data-rl_title=\"Texmanians at Bj\u00f8rgvin Bluesklubb 15.11.2023 &#8211; Jan Standal\" class=\"rl-gallery-link\" data-rl_caption=\"Texmanians at Bj\u00f8rgvin Bluesklubb 15.11.2023 - Jan Standal\" data-rel=\"lightbox-gallery-2\"><img loading=\"lazy\" decoding=\"async\" src=\"https:\/\/bekkalokket.no\/wp-content\/uploads\/2024\/08\/2023-11-15-Texmanians_Jan-Standal-150078-300x225.jpg\" width=\"300\" height=\"225\" alt=\"\" \/><span class=\"rl-gallery-caption\"><span class=\"rl-gallery-item-title\">Texmanians at Bj\u00f8rgvin Bluesklubb 15.11.2023 - Jan Standal<\/span><\/span><\/a> <\/div> <\/div> <div class=\"rl-gallery-item\" > <div class=\"rl-gallery-item-content\"> <a href=\"https:\/\/bekkalokket.no\/wp-content\/uploads\/2024\/08\/2023-11-15-Texmanians_Jan-Standal-150035.jpg\" title=\"Texmanians at Bj\u00f8rgvin Bluesklubb 15.11.2023 &#8211; Jan Standal\" data-rl_title=\"Texmanians at Bj\u00f8rgvin Bluesklubb 15.11.2023 &#8211; Jan Standal\" class=\"rl-gallery-link\" data-rl_caption=\"Texmanians at Bj\u00f8rgvin Bluesklubb 15.11.2023 - Jan Standal\" data-rel=\"lightbox-gallery-2\"><img loading=\"lazy\" decoding=\"async\" src=\"https:\/\/bekkalokket.no\/wp-content\/uploads\/2024\/08\/2023-11-15-Texmanians_Jan-Standal-150035-300x186.jpg\" width=\"300\" height=\"186\" alt=\"\" \/><span class=\"rl-gallery-caption\"><span class=\"rl-gallery-item-title\">Texmanians at Bj\u00f8rgvin Bluesklubb 15.11.2023 - Jan Standal<\/span><\/span><\/a> <\/div> <\/div> <div class=\"rl-gallery-item\" > <div class=\"rl-gallery-item-content\"> <a href=\"https:\/\/bekkalokket.no\/wp-content\/uploads\/2024\/08\/2023-11-15-Texmanians_Jan-Standal-150012.jpg\" title=\"Texmanians at Bj\u00f8rgvin Bluesklubb 15.11.2023 &#8211; Jan Standal\" data-rl_title=\"Texmanians at Bj\u00f8rgvin Bluesklubb 15.11.2023 &#8211; Jan Standal\" class=\"rl-gallery-link\" data-rl_caption=\"Texmanians at Bj\u00f8rgvin Bluesklubb 15.11.2023 - Jan Standal\" data-rel=\"lightbox-gallery-2\"><img loading=\"lazy\" decoding=\"async\" src=\"https:\/\/bekkalokket.no\/wp-content\/uploads\/2024\/08\/2023-11-15-Texmanians_Jan-Standal-150012-300x184.jpg\" width=\"300\" height=\"184\" alt=\"\" \/><span class=\"rl-gallery-caption\"><span class=\"rl-gallery-item-title\">Texmanians at Bj\u00f8rgvin Bluesklubb 15.11.2023 - Jan Standal<\/span><\/span><\/a> <\/div> <\/div> <div class=\"rl-gallery-item\" > <div class=\"rl-gallery-item-content\"> <a href=\"https:\/\/bekkalokket.no\/wp-content\/uploads\/2024\/08\/2023-11-15-Texmanians_Jan-Standal-3.jpg\" title=\"Texmanians at Bj\u00f8rgvin Bluesklubb 15.11.2023 &#8211; Jan Standal\" data-rl_title=\"Texmanians at Bj\u00f8rgvin Bluesklubb 15.11.2023 &#8211; Jan Standal\" class=\"rl-gallery-link\" data-rl_caption=\"Texmanians at Bj\u00f8rgvin Bluesklubb 15.11.2023 - Jan Standal\" data-rel=\"lightbox-gallery-2\"><img loading=\"lazy\" decoding=\"async\" src=\"https:\/\/bekkalokket.no\/wp-content\/uploads\/2024\/08\/2023-11-15-Texmanians_Jan-Standal-3-300x213.jpg\" width=\"300\" height=\"213\" alt=\"\" \/><span class=\"rl-gallery-caption\"><span class=\"rl-gallery-item-title\">Texmanians at Bj\u00f8rgvin Bluesklubb 15.11.2023 - Jan Standal<\/span><\/span><\/a> <\/div> <\/div> <div class=\"rl-gallery-item\" > <div class=\"rl-gallery-item-content\"> <a href=\"https:\/\/bekkalokket.no\/wp-content\/uploads\/2024\/08\/2023-11-15-Texmanians_Jan-Standal-2.jpg\" title=\"Texmanians at Bj\u00f8rgvin Bluesklubb 15.11.2023 &#8211; Jan Standal\" data-rl_title=\"Texmanians at Bj\u00f8rgvin Bluesklubb 15.11.2023 &#8211; Jan Standal\" class=\"rl-gallery-link\" data-rl_caption=\"Texmanians at Bj\u00f8rgvin Bluesklubb 15.11.2023 - Jan Standal\" data-rel=\"lightbox-gallery-2\"><img loading=\"lazy\" decoding=\"async\" src=\"https:\/\/bekkalokket.no\/wp-content\/uploads\/2024\/08\/2023-11-15-Texmanians_Jan-Standal-2-300x225.jpg\" width=\"300\" height=\"225\" alt=\"\" \/><span class=\"rl-gallery-caption\"><span class=\"rl-gallery-item-title\">Texmanians at Bj\u00f8rgvin Bluesklubb 15.11.2023 - Jan Standal<\/span><\/span><\/a> <\/div> <\/div> <div class=\"rl-gallery-item\" > <div class=\"rl-gallery-item-content\"> <a href=\"https:\/\/bekkalokket.no\/wp-content\/uploads\/2024\/08\/2023-11-15-Texmanians_Jan-Standal-2-5.jpg\" title=\"Texmanians at Bj\u00f8rgvin Bluesklubb 15.11.2023 &#8211; Jan Standal\" data-rl_title=\"Texmanians at Bj\u00f8rgvin Bluesklubb 15.11.2023 &#8211; Jan Standal\" class=\"rl-gallery-link\" data-rl_caption=\"Texmanians at Bj\u00f8rgvin Bluesklubb 15.11.2023 - Jan Standal\" data-rel=\"lightbox-gallery-2\"><img loading=\"lazy\" decoding=\"async\" src=\"https:\/\/bekkalokket.no\/wp-content\/uploads\/2024\/08\/2023-11-15-Texmanians_Jan-Standal-2-5-300x168.jpg\" width=\"300\" height=\"168\" alt=\"\" \/><span class=\"rl-gallery-caption\"><span class=\"rl-gallery-item-title\">Texmanians at Bj\u00f8rgvin Bluesklubb 15.11.2023 - Jan Standal<\/span><\/span><\/a> <\/div> <\/div> <div class=\"rl-gallery-item\" > <div class=\"rl-gallery-item-content\"> <a href=\"https:\/\/bekkalokket.no\/wp-content\/uploads\/2024\/08\/2023-11-15-Texmanians_Jan-Standal-2-4.jpg\" title=\"Texmanians at Bj\u00f8rgvin Bluesklubb 15.11.2023 &#8211; Jan Standal\" data-rl_title=\"Texmanians at Bj\u00f8rgvin Bluesklubb 15.11.2023 &#8211; Jan Standal\" class=\"rl-gallery-link\" data-rl_caption=\"Texmanians at Bj\u00f8rgvin Bluesklubb 15.11.2023 - Jan Standal\" data-rel=\"lightbox-gallery-2\"><img loading=\"lazy\" decoding=\"async\" src=\"https:\/\/bekkalokket.no\/wp-content\/uploads\/2024\/08\/2023-11-15-Texmanians_Jan-Standal-2-4-300x218.jpg\" width=\"300\" height=\"218\" alt=\"\" \/><span class=\"rl-gallery-caption\"><span class=\"rl-gallery-item-title\">Texmanians at Bj\u00f8rgvin Bluesklubb 15.11.2023 - Jan Standal<\/span><\/span><\/a> <\/div> <\/div> <div class=\"rl-gallery-item\" > <div class=\"rl-gallery-item-content\"> <a href=\"https:\/\/bekkalokket.no\/wp-content\/uploads\/2024\/08\/2023-11-15-Texmanians_Jan-Standal-2-3.jpg\" title=\"Texmanians at Bj\u00f8rgvin Bluesklubb 15.11.2023 &#8211; Jan Standal\" data-rl_title=\"Texmanians at Bj\u00f8rgvin Bluesklubb 15.11.2023 &#8211; Jan Standal\" class=\"rl-gallery-link\" data-rl_caption=\"Texmanians at Bj\u00f8rgvin Bluesklubb 15.11.2023 - Jan Standal\" data-rel=\"lightbox-gallery-2\"><img loading=\"lazy\" decoding=\"async\" src=\"https:\/\/bekkalokket.no\/wp-content\/uploads\/2024\/08\/2023-11-15-Texmanians_Jan-Standal-2-3-300x300.jpg\" width=\"300\" height=\"300\" alt=\"\" \/><span class=\"rl-gallery-caption\"><span class=\"rl-gallery-item-title\">Texmanians at Bj\u00f8rgvin Bluesklubb 15.11.2023 - Jan Standal<\/span><\/span><\/a> <\/div> <\/div> <div class=\"rl-gallery-item\" > <div class=\"rl-gallery-item-content\"> <a href=\"https:\/\/bekkalokket.no\/wp-content\/uploads\/2024\/08\/2023-11-15-Texmanians_Jan-Standal-2-2.jpg\" title=\"Texmanians at Bj\u00f8rgvin Bluesklubb 15.11.2023 &#8211; Jan Standal\" data-rl_title=\"Texmanians at Bj\u00f8rgvin Bluesklubb 15.11.2023 &#8211; Jan Standal\" class=\"rl-gallery-link\" data-rl_caption=\"Texmanians at Bj\u00f8rgvin Bluesklubb 15.11.2023 - Jan Standal\" data-rel=\"lightbox-gallery-2\"><img loading=\"lazy\" decoding=\"async\" src=\"https:\/\/bekkalokket.no\/wp-content\/uploads\/2024\/08\/2023-11-15-Texmanians_Jan-Standal-2-2-225x300.jpg\" width=\"225\" height=\"300\" alt=\"\" \/><span class=\"rl-gallery-caption\"><span class=\"rl-gallery-item-title\">Texmanians at Bj\u00f8rgvin Bluesklubb 15.11.2023 - Jan Standal<\/span><\/span><\/a> <\/div> <\/div> <\/div> <\/div>\n\n\n\n<p id=\"68Experience\"><a href=\"https:\/\/bekkalokket.no\/index.php\/konsertfoto-bjorgvin-bluesklubb\/\">G\u00e5 til oversikten<\/a><\/p>\n\n\n\n<div class=\"rl-gallery-container rl-loading\" id=\"rl-gallery-container-3\" data-gallery_id=\"9306\"> <h4 class=\"rl-gallery-title\">29. november 2023 &#8211; 68 Experience<\/h4><div class=\"rl-gallery-description\">Fotografer: Mona Sj\u00f8nhaug<\/div> <div class=\"rl-gallery rl-basicmasonry-gallery rl-hover-effect-1 rl-hover-icon-10\" id=\"rl-gallery-3\" data-gallery_no=\"3\"> <div class=\"rl-gutter-sizer\"><\/div><div class=\"rl-grid-sizer\"><\/div> <div class=\"rl-gallery-item rl-gallery-item-width-4\" > <div class=\"rl-gallery-item-content\"> <a href=\"https:\/\/bekkalokket.no\/wp-content\/uploads\/2024\/08\/2023-11-29-68-Experience-mona-skjonhaug-21-av-21.jpg\" title=\"68 Experience at Bj\u00f8rgvin Bluesklubb 29 november 2023 &#8211; Mona Skj\u00f8nnhaug\" data-rl_title=\"68 Experience at Bj\u00f8rgvin Bluesklubb 29 november 2023 &#8211; Mona Skj\u00f8nnhaug\" class=\"rl-gallery-link\" data-rl_caption=\"68 Experience at Bj\u00f8rgvin Bluesklubb 29 november 2023 - Mona Skj\u00f8nnhaug\" data-rel=\"lightbox-gallery-3\"><img loading=\"lazy\" decoding=\"async\" src=\"https:\/\/bekkalokket.no\/wp-content\/uploads\/2024\/08\/2023-11-29-68-Experience-mona-skjonhaug-21-av-21-300x200.jpg\" width=\"300\" height=\"200\" alt=\"\" \/><span class=\"rl-gallery-caption\"><span class=\"rl-gallery-item-title\">68 Experience at Bj\u00f8rgvin Bluesklubb 29 november 2023 - Mona Skj\u00f8nnhaug<\/span><\/span><\/a> <\/div> <\/div> <div class=\"rl-gallery-item\" > <div class=\"rl-gallery-item-content\"> <a href=\"https:\/\/bekkalokket.no\/wp-content\/uploads\/2024\/08\/2023-11-29-68-Experience-mona-skjonhaug-1-av-21.jpg\" title=\"68 Experience at Bj\u00f8rgvin Bluesklubb 29 november 2023 &#8211; Mona Skj\u00f8nnhaug\" data-rl_title=\"68 Experience at Bj\u00f8rgvin Bluesklubb 29 november 2023 &#8211; Mona Skj\u00f8nnhaug\" class=\"rl-gallery-link\" data-rl_caption=\"68 Experience at Bj\u00f8rgvin Bluesklubb 29 november 2023 - Mona Skj\u00f8nnhaug\" data-rel=\"lightbox-gallery-3\"><img loading=\"lazy\" decoding=\"async\" src=\"https:\/\/bekkalokket.no\/wp-content\/uploads\/2024\/08\/2023-11-29-68-Experience-mona-skjonhaug-1-av-21-300x168.jpg\" width=\"300\" height=\"168\" alt=\"\" \/><span class=\"rl-gallery-caption\"><span class=\"rl-gallery-item-title\">68 Experience at Bj\u00f8rgvin Bluesklubb 29 november 2023 - Mona Skj\u00f8nnhaug<\/span><\/span><\/a> <\/div> <\/div> <div class=\"rl-gallery-item\" > <div class=\"rl-gallery-item-content\"> <a href=\"https:\/\/bekkalokket.no\/wp-content\/uploads\/2024\/08\/2023-11-29-68-Experience-mona-skjonhaug-20-av-21.jpg\" title=\"68 Experience at Bj\u00f8rgvin Bluesklubb 29 november 2023 &#8211; Mona Skj\u00f8nnhaug\" data-rl_title=\"68 Experience at Bj\u00f8rgvin Bluesklubb 29 november 2023 &#8211; Mona Skj\u00f8nnhaug\" class=\"rl-gallery-link\" data-rl_caption=\"68 Experience at Bj\u00f8rgvin Bluesklubb 29 november 2023 - Mona Skj\u00f8nnhaug\" data-rel=\"lightbox-gallery-3\"><img loading=\"lazy\" decoding=\"async\" src=\"https:\/\/bekkalokket.no\/wp-content\/uploads\/2024\/08\/2023-11-29-68-Experience-mona-skjonhaug-20-av-21-200x300.jpg\" width=\"200\" height=\"300\" alt=\"\" \/><span class=\"rl-gallery-caption\"><span class=\"rl-gallery-item-title\">68 Experience at Bj\u00f8rgvin Bluesklubb 29 november 2023 - Mona Skj\u00f8nnhaug<\/span><\/span><\/a> <\/div> <\/div> <div class=\"rl-gallery-item\" > <div class=\"rl-gallery-item-content\"> <a href=\"https:\/\/bekkalokket.no\/wp-content\/uploads\/2024\/08\/2023-11-29-68-Experience-mona-skjonhaug-19-av-21.jpg\" title=\"68 Experience at Bj\u00f8rgvin Bluesklubb 29 november 2023 &#8211; Mona Skj\u00f8nnhaug\" data-rl_title=\"68 Experience at Bj\u00f8rgvin Bluesklubb 29 november 2023 &#8211; Mona Skj\u00f8nnhaug\" class=\"rl-gallery-link\" data-rl_caption=\"68 Experience at Bj\u00f8rgvin Bluesklubb 29 november 2023 - Mona Skj\u00f8nnhaug\" data-rel=\"lightbox-gallery-3\"><img loading=\"lazy\" decoding=\"async\" src=\"https:\/\/bekkalokket.no\/wp-content\/uploads\/2024\/08\/2023-11-29-68-Experience-mona-skjonhaug-19-av-21-300x200.jpg\" width=\"300\" height=\"200\" alt=\"\" \/><span class=\"rl-gallery-caption\"><span class=\"rl-gallery-item-title\">68 Experience at Bj\u00f8rgvin Bluesklubb 29 november 2023 - Mona Skj\u00f8nnhaug<\/span><\/span><\/a> <\/div> <\/div> <div class=\"rl-gallery-item\" > <div class=\"rl-gallery-item-content\"> <a href=\"https:\/\/bekkalokket.no\/wp-content\/uploads\/2024\/08\/2023-11-29-68-Experience-mona-skjonhaug-18-av-21.jpg\" title=\"68 Experience at Bj\u00f8rgvin Bluesklubb 29 november 2023 &#8211; Mona Skj\u00f8nnhaug\" data-rl_title=\"68 Experience at Bj\u00f8rgvin Bluesklubb 29 november 2023 &#8211; Mona Skj\u00f8nnhaug\" class=\"rl-gallery-link\" data-rl_caption=\"68 Experience at Bj\u00f8rgvin Bluesklubb 29 november 2023 - Mona Skj\u00f8nnhaug\" data-rel=\"lightbox-gallery-3\"><img loading=\"lazy\" decoding=\"async\" src=\"https:\/\/bekkalokket.no\/wp-content\/uploads\/2024\/08\/2023-11-29-68-Experience-mona-skjonhaug-18-av-21-300x200.jpg\" width=\"300\" height=\"200\" alt=\"\" \/><span class=\"rl-gallery-caption\"><span class=\"rl-gallery-item-title\">68 Experience at Bj\u00f8rgvin Bluesklubb 29 november 2023 - Mona Skj\u00f8nnhaug<\/span><\/span><\/a> <\/div> <\/div> <div class=\"rl-gallery-item\" > <div class=\"rl-gallery-item-content\"> <a href=\"https:\/\/bekkalokket.no\/wp-content\/uploads\/2024\/08\/2023-11-29-68-Experience-mona-skjonhaug-17-av-21.jpg\" title=\"68 Experience at Bj\u00f8rgvin Bluesklubb 29 november 2023 &#8211; Mona Skj\u00f8nnhaug\" data-rl_title=\"68 Experience at Bj\u00f8rgvin Bluesklubb 29 november 2023 &#8211; Mona Skj\u00f8nnhaug\" class=\"rl-gallery-link\" data-rl_caption=\"68 Experience at Bj\u00f8rgvin Bluesklubb 29 november 2023 - Mona Skj\u00f8nnhaug\" data-rel=\"lightbox-gallery-3\"><img loading=\"lazy\" decoding=\"async\" src=\"https:\/\/bekkalokket.no\/wp-content\/uploads\/2024\/08\/2023-11-29-68-Experience-mona-skjonhaug-17-av-21-200x300.jpg\" width=\"200\" height=\"300\" alt=\"\" \/><span class=\"rl-gallery-caption\"><span class=\"rl-gallery-item-title\">68 Experience at Bj\u00f8rgvin Bluesklubb 29 november 2023 - Mona Skj\u00f8nnhaug<\/span><\/span><\/a> <\/div> <\/div> <div class=\"rl-gallery-item\" > <div class=\"rl-gallery-item-content\"> <a href=\"https:\/\/bekkalokket.no\/wp-content\/uploads\/2024\/08\/2023-11-29-68-Experience-mona-skjonhaug-16-av-21.jpg\" title=\"68 Experience at Bj\u00f8rgvin Bluesklubb 29 november 2023 &#8211; Mona Skj\u00f8nnhaug\" data-rl_title=\"68 Experience at Bj\u00f8rgvin Bluesklubb 29 november 2023 &#8211; Mona Skj\u00f8nnhaug\" class=\"rl-gallery-link\" data-rl_caption=\"68 Experience at Bj\u00f8rgvin Bluesklubb 29 november 2023 - Mona Skj\u00f8nnhaug\" data-rel=\"lightbox-gallery-3\"><img loading=\"lazy\" decoding=\"async\" src=\"https:\/\/bekkalokket.no\/wp-content\/uploads\/2024\/08\/2023-11-29-68-Experience-mona-skjonhaug-16-av-21-200x300.jpg\" width=\"200\" height=\"300\" alt=\"\" \/><span class=\"rl-gallery-caption\"><span class=\"rl-gallery-item-title\">68 Experience at Bj\u00f8rgvin Bluesklubb 29 november 2023 - Mona Skj\u00f8nnhaug<\/span><\/span><\/a> <\/div> <\/div> <div class=\"rl-gallery-item\" > <div class=\"rl-gallery-item-content\"> <a href=\"https:\/\/bekkalokket.no\/wp-content\/uploads\/2024\/08\/2023-11-29-68-Experience-mona-skjonhaug-15-av-21.jpg\" title=\"68 Experience at Bj\u00f8rgvin Bluesklubb 29 november 2023 &#8211; Mona Skj\u00f8nnhaug\" data-rl_title=\"68 Experience at Bj\u00f8rgvin Bluesklubb 29 november 2023 &#8211; Mona Skj\u00f8nnhaug\" class=\"rl-gallery-link\" data-rl_caption=\"68 Experience at Bj\u00f8rgvin Bluesklubb 29 november 2023 - Mona Skj\u00f8nnhaug\" data-rel=\"lightbox-gallery-3\"><img loading=\"lazy\" decoding=\"async\" src=\"https:\/\/bekkalokket.no\/wp-content\/uploads\/2024\/08\/2023-11-29-68-Experience-mona-skjonhaug-15-av-21-200x300.jpg\" width=\"200\" height=\"300\" alt=\"\" \/><span class=\"rl-gallery-caption\"><span class=\"rl-gallery-item-title\">68 Experience at Bj\u00f8rgvin Bluesklubb 29 november 2023 - Mona Skj\u00f8nnhaug<\/span><\/span><\/a> <\/div> <\/div> <div class=\"rl-gallery-item\" > <div class=\"rl-gallery-item-content\"> <a href=\"https:\/\/bekkalokket.no\/wp-content\/uploads\/2024\/08\/2023-11-29-68-Experience-mona-skjonhaug-14-av-21.jpg\" title=\"68 Experience at Bj\u00f8rgvin Bluesklubb 29 november 2023 &#8211; Mona Skj\u00f8nnhaug\" data-rl_title=\"68 Experience at Bj\u00f8rgvin Bluesklubb 29 november 2023 &#8211; Mona Skj\u00f8nnhaug\" class=\"rl-gallery-link\" data-rl_caption=\"68 Experience at Bj\u00f8rgvin Bluesklubb 29 november 2023 - Mona Skj\u00f8nnhaug\" data-rel=\"lightbox-gallery-3\"><img loading=\"lazy\" decoding=\"async\" src=\"https:\/\/bekkalokket.no\/wp-content\/uploads\/2024\/08\/2023-11-29-68-Experience-mona-skjonhaug-14-av-21-200x300.jpg\" width=\"200\" height=\"300\" alt=\"\" \/><span class=\"rl-gallery-caption\"><span class=\"rl-gallery-item-title\">68 Experience at Bj\u00f8rgvin Bluesklubb 29 november 2023 - Mona Skj\u00f8nnhaug<\/span><\/span><\/a> <\/div> <\/div> <div class=\"rl-gallery-item\" > <div class=\"rl-gallery-item-content\"> <a href=\"https:\/\/bekkalokket.no\/wp-content\/uploads\/2024\/08\/2023-11-29-68-Experience-mona-skjonhaug-13-av-21.jpg\" title=\"68 Experience at Bj\u00f8rgvin Bluesklubb 29 november 2023 &#8211; Mona Skj\u00f8nnhaug\" data-rl_title=\"68 Experience at Bj\u00f8rgvin Bluesklubb 29 november 2023 &#8211; Mona Skj\u00f8nnhaug\" class=\"rl-gallery-link\" data-rl_caption=\"68 Experience at Bj\u00f8rgvin Bluesklubb 29 november 2023 - Mona Skj\u00f8nnhaug\" data-rel=\"lightbox-gallery-3\"><img loading=\"lazy\" decoding=\"async\" src=\"https:\/\/bekkalokket.no\/wp-content\/uploads\/2024\/08\/2023-11-29-68-Experience-mona-skjonhaug-13-av-21-300x168.jpg\" width=\"300\" height=\"168\" alt=\"\" \/><span class=\"rl-gallery-caption\"><span class=\"rl-gallery-item-title\">68 Experience at Bj\u00f8rgvin Bluesklubb 29 november 2023 - Mona Skj\u00f8nnhaug<\/span><\/span><\/a> <\/div> <\/div> <div class=\"rl-gallery-item\" > <div class=\"rl-gallery-item-content\"> <a href=\"https:\/\/bekkalokket.no\/wp-content\/uploads\/2024\/08\/2023-11-29-68-Experience-mona-skjonhaug-12-av-21.jpg\" title=\"68 Experience at Bj\u00f8rgvin Bluesklubb 29 november 2023 &#8211; Mona Skj\u00f8nnhaug\" data-rl_title=\"68 Experience at Bj\u00f8rgvin Bluesklubb 29 november 2023 &#8211; Mona Skj\u00f8nnhaug\" class=\"rl-gallery-link\" data-rl_caption=\"68 Experience at Bj\u00f8rgvin Bluesklubb 29 november 2023 - Mona Skj\u00f8nnhaug\" data-rel=\"lightbox-gallery-3\"><img loading=\"lazy\" decoding=\"async\" src=\"https:\/\/bekkalokket.no\/wp-content\/uploads\/2024\/08\/2023-11-29-68-Experience-mona-skjonhaug-12-av-21-300x168.jpg\" width=\"300\" height=\"168\" alt=\"\" \/><span class=\"rl-gallery-caption\"><span class=\"rl-gallery-item-title\">68 Experience at Bj\u00f8rgvin Bluesklubb 29 november 2023 - Mona Skj\u00f8nnhaug<\/span><\/span><\/a> <\/div> <\/div> <div class=\"rl-gallery-item\" > <div class=\"rl-gallery-item-content\"> <a href=\"https:\/\/bekkalokket.no\/wp-content\/uploads\/2024\/08\/2023-11-29-68-Experience-mona-skjonhaug-11-av-21.jpg\" title=\"68 Experience at Bj\u00f8rgvin Bluesklubb 29 november 2023 &#8211; Mona Skj\u00f8nnhaug\" data-rl_title=\"68 Experience at Bj\u00f8rgvin Bluesklubb 29 november 2023 &#8211; Mona Skj\u00f8nnhaug\" class=\"rl-gallery-link\" data-rl_caption=\"68 Experience at Bj\u00f8rgvin Bluesklubb 29 november 2023 - Mona Skj\u00f8nnhaug\" data-rel=\"lightbox-gallery-3\"><img loading=\"lazy\" decoding=\"async\" src=\"https:\/\/bekkalokket.no\/wp-content\/uploads\/2024\/08\/2023-11-29-68-Experience-mona-skjonhaug-11-av-21-300x168.jpg\" width=\"300\" height=\"168\" alt=\"\" \/><span class=\"rl-gallery-caption\"><span class=\"rl-gallery-item-title\">68 Experience at Bj\u00f8rgvin Bluesklubb 29 november 2023 - Mona Skj\u00f8nnhaug<\/span><\/span><\/a> <\/div> <\/div> <div class=\"rl-gallery-item\" > <div class=\"rl-gallery-item-content\"> <a href=\"https:\/\/bekkalokket.no\/wp-content\/uploads\/2024\/08\/2023-11-29-68-Experience-mona-skjonhaug-10-av-21.jpg\" title=\"68 Experience at Bj\u00f8rgvin Bluesklubb 29 november 2023 &#8211; Mona Skj\u00f8nnhaug\" data-rl_title=\"68 Experience at Bj\u00f8rgvin Bluesklubb 29 november 2023 &#8211; Mona Skj\u00f8nnhaug\" class=\"rl-gallery-link\" data-rl_caption=\"68 Experience at Bj\u00f8rgvin Bluesklubb 29 november 2023 - Mona Skj\u00f8nnhaug\" data-rel=\"lightbox-gallery-3\"><img loading=\"lazy\" decoding=\"async\" src=\"https:\/\/bekkalokket.no\/wp-content\/uploads\/2024\/08\/2023-11-29-68-Experience-mona-skjonhaug-10-av-21-300x168.jpg\" width=\"300\" height=\"168\" alt=\"\" \/><span class=\"rl-gallery-caption\"><span class=\"rl-gallery-item-title\">68 Experience at Bj\u00f8rgvin Bluesklubb 29 november 2023 - Mona Skj\u00f8nnhaug<\/span><\/span><\/a> <\/div> <\/div> <div class=\"rl-gallery-item\" > <div class=\"rl-gallery-item-content\"> <a href=\"https:\/\/bekkalokket.no\/wp-content\/uploads\/2024\/08\/2023-11-29-68-Experience-mona-skjonhaug-9-av-21.jpg\" title=\"68 Experience at Bj\u00f8rgvin Bluesklubb 29 november 2023 &#8211; Mona Skj\u00f8nnhaug\" data-rl_title=\"68 Experience at Bj\u00f8rgvin Bluesklubb 29 november 2023 &#8211; Mona Skj\u00f8nnhaug\" class=\"rl-gallery-link\" data-rl_caption=\"68 Experience at Bj\u00f8rgvin Bluesklubb 29 november 2023 - Mona Skj\u00f8nnhaug\" data-rel=\"lightbox-gallery-3\"><img loading=\"lazy\" decoding=\"async\" src=\"https:\/\/bekkalokket.no\/wp-content\/uploads\/2024\/08\/2023-11-29-68-Experience-mona-skjonhaug-9-av-21-168x300.jpg\" width=\"168\" height=\"300\" alt=\"\" \/><span class=\"rl-gallery-caption\"><span class=\"rl-gallery-item-title\">68 Experience at Bj\u00f8rgvin Bluesklubb 29 november 2023 - Mona Skj\u00f8nnhaug<\/span><\/span><\/a> <\/div> <\/div> <div class=\"rl-gallery-item\" > <div class=\"rl-gallery-item-content\"> <a href=\"https:\/\/bekkalokket.no\/wp-content\/uploads\/2024\/08\/2023-11-29-68-Experience-mona-skjonhaug-8-av-21.jpg\" title=\"68 Experience at Bj\u00f8rgvin Bluesklubb 29 november 2023 &#8211; Mona Skj\u00f8nnhaug\" data-rl_title=\"68 Experience at Bj\u00f8rgvin Bluesklubb 29 november 2023 &#8211; Mona Skj\u00f8nnhaug\" class=\"rl-gallery-link\" data-rl_caption=\"68 Experience at Bj\u00f8rgvin Bluesklubb 29 november 2023 - Mona Skj\u00f8nnhaug\" data-rel=\"lightbox-gallery-3\"><img loading=\"lazy\" decoding=\"async\" src=\"https:\/\/bekkalokket.no\/wp-content\/uploads\/2024\/08\/2023-11-29-68-Experience-mona-skjonhaug-8-av-21-168x300.jpg\" width=\"168\" height=\"300\" alt=\"\" \/><span class=\"rl-gallery-caption\"><span class=\"rl-gallery-item-title\">68 Experience at Bj\u00f8rgvin Bluesklubb 29 november 2023 - Mona Skj\u00f8nnhaug<\/span><\/span><\/a> <\/div> <\/div> <div class=\"rl-gallery-item\" > <div class=\"rl-gallery-item-content\"> <a href=\"https:\/\/bekkalokket.no\/wp-content\/uploads\/2024\/08\/2023-11-29-68-Experience-mona-skjonhaug-7-av-21.jpg\" title=\"68 Experience at Bj\u00f8rgvin Bluesklubb 29 november 2023 &#8211; Mona Skj\u00f8nnhaug\" data-rl_title=\"68 Experience at Bj\u00f8rgvin Bluesklubb 29 november 2023 &#8211; Mona Skj\u00f8nnhaug\" class=\"rl-gallery-link\" data-rl_caption=\"68 Experience at Bj\u00f8rgvin Bluesklubb 29 november 2023 - Mona Skj\u00f8nnhaug\" data-rel=\"lightbox-gallery-3\"><img loading=\"lazy\" decoding=\"async\" src=\"https:\/\/bekkalokket.no\/wp-content\/uploads\/2024\/08\/2023-11-29-68-Experience-mona-skjonhaug-7-av-21-168x300.jpg\" width=\"168\" height=\"300\" alt=\"\" \/><span class=\"rl-gallery-caption\"><span class=\"rl-gallery-item-title\">68 Experience at Bj\u00f8rgvin Bluesklubb 29 november 2023 - Mona Skj\u00f8nnhaug<\/span><\/span><\/a> <\/div> <\/div> <div class=\"rl-gallery-item\" > <div class=\"rl-gallery-item-content\"> <a href=\"https:\/\/bekkalokket.no\/wp-content\/uploads\/2024\/08\/2023-11-29-68-Experience-mona-skjonhaug-6-av-21.jpg\" title=\"68 Experience at Bj\u00f8rgvin Bluesklubb 29 november 2023 &#8211; Mona Skj\u00f8nnhaug\" data-rl_title=\"68 Experience at Bj\u00f8rgvin Bluesklubb 29 november 2023 &#8211; Mona Skj\u00f8nnhaug\" class=\"rl-gallery-link\" data-rl_caption=\"68 Experience at Bj\u00f8rgvin Bluesklubb 29 november 2023 - Mona Skj\u00f8nnhaug\" data-rel=\"lightbox-gallery-3\"><img loading=\"lazy\" decoding=\"async\" src=\"https:\/\/bekkalokket.no\/wp-content\/uploads\/2024\/08\/2023-11-29-68-Experience-mona-skjonhaug-6-av-21-300x168.jpg\" width=\"300\" height=\"168\" alt=\"\" \/><span class=\"rl-gallery-caption\"><span class=\"rl-gallery-item-title\">68 Experience at Bj\u00f8rgvin Bluesklubb 29 november 2023 - Mona Skj\u00f8nnhaug<\/span><\/span><\/a> <\/div> <\/div> <div class=\"rl-gallery-item\" > <div class=\"rl-gallery-item-content\"> <a href=\"https:\/\/bekkalokket.no\/wp-content\/uploads\/2024\/08\/2023-11-29-68-Experience-mona-skjonhaug-5-av-21.jpg\" title=\"68 Experience at Bj\u00f8rgvin Bluesklubb 29 november 2023 &#8211; Mona Skj\u00f8nnhaug\" data-rl_title=\"68 Experience at Bj\u00f8rgvin Bluesklubb 29 november 2023 &#8211; Mona Skj\u00f8nnhaug\" class=\"rl-gallery-link\" data-rl_caption=\"68 Experience at Bj\u00f8rgvin Bluesklubb 29 november 2023 - Mona Skj\u00f8nnhaug\" data-rel=\"lightbox-gallery-3\"><img loading=\"lazy\" decoding=\"async\" src=\"https:\/\/bekkalokket.no\/wp-content\/uploads\/2024\/08\/2023-11-29-68-Experience-mona-skjonhaug-5-av-21-300x168.jpg\" width=\"300\" height=\"168\" alt=\"\" \/><span class=\"rl-gallery-caption\"><span class=\"rl-gallery-item-title\">68 Experience at Bj\u00f8rgvin Bluesklubb 29 november 2023 - Mona Skj\u00f8nnhaug<\/span><\/span><\/a> <\/div> <\/div> <div class=\"rl-gallery-item\" > <div class=\"rl-gallery-item-content\"> <a href=\"https:\/\/bekkalokket.no\/wp-content\/uploads\/2024\/08\/2023-11-29-68-Experience-mona-skjonhaug-4-av-21.jpg\" title=\"68 Experience at Bj\u00f8rgvin Bluesklubb 29 november 2023 &#8211; Mona Skj\u00f8nnhaug\" data-rl_title=\"68 Experience at Bj\u00f8rgvin Bluesklubb 29 november 2023 &#8211; Mona Skj\u00f8nnhaug\" class=\"rl-gallery-link\" data-rl_caption=\"68 Experience at Bj\u00f8rgvin Bluesklubb 29 november 2023 - Mona Skj\u00f8nnhaug\" data-rel=\"lightbox-gallery-3\"><img loading=\"lazy\" decoding=\"async\" src=\"https:\/\/bekkalokket.no\/wp-content\/uploads\/2024\/08\/2023-11-29-68-Experience-mona-skjonhaug-4-av-21-168x300.jpg\" width=\"168\" height=\"300\" alt=\"\" \/><span class=\"rl-gallery-caption\"><span class=\"rl-gallery-item-title\">68 Experience at Bj\u00f8rgvin Bluesklubb 29 november 2023 - Mona Skj\u00f8nnhaug<\/span><\/span><\/a> <\/div> <\/div> <div class=\"rl-gallery-item\" > <div class=\"rl-gallery-item-content\"> <a href=\"https:\/\/bekkalokket.no\/wp-content\/uploads\/2024\/08\/2023-11-29-68-Experience-mona-skjonhaug-3-av-21.jpg\" title=\"68 Experience at Bj\u00f8rgvin Bluesklubb 29 november 2023 &#8211; Mona Skj\u00f8nnhaug\" data-rl_title=\"68 Experience at Bj\u00f8rgvin Bluesklubb 29 november 2023 &#8211; Mona Skj\u00f8nnhaug\" class=\"rl-gallery-link\" data-rl_caption=\"68 Experience at Bj\u00f8rgvin Bluesklubb 29 november 2023 - Mona Skj\u00f8nnhaug\" data-rel=\"lightbox-gallery-3\"><img loading=\"lazy\" decoding=\"async\" src=\"https:\/\/bekkalokket.no\/wp-content\/uploads\/2024\/08\/2023-11-29-68-Experience-mona-skjonhaug-3-av-21-300x168.jpg\" width=\"300\" height=\"168\" alt=\"\" \/><span class=\"rl-gallery-caption\"><span class=\"rl-gallery-item-title\">68 Experience at Bj\u00f8rgvin Bluesklubb 29 november 2023 - Mona Skj\u00f8nnhaug<\/span><\/span><\/a> <\/div> <\/div> <div class=\"rl-gallery-item\" > <div class=\"rl-gallery-item-content\"> <a href=\"https:\/\/bekkalokket.no\/wp-content\/uploads\/2024\/08\/2023-11-29-68-Experience-mona-skjonhaug-2-av-21.jpg\" title=\"68 Experience at Bj\u00f8rgvin Bluesklubb 29 november 2023 &#8211; Mona Skj\u00f8nnhaug\" data-rl_title=\"68 Experience at Bj\u00f8rgvin Bluesklubb 29 november 2023 &#8211; Mona Skj\u00f8nnhaug\" class=\"rl-gallery-link\" data-rl_caption=\"68 Experience at Bj\u00f8rgvin Bluesklubb 29 november 2023 - Mona Skj\u00f8nnhaug\" data-rel=\"lightbox-gallery-3\"><img loading=\"lazy\" decoding=\"async\" src=\"https:\/\/bekkalokket.no\/wp-content\/uploads\/2024\/08\/2023-11-29-68-Experience-mona-skjonhaug-2-av-21-168x300.jpg\" width=\"168\" height=\"300\" alt=\"\" \/><span class=\"rl-gallery-caption\"><span class=\"rl-gallery-item-title\">68 Experience at Bj\u00f8rgvin Bluesklubb 29 november 2023 - Mona Skj\u00f8nnhaug<\/span><\/span><\/a> <\/div> <\/div> <\/div> <\/div>\n\n\n\n<p id=\"AlfonsoBand\"><a href=\"https:\/\/bekkalokket.no\/index.php\/konsertfoto-bjorgvin-bluesklubb\/\">G\u00e5 til oversikten<\/a><\/p>\n\n\n\n<div class=\"rl-gallery-container rl-loading\" id=\"rl-gallery-container-4\" data-gallery_id=\"9317\"> <h4 class=\"rl-gallery-title\">17. januar 2024 &#8211; Alfonso Band<\/h4><div class=\"rl-gallery-description\">Fotograf Jan Standal<\/div> <div class=\"rl-gallery rl-basicmasonry-gallery rl-hover-effect-1 rl-hover-icon-10\" id=\"rl-gallery-4\" data-gallery_no=\"4\"> <div class=\"rl-gutter-sizer\"><\/div><div class=\"rl-grid-sizer\"><\/div> <div class=\"rl-gallery-item rl-gallery-item-width-4\" > <div class=\"rl-gallery-item-content\"> <a href=\"https:\/\/bekkalokket.no\/wp-content\/uploads\/2024\/08\/2024-01-17-Alfonso-Band-Jan-Standal-1170428.jpg\" title=\"Alfonso Band at Bj\u00f8rgvin Bluesklubb 17. januar &#8211; Jan Standal &#8211; 1170428\" data-rl_title=\"Alfonso Band at Bj\u00f8rgvin Bluesklubb 17. januar &#8211; Jan Standal &#8211; 1170428\" class=\"rl-gallery-link\" data-rl_caption=\"Alfonso Band at Bj\u00f8rgvin Bluesklubb 17. januar - Jan Standal - 1170428\" data-rel=\"lightbox-gallery-4\"><img loading=\"lazy\" decoding=\"async\" src=\"https:\/\/bekkalokket.no\/wp-content\/uploads\/2024\/08\/2024-01-17-Alfonso-Band-Jan-Standal-1170428-300x225.jpg\" width=\"300\" height=\"225\" alt=\"\" \/><span class=\"rl-gallery-caption\"><span class=\"rl-gallery-item-title\">Alfonso Band at Bj\u00f8rgvin Bluesklubb 17. januar - Jan Standal - 1170428<\/span><\/span><\/a> <\/div> <\/div> <div class=\"rl-gallery-item\" > <div class=\"rl-gallery-item-content\"> <a href=\"https:\/\/bekkalokket.no\/wp-content\/uploads\/2024\/08\/2024-01-17-Alfonso-Band-Jan-Standal-1170090.jpg\" title=\"Alfonso Band at Bj\u00f8rgvin Bluesklubb 17. januar &#8211; Jan Standal &#8211; 1170090\" data-rl_title=\"Alfonso Band at Bj\u00f8rgvin Bluesklubb 17. januar &#8211; Jan Standal &#8211; 1170090\" class=\"rl-gallery-link\" data-rl_caption=\"Alfonso Band at Bj\u00f8rgvin Bluesklubb 17. januar - Jan Standal - 1170090\" data-rel=\"lightbox-gallery-4\"><img loading=\"lazy\" decoding=\"async\" src=\"https:\/\/bekkalokket.no\/wp-content\/uploads\/2024\/08\/2024-01-17-Alfonso-Band-Jan-Standal-1170090-300x225.jpg\" width=\"300\" height=\"225\" alt=\"\" \/><span class=\"rl-gallery-caption\"><span class=\"rl-gallery-item-title\">Alfonso Band at Bj\u00f8rgvin Bluesklubb 17. januar - Jan Standal - 1170090<\/span><\/span><\/a> <\/div> <\/div> <div class=\"rl-gallery-item\" > <div class=\"rl-gallery-item-content\"> <a href=\"https:\/\/bekkalokket.no\/wp-content\/uploads\/2024\/08\/2024-01-17-Alfonso-Band-Jan-Standal-1170403.jpg\" title=\"Alfonso Band at Bj\u00f8rgvin Bluesklubb 17. januar &#8211; Jan Standal &#8211; 1170403\" data-rl_title=\"Alfonso Band at Bj\u00f8rgvin Bluesklubb 17. januar &#8211; Jan Standal &#8211; 1170403\" class=\"rl-gallery-link\" data-rl_caption=\"Alfonso Band at Bj\u00f8rgvin Bluesklubb 17. januar - Jan Standal - 1170403\" data-rel=\"lightbox-gallery-4\"><img loading=\"lazy\" decoding=\"async\" src=\"https:\/\/bekkalokket.no\/wp-content\/uploads\/2024\/08\/2024-01-17-Alfonso-Band-Jan-Standal-1170403-225x300.jpg\" width=\"225\" height=\"300\" alt=\"\" \/><span class=\"rl-gallery-caption\"><span class=\"rl-gallery-item-title\">Alfonso Band at Bj\u00f8rgvin Bluesklubb 17. januar - Jan Standal - 1170403<\/span><\/span><\/a> <\/div> <\/div> <div class=\"rl-gallery-item\" > <div class=\"rl-gallery-item-content\"> <a href=\"https:\/\/bekkalokket.no\/wp-content\/uploads\/2024\/08\/2024-01-17-Alfonso-Band-Jan-Standal-1170399.jpg\" title=\"Alfonso Band at Bj\u00f8rgvin Bluesklubb 17. januar &#8211; Jan Standal &#8211; 1170399\" data-rl_title=\"Alfonso Band at Bj\u00f8rgvin Bluesklubb 17. januar &#8211; Jan Standal &#8211; 1170399\" class=\"rl-gallery-link\" data-rl_caption=\"Alfonso Band at Bj\u00f8rgvin Bluesklubb 17. januar - Jan Standal - 1170399\" data-rel=\"lightbox-gallery-4\"><img loading=\"lazy\" decoding=\"async\" src=\"https:\/\/bekkalokket.no\/wp-content\/uploads\/2024\/08\/2024-01-17-Alfonso-Band-Jan-Standal-1170399-300x225.jpg\" width=\"300\" height=\"225\" alt=\"\" \/><span class=\"rl-gallery-caption\"><span class=\"rl-gallery-item-title\">Alfonso Band at Bj\u00f8rgvin Bluesklubb 17. januar - Jan Standal - 1170399<\/span><\/span><\/a> <\/div> <\/div> <div class=\"rl-gallery-item\" > <div class=\"rl-gallery-item-content\"> <a href=\"https:\/\/bekkalokket.no\/wp-content\/uploads\/2024\/08\/2024-01-17-Alfonso-Band-Jan-Standal-1170387.jpg\" title=\"Alfonso Band at Bj\u00f8rgvin Bluesklubb 17. januar &#8211; Jan Standal &#8211; 1170387\" data-rl_title=\"Alfonso Band at Bj\u00f8rgvin Bluesklubb 17. januar &#8211; Jan Standal &#8211; 1170387\" class=\"rl-gallery-link\" data-rl_caption=\"Alfonso Band at Bj\u00f8rgvin Bluesklubb 17. januar - Jan Standal - 1170387\" data-rel=\"lightbox-gallery-4\"><img loading=\"lazy\" decoding=\"async\" src=\"https:\/\/bekkalokket.no\/wp-content\/uploads\/2024\/08\/2024-01-17-Alfonso-Band-Jan-Standal-1170387-225x300.jpg\" width=\"225\" height=\"300\" alt=\"\" \/><span class=\"rl-gallery-caption\"><span class=\"rl-gallery-item-title\">Alfonso Band at Bj\u00f8rgvin Bluesklubb 17. januar - Jan Standal - 1170387<\/span><\/span><\/a> <\/div> <\/div> <div class=\"rl-gallery-item\" > <div class=\"rl-gallery-item-content\"> <a href=\"https:\/\/bekkalokket.no\/wp-content\/uploads\/2024\/08\/2024-01-17-Alfonso-Band-Jan-Standal-1170384.jpg\" title=\"Alfonso Band at Bj\u00f8rgvin Bluesklubb 17. januar &#8211; Jan Standal &#8211; 1170384\" data-rl_title=\"Alfonso Band at Bj\u00f8rgvin Bluesklubb 17. januar &#8211; Jan Standal &#8211; 1170384\" class=\"rl-gallery-link\" data-rl_caption=\"Alfonso Band at Bj\u00f8rgvin Bluesklubb 17. januar - Jan Standal - 1170384\" data-rel=\"lightbox-gallery-4\"><img loading=\"lazy\" decoding=\"async\" src=\"https:\/\/bekkalokket.no\/wp-content\/uploads\/2024\/08\/2024-01-17-Alfonso-Band-Jan-Standal-1170384-225x300.jpg\" width=\"225\" height=\"300\" alt=\"\" \/><span class=\"rl-gallery-caption\"><span class=\"rl-gallery-item-title\">Alfonso Band at Bj\u00f8rgvin Bluesklubb 17. januar - Jan Standal - 1170384<\/span><\/span><\/a> <\/div> <\/div> <div class=\"rl-gallery-item\" > <div class=\"rl-gallery-item-content\"> <a href=\"https:\/\/bekkalokket.no\/wp-content\/uploads\/2024\/08\/2024-01-17-Alfonso-Band-Jan-Standal-1170329.jpg\" title=\"Alfonso Band at Bj\u00f8rgvin Bluesklubb 17. januar &#8211; Jan Standal &#8211; 1170329\" data-rl_title=\"Alfonso Band at Bj\u00f8rgvin Bluesklubb 17. januar &#8211; Jan Standal &#8211; 1170329\" class=\"rl-gallery-link\" data-rl_caption=\"Alfonso Band at Bj\u00f8rgvin Bluesklubb 17. januar - Jan Standal - 1170329\" data-rel=\"lightbox-gallery-4\"><img loading=\"lazy\" decoding=\"async\" src=\"https:\/\/bekkalokket.no\/wp-content\/uploads\/2024\/08\/2024-01-17-Alfonso-Band-Jan-Standal-1170329-300x224.jpg\" width=\"300\" height=\"224\" alt=\"\" \/><span class=\"rl-gallery-caption\"><span class=\"rl-gallery-item-title\">Alfonso Band at Bj\u00f8rgvin Bluesklubb 17. januar - Jan Standal - 1170329<\/span><\/span><\/a> <\/div> <\/div> <div class=\"rl-gallery-item\" > <div class=\"rl-gallery-item-content\"> <a href=\"https:\/\/bekkalokket.no\/wp-content\/uploads\/2024\/08\/2024-01-17-Alfonso-Band-Jan-Standal-1170259.jpg\" title=\"Alfonso Band at Bj\u00f8rgvin Bluesklubb 17. januar &#8211; Jan Standal &#8211; 1170259\" data-rl_title=\"Alfonso Band at Bj\u00f8rgvin Bluesklubb 17. januar &#8211; Jan Standal &#8211; 1170259\" class=\"rl-gallery-link\" data-rl_caption=\"Alfonso Band at Bj\u00f8rgvin Bluesklubb 17. januar - Jan Standal - 1170259\" data-rel=\"lightbox-gallery-4\"><img loading=\"lazy\" decoding=\"async\" src=\"https:\/\/bekkalokket.no\/wp-content\/uploads\/2024\/08\/2024-01-17-Alfonso-Band-Jan-Standal-1170259-300x225.jpg\" width=\"300\" height=\"225\" alt=\"\" \/><span class=\"rl-gallery-caption\"><span class=\"rl-gallery-item-title\">Alfonso Band at Bj\u00f8rgvin Bluesklubb 17. januar - Jan Standal - 1170259<\/span><\/span><\/a> <\/div> <\/div> <div class=\"rl-gallery-item\" > <div class=\"rl-gallery-item-content\"> <a href=\"https:\/\/bekkalokket.no\/wp-content\/uploads\/2024\/08\/2024-01-17-Alfonso-Band-Jan-Standal-1170222.jpg\" title=\"Alfonso Band at Bj\u00f8rgvin Bluesklubb 17. januar &#8211; Jan Standal &#8211; 1170222\" data-rl_title=\"Alfonso Band at Bj\u00f8rgvin Bluesklubb 17. januar &#8211; Jan Standal &#8211; 1170222\" class=\"rl-gallery-link\" data-rl_caption=\"Alfonso Band at Bj\u00f8rgvin Bluesklubb 17. januar - Jan Standal - 1170222\" data-rel=\"lightbox-gallery-4\"><img loading=\"lazy\" decoding=\"async\" src=\"https:\/\/bekkalokket.no\/wp-content\/uploads\/2024\/08\/2024-01-17-Alfonso-Band-Jan-Standal-1170222-225x300.jpg\" width=\"225\" height=\"300\" alt=\"\" \/><span class=\"rl-gallery-caption\"><span class=\"rl-gallery-item-title\">Alfonso Band at Bj\u00f8rgvin Bluesklubb 17. januar - Jan Standal - 1170222<\/span><\/span><\/a> <\/div> <\/div> <div class=\"rl-gallery-item\" > <div class=\"rl-gallery-item-content\"> <a href=\"https:\/\/bekkalokket.no\/wp-content\/uploads\/2024\/08\/2024-01-17-Alfonso-Band-Jan-Standal-1170206.jpg\" title=\"Alfonso Band at Bj\u00f8rgvin Bluesklubb 17. januar &#8211; Jan Standal &#8211; 1170206\" data-rl_title=\"Alfonso Band at Bj\u00f8rgvin Bluesklubb 17. januar &#8211; Jan Standal &#8211; 1170206\" class=\"rl-gallery-link\" data-rl_caption=\"Alfonso Band at Bj\u00f8rgvin Bluesklubb 17. januar - Jan Standal - 1170206\" data-rel=\"lightbox-gallery-4\"><img loading=\"lazy\" decoding=\"async\" src=\"https:\/\/bekkalokket.no\/wp-content\/uploads\/2024\/08\/2024-01-17-Alfonso-Band-Jan-Standal-1170206-300x212.jpg\" width=\"300\" height=\"212\" alt=\"\" \/><span class=\"rl-gallery-caption\"><span class=\"rl-gallery-item-title\">Alfonso Band at Bj\u00f8rgvin Bluesklubb 17. januar - Jan Standal - 1170206<\/span><\/span><\/a> <\/div> <\/div> <div class=\"rl-gallery-item\" > <div class=\"rl-gallery-item-content\"> <a href=\"https:\/\/bekkalokket.no\/wp-content\/uploads\/2024\/08\/2024-01-17-Alfonso-Band-Jan-Standal-1170190.jpg\" title=\"Alfonso Band at Bj\u00f8rgvin Bluesklubb 17. januar &#8211; Jan Standal &#8211; 1170190\" data-rl_title=\"Alfonso Band at Bj\u00f8rgvin Bluesklubb 17. januar &#8211; Jan Standal &#8211; 1170190\" class=\"rl-gallery-link\" data-rl_caption=\"Alfonso Band at Bj\u00f8rgvin Bluesklubb 17. januar - Jan Standal - 1170190\" data-rel=\"lightbox-gallery-4\"><img loading=\"lazy\" decoding=\"async\" src=\"https:\/\/bekkalokket.no\/wp-content\/uploads\/2024\/08\/2024-01-17-Alfonso-Band-Jan-Standal-1170190-300x196.jpg\" width=\"300\" height=\"196\" alt=\"\" \/><span class=\"rl-gallery-caption\"><span class=\"rl-gallery-item-title\">Alfonso Band at Bj\u00f8rgvin Bluesklubb 17. januar - Jan Standal - 1170190<\/span><\/span><\/a> <\/div> <\/div> <div class=\"rl-gallery-item\" > <div class=\"rl-gallery-item-content\"> <a href=\"https:\/\/bekkalokket.no\/wp-content\/uploads\/2024\/08\/2024-01-17-Alfonso-Band-Jan-Standal-1170159.jpg\" title=\"Alfonso Band at Bj\u00f8rgvin Bluesklubb 17. januar &#8211; Jan Standal &#8211; 1170159\" data-rl_title=\"Alfonso Band at Bj\u00f8rgvin Bluesklubb 17. januar &#8211; Jan Standal &#8211; 1170159\" class=\"rl-gallery-link\" data-rl_caption=\"Alfonso Band at Bj\u00f8rgvin Bluesklubb 17. januar - Jan Standal - 1170159\" data-rel=\"lightbox-gallery-4\"><img loading=\"lazy\" decoding=\"async\" src=\"https:\/\/bekkalokket.no\/wp-content\/uploads\/2024\/08\/2024-01-17-Alfonso-Band-Jan-Standal-1170159-223x300.jpg\" width=\"223\" height=\"300\" alt=\"\" \/><span class=\"rl-gallery-caption\"><span class=\"rl-gallery-item-title\">Alfonso Band at Bj\u00f8rgvin Bluesklubb 17. januar - Jan Standal - 1170159<\/span><\/span><\/a> <\/div> <\/div> <div class=\"rl-gallery-item\" > <div class=\"rl-gallery-item-content\"> <a href=\"https:\/\/bekkalokket.no\/wp-content\/uploads\/2024\/08\/2024-01-17-Alfonso-Band-Jan-Standal-1170142.jpg\" title=\"Alfonso Band at Bj\u00f8rgvin Bluesklubb 17. januar &#8211; Jan Standal &#8211; 1170142\" data-rl_title=\"Alfonso Band at Bj\u00f8rgvin Bluesklubb 17. januar &#8211; Jan Standal &#8211; 1170142\" class=\"rl-gallery-link\" data-rl_caption=\"Alfonso Band at Bj\u00f8rgvin Bluesklubb 17. januar - Jan Standal - 1170142\" data-rel=\"lightbox-gallery-4\"><img loading=\"lazy\" decoding=\"async\" src=\"https:\/\/bekkalokket.no\/wp-content\/uploads\/2024\/08\/2024-01-17-Alfonso-Band-Jan-Standal-1170142-225x300.jpg\" width=\"225\" height=\"300\" alt=\"\" \/><span class=\"rl-gallery-caption\"><span class=\"rl-gallery-item-title\">Alfonso Band at Bj\u00f8rgvin Bluesklubb 17. januar - Jan Standal - 1170142<\/span><\/span><\/a> <\/div> <\/div> <div class=\"rl-gallery-item\" > <div class=\"rl-gallery-item-content\"> <a href=\"https:\/\/bekkalokket.no\/wp-content\/uploads\/2024\/08\/2024-01-17-Alfonso-Band-Jan-Standal-1170121.jpg\" title=\"Alfonso Band at Bj\u00f8rgvin Bluesklubb 17. januar &#8211; Jan Standal &#8211; 1170121\" data-rl_title=\"Alfonso Band at Bj\u00f8rgvin Bluesklubb 17. januar &#8211; Jan Standal &#8211; 1170121\" class=\"rl-gallery-link\" data-rl_caption=\"Alfonso Band at Bj\u00f8rgvin Bluesklubb 17. januar - Jan Standal - 1170121\" data-rel=\"lightbox-gallery-4\"><img loading=\"lazy\" decoding=\"async\" src=\"https:\/\/bekkalokket.no\/wp-content\/uploads\/2024\/08\/2024-01-17-Alfonso-Band-Jan-Standal-1170121-300x225.jpg\" width=\"300\" height=\"225\" alt=\"\" \/><span class=\"rl-gallery-caption\"><span class=\"rl-gallery-item-title\">Alfonso Band at Bj\u00f8rgvin Bluesklubb 17. januar - Jan Standal - 1170121<\/span><\/span><\/a> <\/div> <\/div> <\/div> <\/div>\n\n\n\n<p><a href=\"https:\/\/bekkalokket.no\/index.php\/konsertfoto-bjorgvin-bluesklubb\/\">G\u00e5 til oversikten<\/a><\/p>\n\n\n\n<div class=\"rl-gallery-container rl-loading\" id=\"rl-gallery-container-5\" data-gallery_id=\"9325\"> <h4 class=\"rl-gallery-title\">27. januar 2024 &#8211; BBK 5-\u00e5rsjubileum<\/h4><div class=\"rl-gallery-description\">Fotograf Jan Standal<\/div> <div class=\"rl-gallery rl-basicmasonry-gallery rl-hover-effect-1 rl-hover-icon-10\" id=\"rl-gallery-5\" data-gallery_no=\"5\"> <div class=\"rl-gutter-sizer\"><\/div><div class=\"rl-grid-sizer\"><\/div> <div class=\"rl-gallery-item rl-gallery-item-width-4\" > <div class=\"rl-gallery-item-content\"> <a href=\"https:\/\/bekkalokket.no\/wp-content\/uploads\/2024\/08\/240127-5-\u2020rsjubileum-Inge_Solfjell-P1270087.jpg\" title=\"240127-5-\u00c5rsjubileum-Inge_Solfjell-P1270087\" data-rl_title=\"240127-5-\u00c5rsjubileum-Inge_Solfjell-P1270087\" class=\"rl-gallery-link\" data-rl_caption=\"240127-5-\u00c5rsjubileum-Inge_Solfjell-P1270087\" data-rel=\"lightbox-gallery-5\"><img loading=\"lazy\" decoding=\"async\" src=\"https:\/\/bekkalokket.no\/wp-content\/uploads\/2024\/08\/240127-5-\u2020rsjubileum-Inge_Solfjell-P1270087-300x300.jpg\" width=\"300\" height=\"300\" alt=\"\" \/><span class=\"rl-gallery-caption\"><span class=\"rl-gallery-item-title\">240127-5-\u00c5rsjubileum-Inge_Solfjell-P1270087<\/span><\/span><\/a> <\/div> <\/div> <div class=\"rl-gallery-item\" > <div class=\"rl-gallery-item-content\"> <a href=\"https:\/\/bekkalokket.no\/wp-content\/uploads\/2024\/08\/240127-5-\u2020rsjubileum-Inge_Solfjell-P1270586.jpg\" title=\"240127-5-\u00c5rsjubileum-Inge_Solfjell-P1270586\" data-rl_title=\"240127-5-\u00c5rsjubileum-Inge_Solfjell-P1270586\" class=\"rl-gallery-link\" data-rl_caption=\"240127-5-\u00c5rsjubileum-Inge_Solfjell-P1270586\" data-rel=\"lightbox-gallery-5\"><img loading=\"lazy\" decoding=\"async\" src=\"https:\/\/bekkalokket.no\/wp-content\/uploads\/2024\/08\/240127-5-\u2020rsjubileum-Inge_Solfjell-P1270586-300x300.jpg\" width=\"300\" height=\"300\" alt=\"\" \/><span class=\"rl-gallery-caption\"><span class=\"rl-gallery-item-title\">240127-5-\u00c5rsjubileum-Inge_Solfjell-P1270586<\/span><\/span><\/a> <\/div> <\/div> <div class=\"rl-gallery-item\" > <div class=\"rl-gallery-item-content\"> <a href=\"https:\/\/bekkalokket.no\/wp-content\/uploads\/2024\/08\/240127-5-\u2020rsjubileum-Inge_Solfjell-P1270569.jpg\" title=\"240127-5-\u00c5rsjubileum-Inge_Solfjell-P1270569\" data-rl_title=\"240127-5-\u00c5rsjubileum-Inge_Solfjell-P1270569\" class=\"rl-gallery-link\" data-rl_caption=\"240127-5-\u00c5rsjubileum-Inge_Solfjell-P1270569\" data-rel=\"lightbox-gallery-5\"><img loading=\"lazy\" decoding=\"async\" src=\"https:\/\/bekkalokket.no\/wp-content\/uploads\/2024\/08\/240127-5-\u2020rsjubileum-Inge_Solfjell-P1270569-300x300.jpg\" width=\"300\" height=\"300\" alt=\"\" \/><span class=\"rl-gallery-caption\"><span class=\"rl-gallery-item-title\">240127-5-\u00c5rsjubileum-Inge_Solfjell-P1270569<\/span><\/span><\/a> <\/div> <\/div> <div class=\"rl-gallery-item\" > <div class=\"rl-gallery-item-content\"> <a href=\"https:\/\/bekkalokket.no\/wp-content\/uploads\/2024\/08\/240127-5-\u2020rsjubileum-Inge_Solfjell-P1270526.jpg\" title=\"240127-5-\u00c5rsjubileum-Inge_Solfjell-P1270526\" data-rl_title=\"240127-5-\u00c5rsjubileum-Inge_Solfjell-P1270526\" class=\"rl-gallery-link\" data-rl_caption=\"240127-5-\u00c5rsjubileum-Inge_Solfjell-P1270526\" data-rel=\"lightbox-gallery-5\"><img loading=\"lazy\" decoding=\"async\" src=\"https:\/\/bekkalokket.no\/wp-content\/uploads\/2024\/08\/240127-5-\u2020rsjubileum-Inge_Solfjell-P1270526-300x300.jpg\" width=\"300\" height=\"300\" alt=\"\" \/><span class=\"rl-gallery-caption\"><span class=\"rl-gallery-item-title\">240127-5-\u00c5rsjubileum-Inge_Solfjell-P1270526<\/span><\/span><\/a> <\/div> <\/div> <div class=\"rl-gallery-item\" > <div class=\"rl-gallery-item-content\"> <a href=\"https:\/\/bekkalokket.no\/wp-content\/uploads\/2024\/08\/240127-5-\u2020rsjubileum-Inge_Solfjell-P1270510.jpg\" title=\"240127-5-\u00c5rsjubileum-Inge_Solfjell-P1270510\" data-rl_title=\"240127-5-\u00c5rsjubileum-Inge_Solfjell-P1270510\" class=\"rl-gallery-link\" data-rl_caption=\"240127-5-\u00c5rsjubileum-Inge_Solfjell-P1270510\" data-rel=\"lightbox-gallery-5\"><img loading=\"lazy\" decoding=\"async\" src=\"https:\/\/bekkalokket.no\/wp-content\/uploads\/2024\/08\/240127-5-\u2020rsjubileum-Inge_Solfjell-P1270510-300x225.jpg\" width=\"300\" height=\"225\" alt=\"\" \/><span class=\"rl-gallery-caption\"><span class=\"rl-gallery-item-title\">240127-5-\u00c5rsjubileum-Inge_Solfjell-P1270510<\/span><\/span><\/a> <\/div> <\/div> <div class=\"rl-gallery-item\" > <div class=\"rl-gallery-item-content\"> <a href=\"https:\/\/bekkalokket.no\/wp-content\/uploads\/2024\/08\/240127-5-\u2020rsjubileum-Inge_Solfjell-P1270508.jpg\" title=\"240127-5-\u00c5rsjubileum-Inge_Solfjell-P1270508\" data-rl_title=\"240127-5-\u00c5rsjubileum-Inge_Solfjell-P1270508\" class=\"rl-gallery-link\" data-rl_caption=\"240127-5-\u00c5rsjubileum-Inge_Solfjell-P1270508\" data-rel=\"lightbox-gallery-5\"><img loading=\"lazy\" decoding=\"async\" src=\"https:\/\/bekkalokket.no\/wp-content\/uploads\/2024\/08\/240127-5-\u2020rsjubileum-Inge_Solfjell-P1270508-300x225.jpg\" width=\"300\" height=\"225\" alt=\"\" \/><span class=\"rl-gallery-caption\"><span class=\"rl-gallery-item-title\">240127-5-\u00c5rsjubileum-Inge_Solfjell-P1270508<\/span><\/span><\/a> <\/div> <\/div> <div class=\"rl-gallery-item\" > <div class=\"rl-gallery-item-content\"> <a href=\"https:\/\/bekkalokket.no\/wp-content\/uploads\/2024\/08\/240127-5-\u2020rsjubileum-Inge_Solfjell-P1270502.jpg\" title=\"240127-5-\u00c5rsjubileum-Inge_Solfjell-P1270502\" data-rl_title=\"240127-5-\u00c5rsjubileum-Inge_Solfjell-P1270502\" class=\"rl-gallery-link\" data-rl_caption=\"240127-5-\u00c5rsjubileum-Inge_Solfjell-P1270502\" data-rel=\"lightbox-gallery-5\"><img loading=\"lazy\" decoding=\"async\" src=\"https:\/\/bekkalokket.no\/wp-content\/uploads\/2024\/08\/240127-5-\u2020rsjubileum-Inge_Solfjell-P1270502-300x300.jpg\" width=\"300\" height=\"300\" alt=\"\" \/><span class=\"rl-gallery-caption\"><span class=\"rl-gallery-item-title\">240127-5-\u00c5rsjubileum-Inge_Solfjell-P1270502<\/span><\/span><\/a> <\/div> <\/div> <div class=\"rl-gallery-item\" > <div class=\"rl-gallery-item-content\"> <a href=\"https:\/\/bekkalokket.no\/wp-content\/uploads\/2024\/08\/240127-5-\u2020rsjubileum-Inge_Solfjell-P1270486.jpg\" title=\"240127-5-\u00c5rsjubileum-Inge_Solfjell-P1270486\" data-rl_title=\"240127-5-\u00c5rsjubileum-Inge_Solfjell-P1270486\" class=\"rl-gallery-link\" data-rl_caption=\"240127-5-\u00c5rsjubileum-Inge_Solfjell-P1270486\" data-rel=\"lightbox-gallery-5\"><img loading=\"lazy\" decoding=\"async\" src=\"https:\/\/bekkalokket.no\/wp-content\/uploads\/2024\/08\/240127-5-\u2020rsjubileum-Inge_Solfjell-P1270486-300x225.jpg\" width=\"300\" height=\"225\" alt=\"\" \/><span class=\"rl-gallery-caption\"><span class=\"rl-gallery-item-title\">240127-5-\u00c5rsjubileum-Inge_Solfjell-P1270486<\/span><\/span><\/a> <\/div> <\/div> <div class=\"rl-gallery-item\" > <div class=\"rl-gallery-item-content\"> <a href=\"https:\/\/bekkalokket.no\/wp-content\/uploads\/2024\/08\/240127-5-\u2020rsjubileum-Inge_Solfjell-P1270477.jpg\" title=\"240127-5-\u00c5rsjubileum-Inge_Solfjell-P1270477\" data-rl_title=\"240127-5-\u00c5rsjubileum-Inge_Solfjell-P1270477\" class=\"rl-gallery-link\" data-rl_caption=\"240127-5-\u00c5rsjubileum-Inge_Solfjell-P1270477\" data-rel=\"lightbox-gallery-5\"><img loading=\"lazy\" decoding=\"async\" src=\"https:\/\/bekkalokket.no\/wp-content\/uploads\/2024\/08\/240127-5-\u2020rsjubileum-Inge_Solfjell-P1270477-300x300.jpg\" width=\"300\" height=\"300\" alt=\"\" \/><span class=\"rl-gallery-caption\"><span class=\"rl-gallery-item-title\">240127-5-\u00c5rsjubileum-Inge_Solfjell-P1270477<\/span><\/span><\/a> <\/div> <\/div> <div class=\"rl-gallery-item\" > <div class=\"rl-gallery-item-content\"> <a href=\"https:\/\/bekkalokket.no\/wp-content\/uploads\/2024\/08\/240127-5-\u2020rsjubileum-Inge_Solfjell-P1270430.jpg\" title=\"240127-5-\u00c5rsjubileum-Inge_Solfjell-P1270430\" data-rl_title=\"240127-5-\u00c5rsjubileum-Inge_Solfjell-P1270430\" class=\"rl-gallery-link\" data-rl_caption=\"240127-5-\u00c5rsjubileum-Inge_Solfjell-P1270430\" data-rel=\"lightbox-gallery-5\"><img loading=\"lazy\" decoding=\"async\" src=\"https:\/\/bekkalokket.no\/wp-content\/uploads\/2024\/08\/240127-5-\u2020rsjubileum-Inge_Solfjell-P1270430-300x300.jpg\" width=\"300\" height=\"300\" alt=\"\" \/><span class=\"rl-gallery-caption\"><span class=\"rl-gallery-item-title\">240127-5-\u00c5rsjubileum-Inge_Solfjell-P1270430<\/span><\/span><\/a> <\/div> <\/div> <div class=\"rl-gallery-item\" > <div class=\"rl-gallery-item-content\"> <a href=\"https:\/\/bekkalokket.no\/wp-content\/uploads\/2024\/08\/240127-5-\u2020rsjubileum-Inge_Solfjell-P1270409.jpg\" title=\"240127-5-\u00c5rsjubileum-Inge_Solfjell-P1270409\" data-rl_title=\"240127-5-\u00c5rsjubileum-Inge_Solfjell-P1270409\" class=\"rl-gallery-link\" data-rl_caption=\"240127-5-\u00c5rsjubileum-Inge_Solfjell-P1270409\" data-rel=\"lightbox-gallery-5\"><img loading=\"lazy\" decoding=\"async\" src=\"https:\/\/bekkalokket.no\/wp-content\/uploads\/2024\/08\/240127-5-\u2020rsjubileum-Inge_Solfjell-P1270409-300x300.jpg\" width=\"300\" height=\"300\" alt=\"\" \/><span class=\"rl-gallery-caption\"><span class=\"rl-gallery-item-title\">240127-5-\u00c5rsjubileum-Inge_Solfjell-P1270409<\/span><\/span><\/a> <\/div> <\/div> <div class=\"rl-gallery-item\" > <div class=\"rl-gallery-item-content\"> <a href=\"https:\/\/bekkalokket.no\/wp-content\/uploads\/2024\/08\/240127-5-\u2020rsjubileum-Inge_Solfjell-P1270342.jpg\" title=\"240127-5-\u00c5rsjubileum-Inge_Solfjell-P1270342\" data-rl_title=\"240127-5-\u00c5rsjubileum-Inge_Solfjell-P1270342\" class=\"rl-gallery-link\" data-rl_caption=\"240127-5-\u00c5rsjubileum-Inge_Solfjell-P1270342\" data-rel=\"lightbox-gallery-5\"><img loading=\"lazy\" decoding=\"async\" src=\"https:\/\/bekkalokket.no\/wp-content\/uploads\/2024\/08\/240127-5-\u2020rsjubileum-Inge_Solfjell-P1270342-300x300.jpg\" width=\"300\" height=\"300\" alt=\"\" \/><span class=\"rl-gallery-caption\"><span class=\"rl-gallery-item-title\">240127-5-\u00c5rsjubileum-Inge_Solfjell-P1270342<\/span><\/span><\/a> <\/div> <\/div> <div class=\"rl-gallery-item\" > <div class=\"rl-gallery-item-content\"> <a href=\"https:\/\/bekkalokket.no\/wp-content\/uploads\/2024\/08\/240127-5-\u2020rsjubileum-Inge_Solfjell-P1270340.jpg\" title=\"240127-5-\u00c5rsjubileum-Inge_Solfjell-P1270340\" data-rl_title=\"240127-5-\u00c5rsjubileum-Inge_Solfjell-P1270340\" class=\"rl-gallery-link\" data-rl_caption=\"240127-5-\u00c5rsjubileum-Inge_Solfjell-P1270340\" data-rel=\"lightbox-gallery-5\"><img loading=\"lazy\" decoding=\"async\" src=\"https:\/\/bekkalokket.no\/wp-content\/uploads\/2024\/08\/240127-5-\u2020rsjubileum-Inge_Solfjell-P1270340-300x225.jpg\" width=\"300\" height=\"225\" alt=\"\" \/><span class=\"rl-gallery-caption\"><span class=\"rl-gallery-item-title\">240127-5-\u00c5rsjubileum-Inge_Solfjell-P1270340<\/span><\/span><\/a> <\/div> <\/div> <div class=\"rl-gallery-item\" > <div class=\"rl-gallery-item-content\"> <a href=\"https:\/\/bekkalokket.no\/wp-content\/uploads\/2024\/08\/240127-5-\u2020rsjubileum-Inge_Solfjell-P1270315.jpg\" title=\"240127-5-\u00c5rsjubileum-Inge_Solfjell-P1270315\" data-rl_title=\"240127-5-\u00c5rsjubileum-Inge_Solfjell-P1270315\" class=\"rl-gallery-link\" data-rl_caption=\"240127-5-\u00c5rsjubileum-Inge_Solfjell-P1270315\" data-rel=\"lightbox-gallery-5\"><img loading=\"lazy\" decoding=\"async\" src=\"https:\/\/bekkalokket.no\/wp-content\/uploads\/2024\/08\/240127-5-\u2020rsjubileum-Inge_Solfjell-P1270315-300x225.jpg\" width=\"300\" height=\"225\" alt=\"\" \/><span class=\"rl-gallery-caption\"><span class=\"rl-gallery-item-title\">240127-5-\u00c5rsjubileum-Inge_Solfjell-P1270315<\/span><\/span><\/a> <\/div> <\/div> <div class=\"rl-gallery-item\" > <div class=\"rl-gallery-item-content\"> <a href=\"https:\/\/bekkalokket.no\/wp-content\/uploads\/2024\/08\/240127-5-\u2020rsjubileum-Inge_Solfjell-P1270273.jpg\" title=\"240127-5-\u00c5rsjubileum-Inge_Solfjell-P1270273\" data-rl_title=\"240127-5-\u00c5rsjubileum-Inge_Solfjell-P1270273\" class=\"rl-gallery-link\" data-rl_caption=\"240127-5-\u00c5rsjubileum-Inge_Solfjell-P1270273\" data-rel=\"lightbox-gallery-5\"><img loading=\"lazy\" decoding=\"async\" src=\"https:\/\/bekkalokket.no\/wp-content\/uploads\/2024\/08\/240127-5-\u2020rsjubileum-Inge_Solfjell-P1270273-300x225.jpg\" width=\"300\" height=\"225\" alt=\"\" \/><span class=\"rl-gallery-caption\"><span class=\"rl-gallery-item-title\">240127-5-\u00c5rsjubileum-Inge_Solfjell-P1270273<\/span><\/span><\/a> <\/div> <\/div> <div class=\"rl-gallery-item\" > <div class=\"rl-gallery-item-content\"> <a href=\"https:\/\/bekkalokket.no\/wp-content\/uploads\/2024\/08\/240127-5-\u2020rsjubileum-Inge_Solfjell-P1270234.jpg\" title=\"240127-5-\u00c5rsjubileum-Inge_Solfjell-P1270234\" data-rl_title=\"240127-5-\u00c5rsjubileum-Inge_Solfjell-P1270234\" class=\"rl-gallery-link\" data-rl_caption=\"240127-5-\u00c5rsjubileum-Inge_Solfjell-P1270234\" data-rel=\"lightbox-gallery-5\"><img loading=\"lazy\" decoding=\"async\" src=\"https:\/\/bekkalokket.no\/wp-content\/uploads\/2024\/08\/240127-5-\u2020rsjubileum-Inge_Solfjell-P1270234-300x300.jpg\" width=\"300\" height=\"300\" alt=\"\" \/><span class=\"rl-gallery-caption\"><span class=\"rl-gallery-item-title\">240127-5-\u00c5rsjubileum-Inge_Solfjell-P1270234<\/span><\/span><\/a> <\/div> <\/div> <div class=\"rl-gallery-item\" > <div class=\"rl-gallery-item-content\"> <a href=\"https:\/\/bekkalokket.no\/wp-content\/uploads\/2024\/08\/240127-5-\u2020rsjubileum-Inge_Solfjell-P1270232.jpg\" title=\"240127-5-\u00c5rsjubileum-Inge_Solfjell-P1270232\" data-rl_title=\"240127-5-\u00c5rsjubileum-Inge_Solfjell-P1270232\" class=\"rl-gallery-link\" data-rl_caption=\"240127-5-\u00c5rsjubileum-Inge_Solfjell-P1270232\" data-rel=\"lightbox-gallery-5\"><img loading=\"lazy\" decoding=\"async\" src=\"https:\/\/bekkalokket.no\/wp-content\/uploads\/2024\/08\/240127-5-\u2020rsjubileum-Inge_Solfjell-P1270232-300x300.jpg\" width=\"300\" height=\"300\" alt=\"\" \/><span class=\"rl-gallery-caption\"><span class=\"rl-gallery-item-title\">240127-5-\u00c5rsjubileum-Inge_Solfjell-P1270232<\/span><\/span><\/a> <\/div> <\/div> <div class=\"rl-gallery-item\" > <div class=\"rl-gallery-item-content\"> <a href=\"https:\/\/bekkalokket.no\/wp-content\/uploads\/2024\/08\/240127-5-\u2020rsjubileum-Inge_Solfjell-P1270222.jpg\" title=\"240127-5-\u00c5rsjubileum-Inge_Solfjell-P1270222\" data-rl_title=\"240127-5-\u00c5rsjubileum-Inge_Solfjell-P1270222\" class=\"rl-gallery-link\" data-rl_caption=\"240127-5-\u00c5rsjubileum-Inge_Solfjell-P1270222\" data-rel=\"lightbox-gallery-5\"><img loading=\"lazy\" decoding=\"async\" src=\"https:\/\/bekkalokket.no\/wp-content\/uploads\/2024\/08\/240127-5-\u2020rsjubileum-Inge_Solfjell-P1270222-300x225.jpg\" width=\"300\" height=\"225\" alt=\"\" \/><span class=\"rl-gallery-caption\"><span class=\"rl-gallery-item-title\">240127-5-\u00c5rsjubileum-Inge_Solfjell-P1270222<\/span><\/span><\/a> <\/div> <\/div> <div class=\"rl-gallery-item\" > <div class=\"rl-gallery-item-content\"> <a href=\"https:\/\/bekkalokket.no\/wp-content\/uploads\/2024\/08\/240127-5-\u2020rsjubileum-Inge_Solfjell-P1270218.jpg\" title=\"240127-5-\u00c5rsjubileum-Inge_Solfjell-P1270218\" data-rl_title=\"240127-5-\u00c5rsjubileum-Inge_Solfjell-P1270218\" class=\"rl-gallery-link\" data-rl_caption=\"240127-5-\u00c5rsjubileum-Inge_Solfjell-P1270218\" data-rel=\"lightbox-gallery-5\"><img loading=\"lazy\" decoding=\"async\" src=\"https:\/\/bekkalokket.no\/wp-content\/uploads\/2024\/08\/240127-5-\u2020rsjubileum-Inge_Solfjell-P1270218-300x300.jpg\" width=\"300\" height=\"300\" alt=\"\" \/><span class=\"rl-gallery-caption\"><span class=\"rl-gallery-item-title\">240127-5-\u00c5rsjubileum-Inge_Solfjell-P1270218<\/span><\/span><\/a> <\/div> <\/div> <div class=\"rl-gallery-item\" > <div class=\"rl-gallery-item-content\"> <a href=\"https:\/\/bekkalokket.no\/wp-content\/uploads\/2024\/08\/240127-5-\u2020rsjubileum-Inge_Solfjell-P1270199.jpg\" title=\"240127-5-\u00c5rsjubileum-Inge_Solfjell-P1270199\" data-rl_title=\"240127-5-\u00c5rsjubileum-Inge_Solfjell-P1270199\" class=\"rl-gallery-link\" data-rl_caption=\"240127-5-\u00c5rsjubileum-Inge_Solfjell-P1270199\" data-rel=\"lightbox-gallery-5\"><img loading=\"lazy\" decoding=\"async\" src=\"https:\/\/bekkalokket.no\/wp-content\/uploads\/2024\/08\/240127-5-\u2020rsjubileum-Inge_Solfjell-P1270199-300x300.jpg\" width=\"300\" height=\"300\" alt=\"\" \/><span class=\"rl-gallery-caption\"><span class=\"rl-gallery-item-title\">240127-5-\u00c5rsjubileum-Inge_Solfjell-P1270199<\/span><\/span><\/a> <\/div> <\/div> <div class=\"rl-gallery-item\" > <div class=\"rl-gallery-item-content\"> <a href=\"https:\/\/bekkalokket.no\/wp-content\/uploads\/2024\/08\/240127-5-\u2020rsjubileum-Inge_Solfjell-P1270192.jpg\" title=\"240127-5-\u00c5rsjubileum-Inge_Solfjell-P1270192\" data-rl_title=\"240127-5-\u00c5rsjubileum-Inge_Solfjell-P1270192\" class=\"rl-gallery-link\" data-rl_caption=\"240127-5-\u00c5rsjubileum-Inge_Solfjell-P1270192\" data-rel=\"lightbox-gallery-5\"><img loading=\"lazy\" decoding=\"async\" src=\"https:\/\/bekkalokket.no\/wp-content\/uploads\/2024\/08\/240127-5-\u2020rsjubileum-Inge_Solfjell-P1270192-300x300.jpg\" width=\"300\" height=\"300\" alt=\"\" \/><span class=\"rl-gallery-caption\"><span class=\"rl-gallery-item-title\">240127-5-\u00c5rsjubileum-Inge_Solfjell-P1270192<\/span><\/span><\/a> <\/div> <\/div> <div class=\"rl-gallery-item\" > <div class=\"rl-gallery-item-content\"> <a href=\"https:\/\/bekkalokket.no\/wp-content\/uploads\/2024\/08\/240127-5-\u2020rsjubileum-Inge_Solfjell-P1270191-2.jpg\" title=\"240127-5-\u00c5rsjubileum-Inge_Solfjell-P1270191-2\" data-rl_title=\"240127-5-\u00c5rsjubileum-Inge_Solfjell-P1270191-2\" class=\"rl-gallery-link\" data-rl_caption=\"240127-5-\u00c5rsjubileum-Inge_Solfjell-P1270191-2\" data-rel=\"lightbox-gallery-5\"><img loading=\"lazy\" decoding=\"async\" src=\"https:\/\/bekkalokket.no\/wp-content\/uploads\/2024\/08\/240127-5-\u2020rsjubileum-Inge_Solfjell-P1270191-2-300x225.jpg\" width=\"300\" height=\"225\" alt=\"\" \/><span class=\"rl-gallery-caption\"><span class=\"rl-gallery-item-title\">240127-5-\u00c5rsjubileum-Inge_Solfjell-P1270191-2<\/span><\/span><\/a> <\/div> <\/div> <div class=\"rl-gallery-item\" > <div class=\"rl-gallery-item-content\"> <a href=\"https:\/\/bekkalokket.no\/wp-content\/uploads\/2024\/08\/240127-5-\u2020rsjubileum-Inge_Solfjell-P1270177-2.jpg\" title=\"240127-5-\u00c5rsjubileum-Inge_Solfjell-P1270177-2\" data-rl_title=\"240127-5-\u00c5rsjubileum-Inge_Solfjell-P1270177-2\" class=\"rl-gallery-link\" data-rl_caption=\"240127-5-\u00c5rsjubileum-Inge_Solfjell-P1270177-2\" data-rel=\"lightbox-gallery-5\"><img loading=\"lazy\" decoding=\"async\" src=\"https:\/\/bekkalokket.no\/wp-content\/uploads\/2024\/08\/240127-5-\u2020rsjubileum-Inge_Solfjell-P1270177-2-300x225.jpg\" width=\"300\" height=\"225\" alt=\"\" \/><span class=\"rl-gallery-caption\"><span class=\"rl-gallery-item-title\">240127-5-\u00c5rsjubileum-Inge_Solfjell-P1270177-2<\/span><\/span><\/a> <\/div> <\/div> <div class=\"rl-gallery-item\" > <div class=\"rl-gallery-item-content\"> <a href=\"https:\/\/bekkalokket.no\/wp-content\/uploads\/2024\/08\/240127-5-\u2020rsjubileum-Inge_Solfjell-P1270166.jpg\" title=\"240127-5-\u00c5rsjubileum-Inge_Solfjell-P1270166\" data-rl_title=\"240127-5-\u00c5rsjubileum-Inge_Solfjell-P1270166\" class=\"rl-gallery-link\" data-rl_caption=\"240127-5-\u00c5rsjubileum-Inge_Solfjell-P1270166\" data-rel=\"lightbox-gallery-5\"><img loading=\"lazy\" decoding=\"async\" src=\"https:\/\/bekkalokket.no\/wp-content\/uploads\/2024\/08\/240127-5-\u2020rsjubileum-Inge_Solfjell-P1270166-300x225.jpg\" width=\"300\" height=\"225\" alt=\"\" \/><span class=\"rl-gallery-caption\"><span class=\"rl-gallery-item-title\">240127-5-\u00c5rsjubileum-Inge_Solfjell-P1270166<\/span><\/span><\/a> <\/div> <\/div> <div class=\"rl-gallery-item\" > <div class=\"rl-gallery-item-content\"> <a href=\"https:\/\/bekkalokket.no\/wp-content\/uploads\/2024\/08\/240127-5-\u2020rsjubileum-Inge_Solfjell-P1270154.jpg\" title=\"240127-5-\u00c5rsjubileum-Inge_Solfjell-P1270154\" data-rl_title=\"240127-5-\u00c5rsjubileum-Inge_Solfjell-P1270154\" class=\"rl-gallery-link\" data-rl_caption=\"240127-5-\u00c5rsjubileum-Inge_Solfjell-P1270154\" data-rel=\"lightbox-gallery-5\"><img loading=\"lazy\" decoding=\"async\" src=\"https:\/\/bekkalokket.no\/wp-content\/uploads\/2024\/08\/240127-5-\u2020rsjubileum-Inge_Solfjell-P1270154-225x300.jpg\" width=\"225\" height=\"300\" alt=\"\" \/><span class=\"rl-gallery-caption\"><span class=\"rl-gallery-item-title\">240127-5-\u00c5rsjubileum-Inge_Solfjell-P1270154<\/span><\/span><\/a> <\/div> <\/div> <div class=\"rl-gallery-item\" > <div class=\"rl-gallery-item-content\"> <a href=\"https:\/\/bekkalokket.no\/wp-content\/uploads\/2024\/08\/240127-5-\u2020rsjubileum-Inge_Solfjell-P1270145.jpg\" title=\"240127-5-\u00c5rsjubileum-Inge_Solfjell-P1270145\" data-rl_title=\"240127-5-\u00c5rsjubileum-Inge_Solfjell-P1270145\" class=\"rl-gallery-link\" data-rl_caption=\"240127-5-\u00c5rsjubileum-Inge_Solfjell-P1270145\" data-rel=\"lightbox-gallery-5\"><img loading=\"lazy\" decoding=\"async\" src=\"https:\/\/bekkalokket.no\/wp-content\/uploads\/2024\/08\/240127-5-\u2020rsjubileum-Inge_Solfjell-P1270145-300x300.jpg\" width=\"300\" height=\"300\" alt=\"\" \/><span class=\"rl-gallery-caption\"><span class=\"rl-gallery-item-title\">240127-5-\u00c5rsjubileum-Inge_Solfjell-P1270145<\/span><\/span><\/a> <\/div> <\/div> <div class=\"rl-gallery-item\" > <div class=\"rl-gallery-item-content\"> <a href=\"https:\/\/bekkalokket.no\/wp-content\/uploads\/2024\/08\/240127-5-\u2020rsjubileum-Inge_Solfjell-P1270111.jpg\" title=\"240127-5-\u00c5rsjubileum-Inge_Solfjell-P1270111\" data-rl_title=\"240127-5-\u00c5rsjubileum-Inge_Solfjell-P1270111\" class=\"rl-gallery-link\" data-rl_caption=\"240127-5-\u00c5rsjubileum-Inge_Solfjell-P1270111\" data-rel=\"lightbox-gallery-5\"><img loading=\"lazy\" decoding=\"async\" src=\"https:\/\/bekkalokket.no\/wp-content\/uploads\/2024\/08\/240127-5-\u2020rsjubileum-Inge_Solfjell-P1270111-300x300.jpg\" width=\"300\" height=\"300\" alt=\"\" \/><span class=\"rl-gallery-caption\"><span class=\"rl-gallery-item-title\">240127-5-\u00c5rsjubileum-Inge_Solfjell-P1270111<\/span><\/span><\/a> <\/div> <\/div> <div class=\"rl-gallery-item\" > <div class=\"rl-gallery-item-content\"> <a href=\"https:\/\/bekkalokket.no\/wp-content\/uploads\/2024\/08\/240127-5-\u2020rsjubileum-Inge_Solfjell-P1270102.jpg\" title=\"240127-5-\u00c5rsjubileum-Inge_Solfjell-P1270102\" data-rl_title=\"240127-5-\u00c5rsjubileum-Inge_Solfjell-P1270102\" class=\"rl-gallery-link\" data-rl_caption=\"240127-5-\u00c5rsjubileum-Inge_Solfjell-P1270102\" data-rel=\"lightbox-gallery-5\"><img loading=\"lazy\" decoding=\"async\" src=\"https:\/\/bekkalokket.no\/wp-content\/uploads\/2024\/08\/240127-5-\u2020rsjubileum-Inge_Solfjell-P1270102-300x225.jpg\" width=\"300\" height=\"225\" alt=\"\" \/><span class=\"rl-gallery-caption\"><span class=\"rl-gallery-item-title\">240127-5-\u00c5rsjubileum-Inge_Solfjell-P1270102<\/span><\/span><\/a> <\/div> <\/div> <div class=\"rl-gallery-item\" > <div class=\"rl-gallery-item-content\"> <a href=\"https:\/\/bekkalokket.no\/wp-content\/uploads\/2024\/08\/240127-5-\u2020rsjubileum-Inge_Solfjell-P1270099-2.jpg\" title=\"240127-5-\u00c5rsjubileum-Inge_Solfjell-P1270099-2\" data-rl_title=\"240127-5-\u00c5rsjubileum-Inge_Solfjell-P1270099-2\" class=\"rl-gallery-link\" data-rl_caption=\"240127-5-\u00c5rsjubileum-Inge_Solfjell-P1270099-2\" data-rel=\"lightbox-gallery-5\"><img loading=\"lazy\" decoding=\"async\" src=\"https:\/\/bekkalokket.no\/wp-content\/uploads\/2024\/08\/240127-5-\u2020rsjubileum-Inge_Solfjell-P1270099-2-300x300.jpg\" width=\"300\" height=\"300\" alt=\"\" \/><span class=\"rl-gallery-caption\"><span class=\"rl-gallery-item-title\">240127-5-\u00c5rsjubileum-Inge_Solfjell-P1270099-2<\/span><\/span><\/a> <\/div> <\/div> <div class=\"rl-gallery-item\" > <div class=\"rl-gallery-item-content\"> <a href=\"https:\/\/bekkalokket.no\/wp-content\/uploads\/2024\/08\/240127-5-\u2020rsjubileum-Inge_Solfjell-P1270089.jpg\" title=\"240127-5-\u00c5rsjubileum-Inge_Solfjell-P1270089\" data-rl_title=\"240127-5-\u00c5rsjubileum-Inge_Solfjell-P1270089\" class=\"rl-gallery-link\" data-rl_caption=\"240127-5-\u00c5rsjubileum-Inge_Solfjell-P1270089\" data-rel=\"lightbox-gallery-5\"><img loading=\"lazy\" decoding=\"async\" src=\"https:\/\/bekkalokket.no\/wp-content\/uploads\/2024\/08\/240127-5-\u2020rsjubileum-Inge_Solfjell-P1270089-300x225.jpg\" width=\"300\" height=\"225\" alt=\"\" \/><span class=\"rl-gallery-caption\"><span class=\"rl-gallery-item-title\">240127-5-\u00c5rsjubileum-Inge_Solfjell-P1270089<\/span><\/span><\/a> <\/div> <\/div> <\/div> <\/div>\n","protected":false},"excerpt":{"rendered":"<p>G\u00e5 til oversikten G\u00e5 til oversikten G\u00e5 til oversikten G\u00e5 til oversikten G\u00e5 til oversikten<\/p>\n","protected":false},"author":2,"featured_media":0,"parent":0,"menu_order":0,"comment_status":"closed","ping_status":"closed","template":"","meta":{"footnotes":""},"class_list":["post-9284","page","type-page","status-publish","hentry"],"yoast_head":"<!-- This site is optimized with the Yoast SEO plugin v27.5 - https:\/\/yoast.com\/product\/yoast-seo-wordpress\/ -->\n<title>Konsertgallerier - Bekkalokket Fotoklubb<\/title>\n<meta name=\"robots\" content=\"index, follow, max-snippet:-1, max-image-preview:large, max-video-preview:-1\" \/>\n<link rel=\"canonical\" href=\"https:\/\/bekkalokket.no\/index.php\/konsertgallerier\/\" \/>\n<meta property=\"og:locale\" content=\"nb_NO\" \/>\n<meta property=\"og:type\" content=\"article\" \/>\n<meta property=\"og:title\" content=\"Konsertgallerier - Bekkalokket Fotoklubb\" \/>\n<meta property=\"og:description\" content=\"G\u00e5 til oversikten G\u00e5 til oversikten G\u00e5 til oversikten G\u00e5 til oversikten G\u00e5 til oversikten\" \/>\n<meta property=\"og:url\" content=\"https:\/\/bekkalokket.no\/index.php\/konsertgallerier\/\" \/>\n<meta property=\"og:site_name\" content=\"Bekkalokket Fotoklubb\" \/>\n<meta property=\"article:modified_time\" content=\"2024-09-01T18:33:37+00:00\" \/>\n<meta name=\"twitter:card\" content=\"summary_large_image\" \/>\n<meta name=\"twitter:label1\" content=\"Ansl. lesetid\" \/>\n\t<meta name=\"twitter:data1\" content=\"1 minutt\" \/>\n<script type=\"application\/ld+json\" class=\"yoast-schema-graph\">{\"@context\":\"https:\\\/\\\/schema.org\",\"@graph\":[{\"@type\":\"WebPage\",\"@id\":\"https:\\\/\\\/bekkalokket.no\\\/index.php\\\/konsertgallerier\\\/\",\"url\":\"https:\\\/\\\/bekkalokket.no\\\/index.php\\\/konsertgallerier\\\/\",\"name\":\"Konsertgallerier - Bekkalokket Fotoklubb\",\"isPartOf\":{\"@id\":\"https:\\\/\\\/bekkalokket.no\\\/#website\"},\"datePublished\":\"2024-08-25T16:56:05+00:00\",\"dateModified\":\"2024-09-01T18:33:37+00:00\",\"breadcrumb\":{\"@id\":\"https:\\\/\\\/bekkalokket.no\\\/index.php\\\/konsertgallerier\\\/#breadcrumb\"},\"inLanguage\":\"nb-NO\",\"potentialAction\":[{\"@type\":\"ReadAction\",\"target\":[\"https:\\\/\\\/bekkalokket.no\\\/index.php\\\/konsertgallerier\\\/\"]}]},{\"@type\":\"BreadcrumbList\",\"@id\":\"https:\\\/\\\/bekkalokket.no\\\/index.php\\\/konsertgallerier\\\/#breadcrumb\",\"itemListElement\":[{\"@type\":\"ListItem\",\"position\":1,\"name\":\"Home\",\"item\":\"https:\\\/\\\/bekkalokket.no\\\/\"},{\"@type\":\"ListItem\",\"position\":2,\"name\":\"Konsertgallerier\"}]},{\"@type\":\"WebSite\",\"@id\":\"https:\\\/\\\/bekkalokket.no\\\/#website\",\"url\":\"https:\\\/\\\/bekkalokket.no\\\/\",\"name\":\"Bekkalokket Fotoklubb\",\"description\":\"En sosial og aktiv fotoklubb i Bergen\",\"potentialAction\":[{\"@type\":\"SearchAction\",\"target\":{\"@type\":\"EntryPoint\",\"urlTemplate\":\"https:\\\/\\\/bekkalokket.no\\\/?s={search_term_string}\"},\"query-input\":{\"@type\":\"PropertyValueSpecification\",\"valueRequired\":true,\"valueName\":\"search_term_string\"}}],\"inLanguage\":\"nb-NO\"}]}<\/script>\n<!-- \/ Yoast SEO plugin. -->","yoast_head_json":{"title":"Konsertgallerier - Bekkalokket Fotoklubb","robots":{"index":"index","follow":"follow","max-snippet":"max-snippet:-1","max-image-preview":"max-image-preview:large","max-video-preview":"max-video-preview:-1"},"canonical":"https:\/\/bekkalokket.no\/index.php\/konsertgallerier\/","og_locale":"nb_NO","og_type":"article","og_title":"Konsertgallerier - Bekkalokket Fotoklubb","og_description":"G\u00e5 til oversikten G\u00e5 til oversikten G\u00e5 til oversikten G\u00e5 til oversikten G\u00e5 til oversikten","og_url":"https:\/\/bekkalokket.no\/index.php\/konsertgallerier\/","og_site_name":"Bekkalokket Fotoklubb","article_modified_time":"2024-09-01T18:33:37+00:00","twitter_card":"summary_large_image","twitter_misc":{"Ansl. lesetid":"1 minutt"},"schema":{"@context":"https:\/\/schema.org","@graph":[{"@type":"WebPage","@id":"https:\/\/bekkalokket.no\/index.php\/konsertgallerier\/","url":"https:\/\/bekkalokket.no\/index.php\/konsertgallerier\/","name":"Konsertgallerier - Bekkalokket Fotoklubb","isPartOf":{"@id":"https:\/\/bekkalokket.no\/#website"},"datePublished":"2024-08-25T16:56:05+00:00","dateModified":"2024-09-01T18:33:37+00:00","breadcrumb":{"@id":"https:\/\/bekkalokket.no\/index.php\/konsertgallerier\/#breadcrumb"},"inLanguage":"nb-NO","potentialAction":[{"@type":"ReadAction","target":["https:\/\/bekkalokket.no\/index.php\/konsertgallerier\/"]}]},{"@type":"BreadcrumbList","@id":"https:\/\/bekkalokket.no\/index.php\/konsertgallerier\/#breadcrumb","itemListElement":[{"@type":"ListItem","position":1,"name":"Home","item":"https:\/\/bekkalokket.no\/"},{"@type":"ListItem","position":2,"name":"Konsertgallerier"}]},{"@type":"WebSite","@id":"https:\/\/bekkalokket.no\/#website","url":"https:\/\/bekkalokket.no\/","name":"Bekkalokket Fotoklubb","description":"En sosial og aktiv fotoklubb i Bergen","potentialAction":[{"@type":"SearchAction","target":{"@type":"EntryPoint","urlTemplate":"https:\/\/bekkalokket.no\/?s={search_term_string}"},"query-input":{"@type":"PropertyValueSpecification","valueRequired":true,"valueName":"search_term_string"}}],"inLanguage":"nb-NO"}]}},"_links":{"self":[{"href":"https:\/\/bekkalokket.no\/index.php\/wp-json\/wp\/v2\/pages\/9284","targetHints":{"allow":["GET"]}}],"collection":[{"href":"https:\/\/bekkalokket.no\/index.php\/wp-json\/wp\/v2\/pages"}],"about":[{"href":"https:\/\/bekkalokket.no\/index.php\/wp-json\/wp\/v2\/types\/page"}],"author":[{"embeddable":true,"href":"https:\/\/bekkalokket.no\/index.php\/wp-json\/wp\/v2\/users\/2"}],"replies":[{"embeddable":true,"href":"https:\/\/bekkalokket.no\/index.php\/wp-json\/wp\/v2\/comments?post=9284"}],"version-history":[{"count":10,"href":"https:\/\/bekkalokket.no\/index.php\/wp-json\/wp\/v2\/pages\/9284\/revisions"}],"predecessor-version":[{"id":9328,"href":"https:\/\/bekkalokket.no\/index.php\/wp-json\/wp\/v2\/pages\/9284\/revisions\/9328"}],"wp:attachment":[{"href":"https:\/\/bekkalokket.no\/index.php\/wp-json\/wp\/v2\/media?parent=9284"}],"curies":[{"name":"wp","href":"https:\/\/api.w.org\/{rel}","templated":true}]}}