{"id":9431,"date":"2024-09-23T16:43:30","date_gmt":"2024-09-23T14:43:30","guid":{"rendered":"https:\/\/bekkalokket.no\/?page_id=9431"},"modified":"2024-09-24T16:37:57","modified_gmt":"2024-09-24T14:37:57","slug":"inspirasjonshelger","status":"publish","type":"page","link":"https:\/\/bekkalokket.no\/index.php\/inspirasjonshelger\/","title":{"rendered":"Inspirasjonshelger"},"content":{"rendered":"\n<h2 class=\"wp-block-heading\">For deg som vil utvikle dine foto- og videokunnskaper<\/h2>\n\n\n\n<p>Bekkalokket Fotoklubb inviterer \u00e5rlig klubbens medlemmer til \u00e5 bli med p\u00e5 l\u00e6rerike og sosiale inspirasjonshelger.<\/p>\n\n\n\n<p>Inspirasjonshelgene passer fint for b\u00e5de amat\u00f8rer og profesjonelle, som \u00f8nsker \u00e5 utvide sine ferdigheter.. Du f\u00e5r ogs\u00e5 muligheter til \u00e5 utforske nye teknikker, og hente inspirasjon fra erfarne fagfolk og andre klubbmedlemmer.<\/p>\n\n\n\n<p>Fotoklubben har i en \u00e5rrekke v\u00e6rt stolt arrang\u00f8r av  ogs\u00e5 ulike foredrag. Disse blir gjennomf\u00f8rt i v\u00e5rt klubblokale sentralt i Bergen. Vi har ogs\u00e5 foredrag via Zoom med profesjonelle fotografer fra Norge og ute i verden.<\/p>\n\n\n\n<p><\/p>\n\n\n\n<h3 class=\"wp-block-heading\">Hva kan du forvente?<\/h3>\n\n\n\n<ul class=\"wp-block-list\">\n<li><strong>Spennende foredrag og workshops<\/strong>: Vi f\u00e5r bes\u00f8k av dyktige fotografer og videoprodusenter som deler av sine kunnskaper og erfaringer.<\/li>\n<\/ul>\n\n\n\n<ul class=\"wp-block-list\">\n<li><strong>Praktiske \u00f8velser<\/strong>:                                                                                                                                                    Bli med p\u00e5 \u00e5 pr\u00f8ve ut nye teknikker under veiledning, enten det handler om fotografering, videoopptak, redigering, eller print.<\/li>\n<\/ul>\n\n\n\n<ul class=\"wp-block-list\">\n<li><strong>Sosialt og l\u00e6rerikt milj\u00f8<\/strong>:                                                                                                                                                      Vi gir deg ogs\u00e5 muligheten til \u00e5 m\u00f8te andre entusiaster, utveksle id\u00e9er og f\u00e5 tilbakemeldinger p\u00e5 ditt eget arbeid.<\/li>\n<\/ul>\n\n\n\n<p><\/p>\n\n\n\n<h3 class=\"wp-block-heading\">Hvorfor delta p\u00e5 v\u00e5re inspirasjonshelger?<\/h3>\n\n\n\n<ul class=\"wp-block-list\">\n<li><strong>F\u00e5 nye perspektiver<\/strong>:                                                                                                                                                 Utvikle dine kreative evner gjennom spennende utfordringer og l\u00e6rings\u00f8kter.<\/li>\n<\/ul>\n\n\n\n<ul class=\"wp-block-list\">\n<li><strong>L\u00e6r av ekspertene<\/strong>:                                                                                                                                                        V\u00e5re foredragsholdere har mye erfaring og innsikt innen b\u00e5de foto og video, og deler sine beste tips og triks.                                                           <\/li>\n<\/ul>\n\n\n\n<ul class=\"wp-block-list\">\n<li><strong>Bli en del av et inkluderende fellesskap<\/strong>: Du f\u00e5r tilgang til et inspirerende milj\u00f8 der vi alle hjelper hverandre til \u00e5 bli bedre.<\/li>\n<\/ul>\n\n\n\n<div style=\"height:55px\" aria-hidden=\"true\" class=\"wp-block-spacer\"><\/div>\n\n\n\n<h2 class=\"wp-block-heading\">Bli medlem i Bekkalokket Fotoklubb i dag!<\/h2>\n\n\n\n<p>Ved \u00e5 <a href=\"https:\/\/bekkalokket.no\/index.php\/bli-medlem-i-bekkalokket-fotoklubb\/\" target=\"_blank\" rel=\"noreferrer noopener\">bli medlem<\/a> f\u00e5r du tilgang til inspirasjonshelger, workshops, og andre eksklusive arrangementer gjennom \u00e5ret. <\/p>\n\n\n\n<p><a href=\"https:\/\/bekkalokket.no\/index.php\/bli-medlem-i-bekkalokket-fotoklubb\/\" target=\"_blank\" rel=\"noreferrer noopener\">Meld deg inn,<\/a> og bli en del av et engasjerende og kreativt fellesskap som \u00f8nsker \u00e5 hjelpe deg \u00e5 vokse som fotograf og videokunstner.<\/p>\n\n\n\n<p><\/p>\n\n\n\n<p><strong>Vi ser frem til \u00e5 se deg p\u00e5 v\u00e5r neste inspirasjonshelg!<\/strong><\/p>\n\n\n\n<div style=\"height:70px\" aria-hidden=\"true\" class=\"wp-block-spacer\"><\/div>\n\n\n\n<div class=\"wp-block-columns is-layout-flex wp-container-core-columns-is-layout-9d6595d7 wp-block-columns-is-layout-flex\">\n<div class=\"wp-block-column is-layout-flow wp-block-column-is-layout-flow\">\n<figure class=\"wp-block-image size-large\"><a href=\"https:\/\/bekkalokket.no\/index.php\/inspirasjonshelg-printing\/\" target=\"_blank\" rel=\"noreferrer noopener\"><img loading=\"lazy\" decoding=\"async\" width=\"1024\" height=\"585\" src=\"https:\/\/bekkalokket.no\/wp-content\/uploads\/2024\/09\/Sunniva_Kunstutstilling_2023-1024x585.jpg\" alt=\"Velkommen til Bekkalokket Fotoklubb`s inspirasjonshelg med printing 27.09-28.09.2024.\" class=\"wp-image-9410\" srcset=\"https:\/\/bekkalokket.no\/wp-content\/uploads\/2024\/09\/Sunniva_Kunstutstilling_2023-1024x585.jpg 1024w, https:\/\/bekkalokket.no\/wp-content\/uploads\/2024\/09\/Sunniva_Kunstutstilling_2023-300x171.jpg 300w, https:\/\/bekkalokket.no\/wp-content\/uploads\/2024\/09\/Sunniva_Kunstutstilling_2023-768x438.jpg 768w, https:\/\/bekkalokket.no\/wp-content\/uploads\/2024\/09\/Sunniva_Kunstutstilling_2023-1536x877.jpg 1536w, https:\/\/bekkalokket.no\/wp-content\/uploads\/2024\/09\/Sunniva_Kunstutstilling_2023.jpg 1892w\" sizes=\"auto, (max-width: 1024px) 100vw, 1024px\" \/><\/a><figcaption class=\"wp-element-caption\"><a href=\"https:\/\/bekkalokket.no\/index.php\/inspirasjonshelg-printing\/\" target=\"_blank\" rel=\"noreferrer noopener\">Inspirasjonshelg H\u00f8sten 2024 &#8211; Printing av bilder<\/a><\/figcaption><\/figure>\n<\/div>\n\n\n\n<div class=\"wp-block-column is-layout-flow wp-block-column-is-layout-flow\">\n<figure class=\"wp-block-image size-full\"><a href=\"https:\/\/bekkalokket.no\/index.php\/2023\/10\/30\/inspirasjonshelg-for-fotografer-hosten-2023\/\" target=\"_blank\" rel=\"noreferrer noopener\"><img loading=\"lazy\" decoding=\"async\" width=\"476\" height=\"640\" src=\"https:\/\/bekkalokket.no\/wp-content\/uploads\/2023\/10\/MARION-RAVN_77A2798.jpeg\" alt=\"Inspirasjonshelg h\u00f8sten 2023 med Agnete Brun, og flere kjente fotografer for l\u00e6ring og inspirasjon. Arrang\u00f8r Bekkalokket Fotokubb.\" class=\"wp-image-7731\" srcset=\"https:\/\/bekkalokket.no\/wp-content\/uploads\/2023\/10\/MARION-RAVN_77A2798.jpeg 476w, https:\/\/bekkalokket.no\/wp-content\/uploads\/2023\/10\/MARION-RAVN_77A2798-223x300.jpeg 223w\" sizes=\"auto, (max-width: 476px) 100vw, 476px\" \/><\/a><figcaption class=\"wp-element-caption\"><a href=\"https:\/\/bekkalokket.no\/index.php\/2023\/10\/30\/inspirasjonshelg-for-fotografer-hosten-2023\/\" target=\"_blank\" rel=\"noreferrer noopener\">Inspirasjonshelg h\u00f8sten 2023<br>med Agnete Brun, og flere kjente fotografer.<\/a><\/figcaption><\/figure>\n<\/div>\n\n\n\n<div class=\"wp-block-column is-layout-flow wp-block-column-is-layout-flow\">\n<figure class=\"wp-block-image size-full\"><a href=\"https:\/\/bekkalokket.no\/index.php\/2023\/03\/01\/workshop-i-videofilming-og-redigering-med-hien-lam\/\" target=\"_blank\" rel=\"noreferrer noopener\"><img loading=\"lazy\" decoding=\"async\" width=\"819\" height=\"1024\" src=\"https:\/\/bekkalokket.no\/wp-content\/uploads\/2023\/03\/HienLam_III_Nasjonaltfilmogfototreff2022-819x1024-1.jpg\" alt=\"Bekkalokket Fotoklubb arrangerer workshop i videofilming og reditering med Hien Lam.\" class=\"wp-image-5655\" srcset=\"https:\/\/bekkalokket.no\/wp-content\/uploads\/2023\/03\/HienLam_III_Nasjonaltfilmogfototreff2022-819x1024-1.jpg 819w, https:\/\/bekkalokket.no\/wp-content\/uploads\/2023\/03\/HienLam_III_Nasjonaltfilmogfototreff2022-819x1024-1-240x300.jpg 240w, https:\/\/bekkalokket.no\/wp-content\/uploads\/2023\/03\/HienLam_III_Nasjonaltfilmogfototreff2022-819x1024-1-768x960.jpg 768w\" sizes=\"auto, (max-width: 819px) 100vw, 819px\" \/><\/a><figcaption class=\"wp-element-caption\"><a href=\"https:\/\/bekkalokket.no\/index.php\/2023\/03\/01\/workshop-i-videofilming-og-redigering-med-hien-lam\/\" target=\"_blank\" rel=\"noreferrer noopener\">Workshop v\u00e5ren 2023 <\/a><br><a href=\"https:\/\/bekkalokket.no\/index.php\/2023\/03\/01\/workshop-i-videofilming-og-redigering-med-hien-lam\/\" target=\"_blank\" rel=\"noreferrer noopener\">Videofilming og redigering med Hien Lam.<\/a><\/figcaption><\/figure>\n<\/div>\n<\/div>\n\n\n\n<p><\/p>\n\n\n\n<p><a href=\"https:\/\/bekkalokket.no\/index.php\/foredragsholdere\/\" target=\"_blank\" rel=\"noreferrer noopener\">Foredragsholdere i Bekkalokket Fotoklubb<\/a><\/p>\n\n\n\n<p><\/p>\n","protected":false},"excerpt":{"rendered":"<p>For deg som vil utvikle dine foto- og videokunnskaper Bekkalokket Fotoklubb inviterer \u00e5rlig klubbens medlemmer til \u00e5 bli med p\u00e5 l\u00e6rerike og sosiale inspirasjonshelger. Inspirasjonshelgene passer fint for b\u00e5de amat\u00f8rer og profesjonelle, som \u00f8nsker&#46;&#46;&#46;<\/p>\n","protected":false},"author":8,"featured_media":7735,"parent":0,"menu_order":0,"comment_status":"closed","ping_status":"closed","template":"","meta":{"footnotes":""},"class_list":["post-9431","page","type-page","status-publish","has-post-thumbnail","hentry"],"yoast_head":"<!-- This site is optimized with the Yoast SEO plugin v27.5 - https:\/\/yoast.com\/product\/yoast-seo-wordpress\/ -->\n<title>Inspirasjonshelger - Bekkalokket Fotoklubb<\/title>\n<meta name=\"description\" content=\"I en \u00e5rrekke har Bekkalokket Fotoklubb v\u00e6rt arrang\u00f8r av ulike inspirasjonshelger for klubbens medlemmer innen foto og film. Les mer!\" \/>\n<meta name=\"robots\" content=\"index, follow, max-snippet:-1, max-image-preview:large, max-video-preview:-1\" \/>\n<link rel=\"canonical\" href=\"https:\/\/bekkalokket.no\/index.php\/inspirasjonshelger\/\" \/>\n<meta property=\"og:locale\" content=\"nb_NO\" \/>\n<meta property=\"og:type\" content=\"article\" \/>\n<meta property=\"og:title\" content=\"Inspirasjonshelger - Bekkalokket Fotoklubb\" \/>\n<meta property=\"og:description\" content=\"I en \u00e5rrekke har Bekkalokket Fotoklubb v\u00e6rt arrang\u00f8r av ulike inspirasjonshelger for klubbens medlemmer innen foto og film. Les mer!\" \/>\n<meta property=\"og:url\" content=\"https:\/\/bekkalokket.no\/index.php\/inspirasjonshelger\/\" \/>\n<meta property=\"og:site_name\" content=\"Bekkalokket Fotoklubb\" \/>\n<meta property=\"article:modified_time\" content=\"2024-09-24T14:37:57+00:00\" \/>\n<meta property=\"og:image\" content=\"https:\/\/bekkalokket.no\/wp-content\/uploads\/2023\/10\/AURORA11.jpg\" \/>\n\t<meta property=\"og:image:width\" content=\"448\" \/>\n\t<meta property=\"og:image:height\" content=\"640\" \/>\n\t<meta property=\"og:image:type\" content=\"image\/jpeg\" \/>\n<meta name=\"twitter:card\" content=\"summary_large_image\" \/>\n<meta name=\"twitter:label1\" content=\"Ansl. lesetid\" \/>\n\t<meta name=\"twitter:data1\" content=\"3 minutter\" \/>\n<script type=\"application\/ld+json\" class=\"yoast-schema-graph\">{\"@context\":\"https:\\\/\\\/schema.org\",\"@graph\":[{\"@type\":\"WebPage\",\"@id\":\"https:\\\/\\\/bekkalokket.no\\\/index.php\\\/inspirasjonshelger\\\/\",\"url\":\"https:\\\/\\\/bekkalokket.no\\\/index.php\\\/inspirasjonshelger\\\/\",\"name\":\"Inspirasjonshelger - Bekkalokket Fotoklubb\",\"isPartOf\":{\"@id\":\"https:\\\/\\\/bekkalokket.no\\\/#website\"},\"primaryImageOfPage\":{\"@id\":\"https:\\\/\\\/bekkalokket.no\\\/index.php\\\/inspirasjonshelger\\\/#primaryimage\"},\"image\":{\"@id\":\"https:\\\/\\\/bekkalokket.no\\\/index.php\\\/inspirasjonshelger\\\/#primaryimage\"},\"thumbnailUrl\":\"https:\\\/\\\/bekkalokket.no\\\/wp-content\\\/uploads\\\/2023\\\/10\\\/AURORA11.jpg\",\"datePublished\":\"2024-09-23T14:43:30+00:00\",\"dateModified\":\"2024-09-24T14:37:57+00:00\",\"description\":\"I en \u00e5rrekke har Bekkalokket Fotoklubb v\u00e6rt arrang\u00f8r av ulike inspirasjonshelger for klubbens medlemmer innen foto og film. Les mer!\",\"breadcrumb\":{\"@id\":\"https:\\\/\\\/bekkalokket.no\\\/index.php\\\/inspirasjonshelger\\\/#breadcrumb\"},\"inLanguage\":\"nb-NO\",\"potentialAction\":[{\"@type\":\"ReadAction\",\"target\":[\"https:\\\/\\\/bekkalokket.no\\\/index.php\\\/inspirasjonshelger\\\/\"]}]},{\"@type\":\"ImageObject\",\"inLanguage\":\"nb-NO\",\"@id\":\"https:\\\/\\\/bekkalokket.no\\\/index.php\\\/inspirasjonshelger\\\/#primaryimage\",\"url\":\"https:\\\/\\\/bekkalokket.no\\\/wp-content\\\/uploads\\\/2023\\\/10\\\/AURORA11.jpg\",\"contentUrl\":\"https:\\\/\\\/bekkalokket.no\\\/wp-content\\\/uploads\\\/2023\\\/10\\\/AURORA11.jpg\",\"width\":448,\"height\":640,\"caption\":\"Inspirasjonshelg h\u00f8sten 2023 med Agnete Brun, og flere kjente fotografer for l\u00e6ring og inspirasjon. Arrang\u00f8r Bekkalokket Fotokubb.\"},{\"@type\":\"BreadcrumbList\",\"@id\":\"https:\\\/\\\/bekkalokket.no\\\/index.php\\\/inspirasjonshelger\\\/#breadcrumb\",\"itemListElement\":[{\"@type\":\"ListItem\",\"position\":1,\"name\":\"Home\",\"item\":\"https:\\\/\\\/bekkalokket.no\\\/\"},{\"@type\":\"ListItem\",\"position\":2,\"name\":\"Inspirasjonshelger\"}]},{\"@type\":\"WebSite\",\"@id\":\"https:\\\/\\\/bekkalokket.no\\\/#website\",\"url\":\"https:\\\/\\\/bekkalokket.no\\\/\",\"name\":\"Bekkalokket Fotoklubb\",\"description\":\"En sosial og aktiv fotoklubb i Bergen\",\"potentialAction\":[{\"@type\":\"SearchAction\",\"target\":{\"@type\":\"EntryPoint\",\"urlTemplate\":\"https:\\\/\\\/bekkalokket.no\\\/?s={search_term_string}\"},\"query-input\":{\"@type\":\"PropertyValueSpecification\",\"valueRequired\":true,\"valueName\":\"search_term_string\"}}],\"inLanguage\":\"nb-NO\"}]}<\/script>\n<!-- \/ Yoast SEO plugin. -->","yoast_head_json":{"title":"Inspirasjonshelger - Bekkalokket Fotoklubb","description":"I en \u00e5rrekke har Bekkalokket Fotoklubb v\u00e6rt arrang\u00f8r av ulike inspirasjonshelger for klubbens medlemmer innen foto og film. Les mer!","robots":{"index":"index","follow":"follow","max-snippet":"max-snippet:-1","max-image-preview":"max-image-preview:large","max-video-preview":"max-video-preview:-1"},"canonical":"https:\/\/bekkalokket.no\/index.php\/inspirasjonshelger\/","og_locale":"nb_NO","og_type":"article","og_title":"Inspirasjonshelger - Bekkalokket Fotoklubb","og_description":"I en \u00e5rrekke har Bekkalokket Fotoklubb v\u00e6rt arrang\u00f8r av ulike inspirasjonshelger for klubbens medlemmer innen foto og film. Les mer!","og_url":"https:\/\/bekkalokket.no\/index.php\/inspirasjonshelger\/","og_site_name":"Bekkalokket Fotoklubb","article_modified_time":"2024-09-24T14:37:57+00:00","og_image":[{"width":448,"height":640,"url":"https:\/\/bekkalokket.no\/wp-content\/uploads\/2023\/10\/AURORA11.jpg","type":"image\/jpeg"}],"twitter_card":"summary_large_image","twitter_misc":{"Ansl. lesetid":"3 minutter"},"schema":{"@context":"https:\/\/schema.org","@graph":[{"@type":"WebPage","@id":"https:\/\/bekkalokket.no\/index.php\/inspirasjonshelger\/","url":"https:\/\/bekkalokket.no\/index.php\/inspirasjonshelger\/","name":"Inspirasjonshelger - Bekkalokket Fotoklubb","isPartOf":{"@id":"https:\/\/bekkalokket.no\/#website"},"primaryImageOfPage":{"@id":"https:\/\/bekkalokket.no\/index.php\/inspirasjonshelger\/#primaryimage"},"image":{"@id":"https:\/\/bekkalokket.no\/index.php\/inspirasjonshelger\/#primaryimage"},"thumbnailUrl":"https:\/\/bekkalokket.no\/wp-content\/uploads\/2023\/10\/AURORA11.jpg","datePublished":"2024-09-23T14:43:30+00:00","dateModified":"2024-09-24T14:37:57+00:00","description":"I en \u00e5rrekke har Bekkalokket Fotoklubb v\u00e6rt arrang\u00f8r av ulike inspirasjonshelger for klubbens medlemmer innen foto og film. Les mer!","breadcrumb":{"@id":"https:\/\/bekkalokket.no\/index.php\/inspirasjonshelger\/#breadcrumb"},"inLanguage":"nb-NO","potentialAction":[{"@type":"ReadAction","target":["https:\/\/bekkalokket.no\/index.php\/inspirasjonshelger\/"]}]},{"@type":"ImageObject","inLanguage":"nb-NO","@id":"https:\/\/bekkalokket.no\/index.php\/inspirasjonshelger\/#primaryimage","url":"https:\/\/bekkalokket.no\/wp-content\/uploads\/2023\/10\/AURORA11.jpg","contentUrl":"https:\/\/bekkalokket.no\/wp-content\/uploads\/2023\/10\/AURORA11.jpg","width":448,"height":640,"caption":"Inspirasjonshelg h\u00f8sten 2023 med Agnete Brun, og flere kjente fotografer for l\u00e6ring og inspirasjon. Arrang\u00f8r Bekkalokket Fotokubb."},{"@type":"BreadcrumbList","@id":"https:\/\/bekkalokket.no\/index.php\/inspirasjonshelger\/#breadcrumb","itemListElement":[{"@type":"ListItem","position":1,"name":"Home","item":"https:\/\/bekkalokket.no\/"},{"@type":"ListItem","position":2,"name":"Inspirasjonshelger"}]},{"@type":"WebSite","@id":"https:\/\/bekkalokket.no\/#website","url":"https:\/\/bekkalokket.no\/","name":"Bekkalokket Fotoklubb","description":"En sosial og aktiv fotoklubb i Bergen","potentialAction":[{"@type":"SearchAction","target":{"@type":"EntryPoint","urlTemplate":"https:\/\/bekkalokket.no\/?s={search_term_string}"},"query-input":{"@type":"PropertyValueSpecification","valueRequired":true,"valueName":"search_term_string"}}],"inLanguage":"nb-NO"}]}},"_links":{"self":[{"href":"https:\/\/bekkalokket.no\/index.php\/wp-json\/wp\/v2\/pages\/9431","targetHints":{"allow":["GET"]}}],"collection":[{"href":"https:\/\/bekkalokket.no\/index.php\/wp-json\/wp\/v2\/pages"}],"about":[{"href":"https:\/\/bekkalokket.no\/index.php\/wp-json\/wp\/v2\/types\/page"}],"author":[{"embeddable":true,"href":"https:\/\/bekkalokket.no\/index.php\/wp-json\/wp\/v2\/users\/8"}],"replies":[{"embeddable":true,"href":"https:\/\/bekkalokket.no\/index.php\/wp-json\/wp\/v2\/comments?post=9431"}],"version-history":[{"count":29,"href":"https:\/\/bekkalokket.no\/index.php\/wp-json\/wp\/v2\/pages\/9431\/revisions"}],"predecessor-version":[{"id":9500,"href":"https:\/\/bekkalokket.no\/index.php\/wp-json\/wp\/v2\/pages\/9431\/revisions\/9500"}],"wp:featuredmedia":[{"embeddable":true,"href":"https:\/\/bekkalokket.no\/index.php\/wp-json\/wp\/v2\/media\/7735"}],"wp:attachment":[{"href":"https:\/\/bekkalokket.no\/index.php\/wp-json\/wp\/v2\/media?parent=9431"}],"curies":[{"name":"wp","href":"https:\/\/api.w.org\/{rel}","templated":true}]}}